{"id":5079,"date":"2022-06-22T17:23:07","date_gmt":"2022-06-22T17:23:07","guid":{"rendered":"https:\/\/puenteromano.net\/?page_id=5079"},"modified":"2022-06-22T17:23:07","modified_gmt":"2022-06-22T17:23:07","slug":"plan-de-recuperacion-2022","status":"publish","type":"page","link":"https:\/\/patrimonio.alospicos.com\/index.php\/plan-de-recuperacion-2022\/","title":{"rendered":"Plan de recuperaci\u00f3n 2022"},"content":{"rendered":"<p>[et_pb_section fb_built=\u00bb1&#8243; _builder_version=\u00bb4.17.4&#8243; _module_preset=\u00bbdefault\u00bb background_color=\u00bb#cccccc\u00bb global_colors_info=\u00bb{}\u00bb][et_pb_row _builder_version=\u00bb4.17.4&#8243; _module_preset=\u00bbdefault\u00bb global_colors_info=\u00bb{}\u00bb][et_pb_column type=\u00bb4_4&#8243; _builder_version=\u00bb4.17.4&#8243; _module_preset=\u00bbdefault\u00bb global_colors_info=\u00bb{}\u00bb][et_pb_blurb title=\u00bbPlan de Recuperaci\u00f3n\u00bb use_icon=\u00bbon\u00bb font_icon=\u00bb&#xf044;||fa||400&#8243; icon_color=\u00bb#FFFFFF\u00bb _builder_version=\u00bb4.17.4&#8243; _module_preset=\u00bbdefault\u00bb header_level=\u00bbh1&#8243; header_font=\u00bb|700|||||||\u00bb header_text_color=\u00bb#FFFFFF\u00bb global_colors_info=\u00bb{}\u00bb][\/et_pb_blurb][\/et_pb_column][\/et_pb_row][et_pb_row _builder_version=\u00bb4.17.4&#8243; _module_preset=\u00bbdefault\u00bb background_color=\u00bb#FFFFFF\u00bb custom_padding=\u00bb2px|20px|2px|20px|true|true\u00bb global_colors_info=\u00bb{}\u00bb][et_pb_column type=\u00bb4_4&#8243; _builder_version=\u00bb4.17.4&#8243; _module_preset=\u00bbdefault\u00bb global_colors_info=\u00bb{}\u00bb][et_pb_text _builder_version=\u00bb4.17.4&#8243; _module_preset=\u00bbdefault\u00bb hover_enabled=\u00bb0&#8243; global_colors_info=\u00bb{}\u00bb sticky_enabled=\u00bb0&#8243;]<\/p>\n<p class=\"p1\"><b><\/b><\/p>\n<p class=\"p1\"><b>FILOSOF\u00cdA, 1\u00ba DE BACHILLERATO, PLAN DE ACTIVIDADES DE RECUPERACI\u00d3N<\/b><b><\/b><\/p>\n<p class=\"p1\">El alumno s\u00f3lo tiene que abordar obligatoriamente la recuperaci\u00f3n de los contenidos curriculares pendientes no superados. No obstante, se detallan a continuaci\u00f3n todas las actividades de recuperaci\u00f3n, que pueden realizarse para subir la calificaci\u00f3n obtenida durante el curso.<\/p>\n<p class=\"p1\">El <b>trabajo de investigaci\u00f3n de Curso<\/b>, de no haberse entregado, contin\u00faa suponiendo un 25% de la calificaci\u00f3n global).<b><\/b><\/p>\n<p class=\"p1\"><b>PRIMERA EVALUACI\u00d3N <\/b>(25% de la calificaci\u00f3n global o 5 puntos distribuidos de acuerdo con los porcentajes parciales de cada evaluaci\u00f3n)<b><\/b><\/p>\n<p class=\"p1\"><b>1. Filosof\u00eda, ciencia y otros modelos de saber<\/b>:<b><\/b><\/p>\n<p class=\"p1\"><b>BLOQUE: DEL MITO AL PENSAMIENTO L\u00d3GICO<\/b><\/p>\n<p class=\"p3\"><span class=\"s1\"><a href=\"http:\/\/patrimonio.alospicos.com\/wp-content\/uploads\/2016\/09\/Introduccionenlamateria.pdf\">Introducci\u00f3n en la materia<\/a><\/span><span class=\"s2\"> (S\u00f3lo lectura)<\/span><\/p>\n<p class=\"p3\"><span class=\"s1\"><a href=\"http:\/\/patrimonio.alospicos.com\/wp-content\/uploads\/2016\/09\/Preguntasyproblemasdelafilosofia.pdf\">Preguntas y problemas de la filosof\u00eda<\/a> <\/span><span class=\"s2\">(S\u00f3lo lectura)<\/span><\/p>\n<p class=\"p1\"><span class=\"s3\"><a href=\"http:\/\/patrimonio.alospicos.com\/wp-content\/uploads\/2019\/09\/El-nacimiento-de-la-Filosofi%CC%81a.pdf\">El nacimiento de la Filosof\u00eda<\/a><\/span><span class=\"s4\"> <\/span>(CONTENIDO de examen, si no se presenta tarea de recuperaci\u00f3n)<\/p>\n<p class=\"p1\"><span class=\"s3\"><a href=\"http:\/\/patrimonio.alospicos.com\/wp-content\/uploads\/2016\/09\/MitodelMinotauro.pdf\">Mito\/Logos: El Minotauro<\/a><\/span><span class=\"s5\"> <\/span>(CONTENIDO de examen, si no se presenta tarea de recuperaci\u00f3n)<\/p>\n<p class=\"p1\">Ideas: geograf\u00eda, comercio y mitificaci\u00f3n; los \u201cseres excesivos\u201d; arquitectura, t\u00e9cnica y poder: h\u00e9roes y g\u00e9nero;<span class=\"Apple-converted-space\">\u00a0 <\/span>el hilo de la raz\u00f3n; la fatalidad;<\/p>\n<p class=\"p1\"><span class=\"s3\"><a href=\"http:\/\/patrimonio.alospicos.com\/wp-content\/uploads\/2018\/10\/Si%CC%81sifo-2.jpeg\">Mito\/Logos: S\u00edsifo<\/a><\/span> (CONTENIDO de examen, si no se presenta tarea de recuperaci\u00f3n)<\/p>\n<p class=\"p1\"><b>TAREA: <\/b>Elaboraci\u00f3n de un mito (de creaci\u00f3n propia) a partir de un elemento f\u00edsico del entorno del alumno, que responda a las caracter\u00edsticas del pensamiento fant\u00e1stico propio de los mitos o leyendas<b> (10%). NO SE ADMITEN IDEAS O FRAGMENTOS EXTRAIDOS DE INTERNET.<\/b><\/p>\n<p class=\"p1\">____________<\/p>\n<p class=\"p1\">BLOQUE \u201cPRESOCR\u00c1TICOS\u201d<\/p>\n<p class=\"p1\"><span class=\"s3\"><a href=\"http:\/\/patrimonio.alospicos.com\/wp-content\/uploads\/2016\/10\/Lafilosofiapresocratica.pdf\">Los Presocr\u00e1ticos<\/a> <\/span>(CONTENIDO de examen, si no se presenta tarea de recuperaci\u00f3n).<\/p>\n<p class=\"p1\"><b>TAREA DE RECUPERACI\u00d3N (10 %)<\/b>: esquematizaci\u00f3n del documento anterior de acuerdo con las siguientes pautas gr\u00e1ficas:<\/p>\n<p class=\"p1\">Corriente (no coincide con la Escuela, es m\u00e1s amplia)<\/p>\n<p class=\"p1\">Escuela<\/p>\n<p class=\"p1\">Pensador<\/p>\n<p class=\"p1\">Ciudad<\/p>\n<p class=\"p1\">Ideas fundamentales<\/p>\n<p class=\"p1\">Valoraci\u00f3n o impresi\u00f3n personal del alumno (dos o tres l\u00edneas)<\/p>\n<p class=\"p1\">___________________<\/p>\n<p class=\"p1\"><b>BLOQUE S\u00d3CRATES<\/b><\/p>\n<p class=\"p1\"><span class=\"s3\"><a href=\"http:\/\/patrimonio.alospicos.com\/wp-content\/uploads\/2017\/10\/Viva-S%C3%B3crates-de-A.-Garc%C3%ADa-Calvo.pdf\">\u201cViva S\u00f3crates\u201d<\/a><\/span> de Agust\u00edn Garcia Calvo<span class=\"Apple-converted-space\">\u00a0 <\/span>(CONTENIDO de examen, si no se presenta tarea de recuperaci\u00f3n)<\/p>\n<p class=\"p1\">Texto de apoyo: \u201c<a href=\"http:\/\/patrimonio.alospicos.com\/wp-content\/uploads\/2019\/10\/So%CC%81crates-de-A.-Garci%CC%81a-Calvo.pdf\"><span class=\"s3\">S\u00f3crates<\/span><\/a>\u201c, de A. Garc\u00eda Calvo, Salvat.<span class=\"Apple-converted-space\">\u00a0 <\/span>(CONTENIDO de examen, si no se presenta tarea de recuperaci\u00f3n)<\/p>\n<p class=\"p1\">Audio-video de apoyo: <a href=\"https:\/\/youtu.be\/qv-TXz0qc7g\"><span class=\"s3\">Filosof\u00eda de S\u00f3crates<\/span><\/a>, de Lluna Pineda (Youtube)<\/p>\n<p class=\"p1\">Breve texto del profesor: <a href=\"http:\/\/patrimonio.alospicos.com\/wp-content\/uploads\/2019\/10\/So%CC%81crates-en-el-establo.pdf\"><span class=\"s3\">S\u00f3crates en el establo<\/span><\/a><span class=\"Apple-converted-space\">\u00a0 <\/span>(CONTENIDO de examen, si no se presenta tarea de recuperaci\u00f3n)<\/p>\n<p class=\"p1\"><b>TAREA (10%)<\/b>: Texto propio del alumno, con la extensi\u00f3n de una cara de una hoja (realizado en word, times new roman a 12 puntos interlineado de 1,5), donde se describa una situaci\u00f3n del entorno habitual de un joven de hoy en el que se aplique o recuerde el pensamiento y conciencia de S\u00f3crates. Es decir, describir una situaci\u00f3n actual en la que la actitud o valores recuerden al pensador ateniense. Se valorar\u00e1 la libertad\/originalidad creativa, imaginaci\u00f3n y calidad en la redacci\u00f3n del texto.<\/p>\n<p class=\"p1\">___________<b><\/b><\/p>\n<p class=\"p1\"><b>2. Filosof\u00eda como racionalidad te\u00f3rica: verdad y realidad<\/b><b><\/b><\/p>\n<p class=\"p1\"><b>BLOQUE: VERDAD Y REALIDAD<\/b><\/p>\n<p class=\"p3\"><span class=\"s1\"><a href=\"http:\/\/patrimonio.alospicos.com\/wp-content\/uploads\/2016\/09\/RealidadyficcionLasruinascirculares.pdf\">Realidad y ficci\u00f3n (Borges)<\/a><\/span><span class=\"s2\"> (LECTURA)<\/span><\/p>\n<p class=\"p3\"><span class=\"s1\"><a href=\"http:\/\/patrimonio.alospicos.com\/wp-content\/uploads\/2016\/09\/VerdadyrealidadEsquema.pdf\">Verdad y realidad, esquema de apoyo<\/a><\/span><span class=\"s2\"> \/LECTURA)<\/span><\/p>\n<p class=\"p1\"><span class=\"s3\"><a href=\"http:\/\/patrimonio.alospicos.com\/wp-content\/uploads\/2016\/09\/PlatonLasIdeasyLasCosas.pdf\">Plat\u00f3n, las ideas y las cosas<\/a><\/span><span class=\"Apple-converted-space\">\u00a0 <\/span>(CONTENIDO de examen, si no se presenta tarea de recuperaci\u00f3n)<\/p>\n<p class=\"p1\"><span class=\"s3\"><a href=\"http:\/\/patrimonio.alospicos.com\/wp-content\/uploads\/2016\/11\/Plat%C3%B3n-reminsicencia-y-orfismo.pdf\">Plat\u00f3n, reminiscencia y orfismo<\/a><\/span><span class=\"Apple-converted-space\">\u00a0 <\/span>(CONTENIDO de examen, si no se presentan las tareas de recuperaci\u00f3n)<\/p>\n<p class=\"p1\">Plat\u00f3n, alegor\u00eda de La Caverna:<\/p>\n<p class=\"p1\"><span class=\"s3\"><a href=\"http:\/\/patrimonio.alospicos.com\/wp-content\/uploads\/2018\/10\/Platon-El-mito-de-la-caverna.pdf\">Texto e introducci\u00f3n<\/a><\/span> (texto con ilustraci\u00f3n, para leer online)<span class=\"Apple-converted-space\">\u00a0 <\/span>(CONTENIDO de examen, si no se presenta tarea de recuperaci\u00f3n)<\/p>\n<p class=\"p1\"><span class=\"s3\"><a href=\"http:\/\/patrimonio.alospicos.com\/wp-content\/uploads\/2018\/10\/Plato%CC%81n-alegori%CC%81a-de-La-Caverna.pdf\">PDF para descargar<\/a><\/span> (texto en dos hojas, para imprimir)<span class=\"Apple-converted-space\">\u00a0 <\/span>(CONTENIDO de examen, si no se presenta tarea de recuperaci\u00f3n)<\/p>\n<p class=\"p1\">__________________<\/p>\n<p class=\"p1\"><b>BLOQUE VERDAD Y CONOCIMIENTO<\/b><\/p>\n<p class=\"p1\">El problema de los (conceptos) Universales, o el de la relaci\u00f3n entre las ideas y las cosas<\/p>\n<p class=\"p1\"><span class=\"s3\"><a href=\"http:\/\/patrimonio.alospicos.com\/wp-content\/uploads\/2016\/09\/Elnombredelarosa.pdf\">El nombre de la \u201crosa\u201d<\/a><\/span><span class=\"Apple-converted-space\">\u00a0 <\/span>(CONTENIDO de examen, si no se presenta tarea de recuperaci\u00f3n)<\/p>\n<p class=\"p1\">La Modernidad: c\u00f3mo conocer con garant\u00edas<\/p>\n<p class=\"p1\"><span class=\"s3\"><a href=\"http:\/\/patrimonio.alospicos.com\/wp-content\/uploads\/2016\/09\/RazonyExperiencia.pdf\">Raz\u00f3n y experiencia: la g\u00e9nesis del m\u00e9todo cient\u00edfico<\/a><\/span><span class=\"Apple-converted-space\">\u00a0 <\/span>(CONTENIDO de examen, si no se presenta tarea de recuperaci\u00f3n)<\/p>\n<p class=\"p1\"><span class=\"s1\"><a href=\"http:\/\/patrimonio.alospicos.com\/wp-content\/uploads\/2018\/12\/Razo%CC%81n-vs-Experiencia-b-Olaya-Guerrero.jpg\">Ilustraci\u00f3n de O. Guerrero<\/a><\/span> (VER)<\/p>\n<p class=\"p1\"><b>TAREA CONOCIMIENTO Y REALIDAD. MAPA CONCEPTUAL (10%)<\/b>: Elaboraci\u00f3n de un mapa conceptual o de un esquema (en una cara de una hoja; puede tomarse como ayuda la ilustrac\u00edon de O. Gerrero) que englobe los planteamientos relativos a:<\/p>\n<p class=\"p1\">la concepci\u00f3n de la realidad desde el punto de vista del \u201cproblema de los universales\u201d (Texto de <i>El Nombre de la Rosa<\/i>)<\/p>\n<p class=\"p1\">la concepci\u00f3n de la realidad del racionalismo<\/p>\n<p class=\"p1\">la concepci\u00f3n de la realidad del empirismo<\/p>\n<p class=\"p1\">la posici\u00f3n kantiana<\/p>\n<p class=\"p1\">_______________________<\/p>\n<p class=\"p1\">BLOQUE: MUNDO CONTEMPOR\u00c1NEO: la p\u00e9rdida de la inocencia<\/p>\n<p class=\"p1\"><span class=\"s3\"><a href=\"http:\/\/patrimonio.alospicos.com\/wp-content\/uploads\/2016\/09\/Filosofosdelasospecha.pdf\">Los Fil\u00f3sofos de la Sospecha, texto general<\/a><\/span><span class=\"Apple-converted-space\">\u00a0 <\/span>(CONTENIDO de examen, si no se presentan tareas de recuperaci\u00f3n)<\/p>\n<p class=\"p1\">La verdad y el poder. Debate en clase a partir del documento \u201c<a href=\"http:\/\/patrimonio.alospicos.com\/wp-content\/uploads\/2016\/11\/La-verdad-es-la-verdad.pdf\"><span class=\"s3\">La verdad es la verdad<\/span><\/a>\u201d (Texto de S. Ferlosio)<span class=\"Apple-converted-space\">\u00a0 <\/span>(CONTENIDO de examen, si no se presenta tarea de recuperaci\u00f3n)<\/p>\n<p class=\"p1\"><span class=\"s1\"><a href=\"http:\/\/patrimonio.alospicos.com\/index.php\/2019\/11\/25\/verdad-y-media\/\">Verdad y Media: el fotoperiodismo<\/a><\/span> (VER)<\/p>\n<p class=\"p1\"><b>TAREA. CONTEXTUALIZACI\u00d3N DE LOS FIL\u00d3SOFOS DE LA SOSPECHA (10%)<\/b>. Elaboraci\u00f3n de un documento en el que figure informaci\u00f3n contextual (periodo hist\u00f3rico, sociedad, circunstancias personales, etc) de los pensadores Nietzsche, Marx y Freud. Extensi\u00f3n: una hoja por ambas caras (en word, letra times new roman de 12 puntos, interlineado de 1,5. <b>NO SE ACEPTAN TEXTOS RECORTADOS PROCEDENTES DE INTERNET<\/b>)<b><\/b><\/p>\n<p class=\"p1\"><b>3. Filosof\u00eda como racionalidad pr\u00e1ctica:<\/b><\/p>\n<p class=\"p1\"><span class=\"s3\"><a href=\"http:\/\/patrimonio.alospicos.com\/wp-content\/uploads\/2016\/09\/LaDemocraciaAteniense.pdf\">La democracia ateniense<\/a><\/span><span class=\"Apple-converted-space\">\u00a0 <\/span>(CONTENIDO de examen, si no se presentan las tareas de recuperaci\u00f3n anteriores)<\/p>\n<p class=\"p3\"><span class=\"s1\"><a href=\"http:\/\/patrimonio.alospicos.com\/wp-content\/uploads\/2016\/09\/DemocraciayLenguaje.pdf\">Democracia y lenguaje<\/a> (LEER)<\/span><\/p>\n<p class=\"p3\"><span class=\"s1\"><a href=\"http:\/\/patrimonio.alospicos.com\/wp-content\/uploads\/2016\/09\/DerechoRomano.pdf\">Derecho romano<\/a><span class=\"Apple-converted-space\">\u00a0 <\/span>(LEER)<\/span><\/p>\n<p class=\"p1\"><b>SEGUNDA EVALUACI\u00d3N<\/b><\/p>\n<p class=\"p1\">(25% de la calificaci\u00f3n global o 5 puntos distribuidos de acuerdo con los porcentajes parciales de cada evaluaci\u00f3n).<\/p>\n<p class=\"p1\">__________________<\/p>\n<p class=\"p1\"><b>Bloque 3. El ser humano: persona y sociedad<\/b><\/p>\n<p class=\"p1\"><strong>La dimensi\u00f3n biol\u00f3gica: evoluci\u00f3n y hominizaci\u00f3n.<\/strong><\/p>\n<p class=\"p1\"><span class=\"s3\"><a href=\"https:\/\/www.eldiario.es\/sociedad\/MRD-craneo-cambiando-creiamos-evolucion_0_940706021.html\">Australopitecos<\/a><\/span>, el estado de la investigaci\u00f3n: <b>TAREA: <\/b>Esquema manuscrito. (<b>0\u00b45 %<\/b>)(CONTENIDO de examen, si no se presenta tarea de recuperaci\u00f3n) Fuente: Haile-Selassie, Y., Melillo, S.M., Vazzana, A. et al. <i>A 3.8-million-year-old hominin cranium from Woranso-Mille, Ethiopia<\/i>. Nature 573, 214\u2013219 (2019) doi:10.1038\/s41586-019-1513-8 (LECTURA)<\/p>\n<p class=\"p1\"><span class=\"s3\"><a href=\"https:\/\/metode.es\/revistas-metode\/monograficos\/levolucio-genere-homo.html\">El g\u00e9nero \u201cHomo\u201d<\/a>.<\/span><span class=\"Apple-converted-space\">\u00a0 <\/span><b>TAREA: <\/b>Esquema manuscrito. (<b>0\u00b45 %<\/b>). (CONTENIDO de examen, si no se presenta tarea de recuperaci\u00f3n)<\/p>\n<p class=\"p1\"><strong>El Hombre moderno (Sapiens)<\/strong><\/p>\n<p class=\"p3\"><span class=\"s1\"><a href=\"http:\/\/patrimonio.alospicos.com\/wp-content\/uploads\/2019\/12\/El-Homo-Sapiens-en-%C3%81frica-A.-Matilla-El-Mundo.jpg\">Expansi\u00f3n desde \u00c1frica, mapa<\/a><\/span><span class=\"s2\"> (CONSULTA)<\/span><\/p>\n<p class=\"p3\"><span class=\"s1\"><a href=\"http:\/\/patrimonio.alospicos.com\/index.php\/2019\/12\/10\/homo-sapiens-tempranos-en-eurasia\/\">Homo Sapiens tempranos en Eurasia<\/a><\/span><span class=\"s2\"> (LECTURA)<\/span><\/p>\n<p class=\"p1\"><strong>El lenguaje y la evoluci\u00f3n<\/strong>:<\/p>\n<p class=\"p1\"><span class=\"s3\"><a href=\"http:\/\/patrimonio.alospicos.com\/wp-content\/uploads\/2020\/01\/Lewin-La-evolucio%CC%81n-del-lenguaje.pdf\">Evoluci\u00f3n y lenguaje<\/a><\/span>. <b>TAREA: <\/b>PDF con diez consideraciones o ideas propias, personales. se recomienda realizar la lectura con un papel y boli al lado, para ir anotando las ideas que le surjan al alumno con la lectura. La originalidad es muy valorable, se piden reflexiones personales, no se pide un resumen. (<b>10%<\/b>) (CONTENIDO de examen, si no se presenta tarea de recuperaci\u00f3n)<\/p>\n<p class=\"p3\"><span class=\"s1\"><a href=\"https:\/\/www.dailymotion.com\/video\/x2lima6\">El lenguaje de los monos vervet ante el peligro<\/a> <\/span><span class=\"s2\">(VISUALIZACI\u00d3N)<\/span><\/p>\n<p class=\"p1\"><strong>La dimensi\u00f3n sociocultural: humanizaci\u00f3n, individuo y ser social. Relaci\u00f3n naturaleza-cultura.<\/strong><\/p>\n<p class=\"p1\"><span class=\"Apple-tab-span\"> <\/span><a href=\"https:\/\/www.investigacionyciencia.es\/noticias\/el-origen-evolutivo-del-color-de-la-piel-15820\"><span class=\"s3\">Sobre el color de la piel<\/span><\/a>\u00a0<b>TAREA: <\/b>Esquema manuscrito. (<b>0\u00b45 %<\/b>)<\/p>\n<p class=\"p3\"><span class=\"s2\"><span class=\"Apple-tab-span\"> <\/span><a href=\"https:\/\/ellipse.prbb.org\/es\/descifrando-el-mosaico-genetico-de-los-ultimos-8-000-anos-en-la-peninsula-iberica\/\"><span class=\"s3\">Descifrando el mosaico gen\u00e9tico de los \u00faltimos 8.000 a\u00f1os en la Pen\u00ednsula Ib\u00e9rica<\/span><\/a> <span class=\"Apple-tab-span\"> <\/span><span class=\"Apple-tab-span\"> <\/span><span class=\"Apple-tab-span\"> <\/span>(LECTURA. CONTENIDO de examen, si no se presenta tarea de recuperaci\u00f3n)<\/span><\/p>\n<p class=\"p1\"><span class=\"Apple-tab-span\"> <\/span><strong>Cazadores<\/strong><\/p>\n<p class=\"p1\"><span class=\"s3\"><a href=\"https:\/\/youtu.be\/_f8J9NRchOE\">Nanook del Norte, documental<\/a><\/span>\u00a0de\u00a0Robert J. Flaherty (1922). Primer documental de la historia del cine (1h. 15 min). Elaborar un esquema doble con, al menos, 10 elementos culturales y 10 naturales de los episodios o hechos que acontecen en la pel\u00edcula<\/p>\n<p class=\"p1\"><span class=\"s3\"><a href=\"https:\/\/www.eldiario.es\/socios\/Angry-Inuk-documental-focas-Inuit_6_990110994.html\">Angry Inuk<\/a><\/span> (Inuit enfadado, 2016), art\u00edculo sobre el documental en El Diario (SOLO LECTURA)<\/p>\n<p class=\"p1\"><span class=\"s3\"><a href=\"https:\/\/doi.org\/10.1126\/science.aav4040\">Antiguos y nuevos \u201cpobladores ib\u00e9ricos\u201d<\/a><\/span> (en ingl\u00e9s, s\u00f3lo lectura. <a href=\"https:\/\/ellipse.prbb.org\/es\/descifrando-el-mosaico-genetico-de-los-ultimos-8-000-anos-en-la-peninsula-iberica\/\"><span class=\"s3\">En castellano<\/span><\/a>, (LECTURA. CONTENIDO de examen, si no se presenta tarea de recuperaci\u00f3n)<\/p>\n<p class=\"p1\"><strong>De cazadores a pastores en la pen\u00ednsula<\/strong>. (opcional: <a href=\"http:\/\/patrimonio.alospicos.com\/wp-content\/uploads\/2020\/01\/Neol%C3%ADtico-y-poblaci%C3%B3n-ib%C3%A9rica.pdf\"><span class=\"s3\">art\u00edculo de Cristina Valdiosera<\/span><\/a><span class=\"s3\"> <\/span>et al.)<\/p>\n<p class=\"p1\"><span class=\"s3\"><a href=\"http:\/\/patrimonio.alospicos.com\/wp-content\/uploads\/2017\/09\/Pastores-de-Los-Picos-introducci%C3%B3n.pdf\">Pastores de Los Picos de Europa<\/a><\/span><span class=\"Apple-converted-space\">\u00a0 <\/span>(LECTURA. CONTENIDO de examen, si no se presenta tarea de recuperaci\u00f3n)<span class=\"Apple-converted-space\">\u00a0<\/span><\/p>\n<p class=\"p1\"><b>TAREA: A ELEGIR UNA ENTRE LAS DOS SIGUIENTES:<\/b><\/p>\n<p class=\"p1\"><b><span class=\"Apple-tab-span\"> <\/span>A. Entrevista<\/b><span class=\"Apple-converted-space\">\u00a0 <\/span>por correo electr\u00f3nico o tel\u00e9fono a un ganadero o artesano de la <span class=\"Apple-tab-span\"> <\/span><span class=\"Apple-tab-span\"> <\/span><span class=\"Apple-tab-span\"> <\/span><span class=\"Apple-tab-span\"> <\/span>comarca, de acuerdo <span class=\"Apple-tab-span\"> <\/span>con el <a href=\"http:\/\/patrimonio.alospicos.com\/wp-content\/uploads\/2020\/03\/Encuesta-Naturaleza-y-Cultura.pdf\"><span class=\"s3\">Cuestionario disponible aqu\u00ed<\/span><\/a>. Haced s\u00f3lo una de las <span class=\"Apple-tab-span\"> <\/span><span class=\"Apple-tab-span\"> <\/span><span class=\"Apple-tab-span\"> <\/span>encuestas (Extensi\u00f3n m\u00ednima: pdf de 2 p\u00e1ginas (<b>10%<\/b>).<\/p>\n<p class=\"p1\"><b>B. Nueva hoja<\/b> de Registro: elaboraci\u00f3n de una nueva\u00a0<a href=\"https:\/\/investiga.puenteromano.net\/index.php\/hoja-de-registro\/\"><span class=\"s3\">hoja de registro<\/span><\/a>\u00a0(con publicaci\u00f3n en formato \u00ab<b>web<\/b>\u00bb) sobre un bien patrimonial en la intersecci\u00f3n \u00abnaturaleza-cultura\u00bb. (<b>10%. Ojo: hay que elegir entre la web o la entrevista<\/b>).<\/p>\n<p class=\"p1\"><strong>El patrimonio cultural intangible<\/strong>:<\/p>\n<p class=\"p1\"><span class=\"s3\"><a href=\"http:\/\/patrimonio.alospicos.com\/wp-content\/uploads\/2017\/01\/La-defensa-de-las-culturas-amenazadas-J-Goytisolo.pdf\">La defensa de las culturas amenazadas<\/a><\/span>, de Juan Goytisolo (CONTENIDO de examen, si no se presentan tareas de recuperaci\u00f3n).<b><\/b><\/p>\n<p class=\"p1\"><b>Bloque 4. Filosof\u00eda moral y pol\u00edtica.<\/b><\/p>\n<p class=\"p1\"><b><span class=\"Apple-tab-span\"> <\/span><\/b><a href=\"http:\/\/patrimonio.alospicos.com\/wp-content\/uploads\/2017\/01\/Acci%C3%B3n-moral-libertad-y-responsabilidad.pdf\"><span class=\"s3\">Los fundamentos de la acci\u00f3n moral: libertad y responsabilidad<\/span><\/a>.<b> <\/b>(Esquema <span class=\"Apple-tab-span\"> <\/span><span class=\"Apple-tab-span\"> <\/span><span class=\"Apple-tab-span\"> <\/span><span class=\"Apple-tab-span\"> <\/span>manuscrito. Extensi\u00f3n orientativa: 4 p\u00e1ginas. CONTENIDO de examen, si no se <span class=\"Apple-tab-span\"> <\/span><span class=\"Apple-tab-span\"> <\/span><span class=\"Apple-tab-span\"> <\/span><span class=\"Apple-tab-span\"> <\/span>presentan tareas de recuperaci\u00f3n.<b> (10%).<\/b><\/p>\n<p class=\"p1\"><b><span class=\"Apple-tab-span\"> <\/span><\/b><a href=\"http:\/\/patrimonio.alospicos.com\/wp-content\/uploads\/2017\/02\/Rawls-y-su-22teor%C3%ADa-de-la-justicia22.pdf\"><span class=\"s3\">Rawls y su \u00abteor\u00eda de la justicia\u00bb<\/span><\/a>. Las teor\u00edas \u00e9ticas ante los retos de la sociedad <span class=\"Apple-tab-span\"> <\/span><span class=\"Apple-tab-span\"> <\/span><span class=\"Apple-tab-span\"> <\/span>actual: \u00e9ticas de la felicidad y \u00e9ticas de la justicia.<b> <\/b>El debate Rawls\/Van Parijs y el <span class=\"Apple-tab-span\"> <\/span><span class=\"Apple-tab-span\"> <\/span><span class=\"Apple-tab-span\"> <\/span>surfista de Malib\u00fa: (Esquema manuscrito<b> 0,5%).<\/b><\/p>\n<p class=\"p1\"><b>TERCERA EVALUACI\u00d3N <\/b>(25% de la calificaci\u00f3n global o 5 puntos distribuidos de acuerdo con los porcentajes parciales de cada evaluaci\u00f3n).<\/p>\n<p class=\"p1\">Los contenidos correspondientes a esta 3\u00aa Evaluaci\u00f3n (\u00c1rea de L\u00f3gica) no superados se acreditar\u00e1n <b>exclusivamente mediante la realizaci\u00f3n de la prueba extraordinaria<\/b> sobre:<\/p>\n<p class=\"p4\"><span class=\"Apple-tab-span\"> <\/span>Lenguaje natural y lenguaje formal: formalizaci\u00f3n de enunciados.<br \/><span class=\"Apple-tab-span\"> <\/span>Expresiones equivalentes. Interdefinici\u00f3n de expresiones.<br \/><span class=\"Apple-tab-span\"> <\/span>L\u00f3gica de enunciados (o L\u00f3gica Proposicional).\u00a0La deducci\u00f3n natural.<br \/><span class=\"Apple-tab-span\"> <\/span>L\u00f3gica de clases. Diagramas de Venn.<\/p>\n<p class=\"p4\"><b>L\u00f3gica: aplicaciones y textos de ayuda<\/b>.<\/p>\n<p class=\"p4\"><span class=\"Apple-tab-span\"> <\/span><a href=\"http:\/\/patrimonio.alospicos.com\/wp-content\/uploads\/2017\/04\/LogicaDeduccionNatural.pdf\"><span class=\"s3\">Deducci\u00f3n natural<\/span><\/a>: PDF con los conceptos fundamentales de la \u00abDeducci\u00f3n natural\u00bb<\/p>\n<p class=\"p4\"><span class=\"Apple-tab-span\"> <\/span><a href=\"http:\/\/ntic.educacion.es\/w3\/\/eos\/MaterialesEducativos\/mem2003\/logica\/\"><span class=\"s3\">Aplicaci\u00f3n interactiva<\/span><\/a>: aplicaci\u00f3n de car\u00e1cter general, muy detallada.<\/p>\n<p class=\"p4\"><span class=\"Apple-tab-span\"> <\/span><a href=\"http:\/\/patrimonio.alospicos.com\/wp-content\/uploads\/2017\/04\/L%C3%B3gica-paso-a-paso.pdf\"><span class=\"s3\">L\u00f3gica proposicional<\/span><\/a>: PDF completo, para entender paso a paso todos los conceptos <span class=\"Apple-tab-span\"> <\/span><span class=\"Apple-tab-span\"> <\/span><span class=\"Apple-tab-span\"> <\/span>fundamentales de la L\u00f3gica Proposicional<\/p>\n<p class=\"p1\"><b>L\u00d3GICA-IMPORTANTE<\/b>: antes de que comience el verano (hasta los primeros d\u00edas de julio), estar\u00e9 a vuestra disposici\u00f3n en el Instituto, sobre las 11, para repasar y superar los contenidos de L\u00f3gica.<\/p>\n<p class=\"p1\">Y ya sab\u00e9is, cualquier duda pod\u00e9is consultarla a trav\u00e9s de mi correo: <a href=\"mailto:gonzalobd@educastur.org\"><span class=\"s3\">gonzalobd@educastur.org<\/span><\/a>.<\/p>\n<p>[\/et_pb_text][\/et_pb_column][\/et_pb_row][\/et_pb_section]<\/p>\n","protected":false},"excerpt":{"rendered":"<p>[et_pb_section fb_built=\u00bb1&#8243; _builder_version=\u00bb4.17.4&#8243; _module_preset=\u00bbdefault\u00bb background_color=\u00bb#cccccc\u00bb global_colors_info=\u00bb{}\u00bb][et_pb_row _builder_version=\u00bb4.17.4&#8243; _module_preset=\u00bbdefault\u00bb global_colors_info=\u00bb{}\u00bb][et_pb_column type=\u00bb4_4&#8243; _builder_version=\u00bb4.17.4&#8243; _module_preset=\u00bbdefault\u00bb global_colors_info=\u00bb{}\u00bb][et_pb_blurb title=\u00bbPlan de Recuperaci\u00f3n\u00bb use_icon=\u00bbon\u00bb font_icon=\u00bb&#xf044;||fa||400&#8243; icon_color=\u00bb#FFFFFF\u00bb _builder_version=\u00bb4.17.4&#8243; _module_preset=\u00bbdefault\u00bb header_level=\u00bbh1&#8243; header_font=\u00bb|700|||||||\u00bb header_text_color=\u00bb#FFFFFF\u00bb global_colors_info=\u00bb{}\u00bb][\/et_pb_blurb][\/et_pb_column][\/et_pb_row][et_pb_row _builder_version=\u00bb4.17.4&#8243; _module_preset=\u00bbdefault\u00bb background_color=\u00bb#FFFFFF\u00bb custom_padding=\u00bb2px|20px|2px|20px|true|true\u00bb global_colors_info=\u00bb{}\u00bb][et_pb_column type=\u00bb4_4&#8243; _builder_version=\u00bb4.17.4&#8243; _module_preset=\u00bbdefault\u00bb global_colors_info=\u00bb{}\u00bb][et_pb_text _builder_version=\u00bb4.17.4&#8243; _module_preset=\u00bbdefault\u00bb hover_enabled=\u00bb0&#8243; global_colors_info=\u00bb{}\u00bb sticky_enabled=\u00bb0&#8243;] FILOSOF\u00cdA, 1\u00ba DE BACHILLERATO, PLAN DE ACTIVIDADES DE RECUPERACI\u00d3N El alumno s\u00f3lo tiene que abordar obligatoriamente [&hellip;]<\/p>\n","protected":false},"author":1,"featured_media":0,"parent":0,"menu_order":0,"comment_status":"closed","ping_status":"closed","template":"","meta":{"_et_pb_use_builder":"on","_et_pb_old_content":"","_et_gb_content_width":"","footnotes":""},"class_list":["post-5079","page","type-page","status-publish","hentry"],"_links":{"self":[{"href":"https:\/\/patrimonio.alospicos.com\/index.php\/wp-json\/wp\/v2\/pages\/5079","targetHints":{"allow":["GET"]}}],"collection":[{"href":"https:\/\/patrimonio.alospicos.com\/index.php\/wp-json\/wp\/v2\/pages"}],"about":[{"href":"https:\/\/patrimonio.alospicos.com\/index.php\/wp-json\/wp\/v2\/types\/page"}],"author":[{"embeddable":true,"href":"https:\/\/patrimonio.alospicos.com\/index.php\/wp-json\/wp\/v2\/users\/1"}],"replies":[{"embeddable":true,"href":"https:\/\/patrimonio.alospicos.com\/index.php\/wp-json\/wp\/v2\/comments?post=5079"}],"version-history":[{"count":0,"href":"https:\/\/patrimonio.alospicos.com\/index.php\/wp-json\/wp\/v2\/pages\/5079\/revisions"}],"wp:attachment":[{"href":"https:\/\/patrimonio.alospicos.com\/index.php\/wp-json\/wp\/v2\/media?parent=5079"}],"curies":[{"name":"wp","href":"https:\/\/api.w.org\/{rel}","templated":true}]}}