{"id":5120,"date":"2022-09-12T07:06:29","date_gmt":"2022-09-12T07:06:29","guid":{"rendered":"https:\/\/puenteromano.net\/?page_id=5120"},"modified":"2022-09-12T07:06:29","modified_gmt":"2022-09-12T07:06:29","slug":"fa-21-22","status":"publish","type":"page","link":"https:\/\/patrimonio.alospicos.com\/index.php\/fa-21-22\/","title":{"rendered":"F\u00aa 21-22"},"content":{"rendered":"<p>[et_pb_section fb_built=\u00bb1&#8243; inner_shadow=\u00bbon\u00bb fullwidth=\u00bbon\u00bb custom_padding_last_edited=\u00bbon|desktop\u00bb admin_label=\u00bbsection\u00bb _builder_version=\u00bb4.18.0&#8243; background_color=\u00bb#8c8c8c\u00bb custom_padding_tablet=\u00bb50px|0|50px|0&#8243; custom_padding_phone=\u00bb\u00bb hover_enabled=\u00bb0&#8243; padding_mobile=\u00bboff\u00bb global_colors_info=\u00bb{}\u00bb sticky_enabled=\u00bb0&#8243;][et_pb_fullwidth_header title=\u00bbFilosof\u00eda 2021-2022&#8243; subhead=\u00bb1\u00ba de Bachillerato\u00bb admin_label=\u00bbFullwidth Header\u00bb _builder_version=\u00bb4.16&#8243; background_color=\u00bbrgba(255, 255, 255, 0)\u00bb link_option_url_new_window=\u00bbon\u00bb global_colors_info=\u00bb{}\u00bb button_one_text_size__hover_enabled=\u00bboff\u00bb button_one_text_size__hover=\u00bbnull\u00bb button_two_text_size__hover_enabled=\u00bboff\u00bb button_two_text_size__hover=\u00bbnull\u00bb button_one_text_color__hover_enabled=\u00bboff\u00bb button_one_text_color__hover=\u00bbnull\u00bb button_two_text_color__hover_enabled=\u00bboff\u00bb button_two_text_color__hover=\u00bbnull\u00bb button_one_border_width__hover_enabled=\u00bboff\u00bb button_one_border_width__hover=\u00bbnull\u00bb button_two_border_width__hover_enabled=\u00bboff\u00bb button_two_border_width__hover=\u00bbnull\u00bb button_one_border_color__hover_enabled=\u00bboff\u00bb button_one_border_color__hover=\u00bbnull\u00bb button_two_border_color__hover_enabled=\u00bboff\u00bb button_two_border_color__hover=\u00bbnull\u00bb button_one_border_radius__hover_enabled=\u00bboff\u00bb button_one_border_radius__hover=\u00bbnull\u00bb button_two_border_radius__hover_enabled=\u00bboff\u00bb button_two_border_radius__hover=\u00bbnull\u00bb button_one_letter_spacing__hover_enabled=\u00bboff\u00bb button_one_letter_spacing__hover=\u00bbnull\u00bb button_two_letter_spacing__hover_enabled=\u00bboff\u00bb button_two_letter_spacing__hover=\u00bbnull\u00bb button_one_bg_color__hover_enabled=\u00bboff\u00bb button_one_bg_color__hover=\u00bbnull\u00bb button_two_bg_color__hover_enabled=\u00bboff\u00bb button_two_bg_color__hover=\u00bbnull\u00bb][\/et_pb_fullwidth_header][\/et_pb_section][et_pb_section fb_built=\u00bb1&#8243; specialty=\u00bbon\u00bb custom_padding_last_edited=\u00bbon|desktop\u00bb admin_label=\u00bbsection\u00bb _builder_version=\u00bb4.16&#8243; custom_padding_tablet=\u00bb50px|0|50px|0&#8243; custom_padding_phone=\u00bb\u00bb padding_mobile=\u00bboff\u00bb locked=\u00bboff\u00bb global_colors_info=\u00bb{}\u00bb][et_pb_column type=\u00bb3_4&#8243; specialty_columns=\u00bb3&#8243; _builder_version=\u00bb4.16&#8243; custom_padding=\u00bb|||\u00bb global_colors_info=\u00bb{}\u00bb parallax__hover=\u00bboff\u00bb parallax_method__hover=\u00bbon\u00bb custom_padding__hover=\u00bb|||\u00bb][et_pb_row_inner padding_mobile=\u00bboff\u00bb column_padding_mobile=\u00bboff\u00bb _builder_version=\u00bb4.16&#8243; global_colors_info=\u00bb{}\u00bb][et_pb_column_inner saved_specialty_column_type=\u00bb3_4&#8243; _builder_version=\u00bb4.16&#8243; custom_padding=\u00bb|||\u00bb global_colors_info=\u00bb{}\u00bb column_padding_mobile__hover=\u00bboff\u00bb parallax__hover=\u00bboff\u00bb parallax_method__hover=\u00bbon\u00bb custom_padding__hover=\u00bb|||\u00bb][et_pb_text admin_label=\u00bbText\u00bb _builder_version=\u00bb4.16&#8243; saved_tabs=\u00bball\u00bb global_colors_info=\u00bb{}\u00bb]<\/p>\n<h2>Filosof\u00eda, 1\u00ba de Bachillerato<\/h2>\n<p>[\/et_pb_text][et_pb_accordion _builder_version=\u00bb4.17.4&#8243; global_colors_info=\u00bb{}\u00bb][et_pb_accordion_item title=\u00bbPLAN DE RECUPERACI\u00d3N\u00bb open=\u00bbon\u00bb _builder_version=\u00bb4.17.4&#8243; _module_preset=\u00bbdefault\u00bb global_colors_info=\u00bb{}\u00bb]<\/p>\n<p>Acceder al\u00a0<strong><a href=\"http:\/\/patrimonio.alospicos.com\/index.php\/plan-de-recuperacion-2022\/\">Plan de recuperaci\u00f3N general<\/a>\u00a0<\/strong>(el individual ha sido enviado por correo a cada alumno\/a)<\/p>\n<p><strong><a href=\"http:\/\/patrimonio.alospicos.com\/wp-content\/uploads\/2022\/06\/2022-Plan-de-recuperacio%CC%81n.pdf\">Descargar en PDF<\/a>\u00a0<\/strong>el Plan de recuperaci\u00f3n general (no individual)<\/p>\n<p>[\/et_pb_accordion_item][et_pb_accordion_item title=\u00bbPRIMERA EVALUACI\u00d3N\u00bb _builder_version=\u00bb4.16&#8243; background_size=\u00bbinitial\u00bb background_position=\u00bbtop_left\u00bb background_repeat=\u00bbrepeat\u00bb global_colors_info=\u00bb{}\u00bb open=\u00bboff\u00bb]<\/p>\n<p>1. Filosof\u00eda, ciencia y otros modelos de saber:<\/p>\n<p><a href=\"http:\/\/patrimonio.alospicos.com\/wp-content\/uploads\/2016\/09\/Introduccionenlamateria.pdf\" target=\"_blank\" rel=\"noopener noreferrer\">Introducci\u00f3n en la materia<\/a>\u00a0(S\u00f3lo lectura)<\/p>\n<p><a href=\"http:\/\/patrimonio.alospicos.com\/wp-content\/uploads\/2016\/09\/Preguntasyproblemasdelafilosofia.pdf\" target=\"_blank\" rel=\"noopener noreferrer\">Preguntas y problemas de la filosof\u00eda<\/a>\u00a0(S\u00f3lo lectura)<\/p>\n<p><a href=\"http:\/\/patrimonio.alospicos.com\/wp-content\/uploads\/2019\/09\/El-nacimiento-de-la-Filosofi%CC%81a.pdf\" target=\"_blank\" rel=\"noopener noreferrer\">El nacimiento de la Filosof\u00eda<\/a><\/p>\n<p><a href=\"http:\/\/patrimonio.alospicos.com\/wp-content\/uploads\/2016\/09\/MitodelMinotauro.pdf\" target=\"_blank\" rel=\"noopener noreferrer\">Mito\/Logos: El Minotauro<\/a><\/p>\n<p>Ideas: geograf\u00eda, comercio y mitificaci\u00f3n; los \u00abseres excesivos\u00bb; arquitectura, t\u00e9cnica y poder: h\u00e9roes y g\u00e9nero;\u00a0 el hilo de la raz\u00f3n; la fatalidad;<\/p>\n<p><a href=\"http:\/\/patrimonio.alospicos.com\/wp-content\/uploads\/2018\/10\/Si%CC%81sifo-2.jpeg\" target=\"_blank\" rel=\"noopener noreferrer\">Mito\/Logos: S\u00edsifo<\/a><\/p>\n<p><a href=\"http:\/\/patrimonio.alospicos.com\/wp-content\/uploads\/2016\/10\/Lafilosofiapresocratica.pdf\" target=\"_blank\" rel=\"noopener noreferrer\">Los Presocr\u00e1ticos (lectura y s\u00edntesis)<\/a>. Trabajo con este documento: lectura y s\u00edntesis, en modo esquema y en una cara de una hoja, de los autores\/corrientes, cronolog\u00eda e ideas (3 \u00f2 4) principales. Preguntas breves y calificaci\u00f3n en clase. Se puede tener delante el esquema, personal y manuscrito (no valen fotocopias ni esquemas de otros). Si el esquema es v\u00e1lido, \u00a0puede consultarse en el examen de fin de trimestre.<\/p>\n<p><a href=\"http:\/\/patrimonio.alospicos.com\/wp-content\/uploads\/2017\/10\/Viva-S%C3%B3crates-de-A.-Garc%C3%ADa-Calvo.pdf\" target=\"_blank\" rel=\"noopener noreferrer\">\u00abViva S\u00f3crates\u00bb<\/a>\u00a0de Agust\u00edn Garcia Calvo.\u00a0Tarea\/debate en clase: construir una posici\u00f3n o tesis, para su defensa o presentaci\u00f3n en clase, sobre la figura \u00abS\u00f3crates\u00bb a partir del texto de G\u00aa Calvo. En la tesis propia han de figurar matices, datos de contexto y percepci\u00f3n personal.<\/p>\n<p>Texto de apoyo: \u00ab<a href=\"http:\/\/patrimonio.alospicos.com\/wp-content\/uploads\/2019\/10\/So%CC%81crates-de-A.-Garci%CC%81a-Calvo.pdf\" target=\"_blank\" rel=\"noopener noreferrer\">S\u00f3crates<\/a>\u00ab, de A. Garc\u00eda Calvo, Salvat.<\/p>\n<p>Audio-video de apoyo: <a href=\"https:\/\/youtu.be\/qv-TXz0qc7g\" target=\"_blank\" rel=\"noopener noreferrer\">Filosof\u00eda de S\u00f3crates<\/a>, de Lluna Pineda (Youtube)<\/p>\n<p>Breve texto del profesor: <a href=\"http:\/\/patrimonio.alospicos.com\/wp-content\/uploads\/2019\/10\/So%CC%81crates-en-el-establo.pdf\" target=\"_blank\" rel=\"noopener noreferrer\">S\u00f3crates en el establo<\/a><\/p>\n<p>_______________<\/p>\n<p>Trabajo en clase. Conceptos\/t\u00e9rminos esenciales: modelos de saber, filosof\u00eda, ciencia, espacio\/tiempo, fuentes hom\u00e9ricas, sophoi, Or\u00e1culo de Delfos, polis, Jonia, presocr\u00e1ticos, dial\u00e9ctica, ret\u00f3rica, oralidad, escritura, misterio, enigma, problema, contrarios, Apolo, Dionysos<\/p>\n<p>2. Filosof\u00eda como racionalidad te\u00f3rica: verdad y realidad<\/p>\n<p><a href=\"http:\/\/patrimonio.alospicos.com\/wp-content\/uploads\/2016\/09\/RealidadyficcionLasruinascirculares.pdf\" target=\"_blank\" rel=\"noopener noreferrer\">Realidad y ficci\u00f3n (Borges)<\/a><\/p>\n<p><a href=\"http:\/\/patrimonio.alospicos.com\/index.php\/2021\/10\/25\/un-poema-de-pessoa\/\">Un poema en portug\u00faes<\/a><\/p>\n<p><a href=\"http:\/\/patrimonio.alospicos.com\/wp-content\/uploads\/2016\/09\/VerdadyrealidadEsquema.pdf\" target=\"_blank\" rel=\"noopener noreferrer\">Verdad y realidad, esquema de apoyo<\/a><\/p>\n<p><a href=\"http:\/\/patrimonio.alospicos.com\/wp-content\/uploads\/2016\/09\/PlatonLasIdeasyLasCosas.pdf\" target=\"_blank\" rel=\"noopener noreferrer\">Plat\u00f3n, las ideas y las cosas<\/a><\/p>\n<p><a href=\"http:\/\/patrimonio.alospicos.com\/wp-content\/uploads\/2016\/11\/Plat%C3%B3n-reminsicencia-y-orfismo.pdf\" target=\"_blank\" rel=\"noopener noreferrer\">Plat\u00f3n, reminiscencia y orfismo<\/a><\/p>\n<p>Plat\u00f3n, alegor\u00eda de La Caverna<\/p>\n<ul>\n<li><a href=\"http:\/\/patrimonio.alospicos.com\/wp-content\/uploads\/2018\/10\/Platon-El-mito-de-la-caverna.pdf\" target=\"_blank\" rel=\"noopener noreferrer\">Texto e introducci\u00f3n<\/a>\u00a0(texto con ilustraci\u00f3n, para leer online)<\/li>\n<li><a href=\"http:\/\/patrimonio.alospicos.com\/wp-content\/uploads\/2018\/10\/Plato%CC%81n-alegori%CC%81a-de-La-Caverna.pdf\" target=\"_blank\" rel=\"noopener noreferrer\">PDF para descargar<\/a> (texto en dos hojas, para imprimir)<\/li>\n<li><a href=\"https:\/\/www.bachilleratocinefilo.com\/2015\/09\/el-mito-de-la-caverna-de-platon-la.html\" target=\"_blank\" rel=\"noopener\">La sombra, la pantalla, la luz<\/a>; de Francisco Huertas (publicaci\u00f3n web, esencial, completa)\n<ul>\n<li><a href=\"http:\/\/patrimonio.alospicos.com\/wp-content\/uploads\/2021\/10\/Ella-Baron-La-Caverna-de-Platon.jpeg\">La caverna de Plat\u00f3n<\/a> (Ilustraci\u00f3n de Ella Baron)<\/li>\n<\/ul>\n<\/li>\n<li>Texto complementario (opcional, para leer online) sobre la alegor\u00eda y las teor\u00edas neuronales contempor\u00e1neas: <a href=\"http:\/\/patrimonio.alospicos.com\/wp-content\/uploads\/2019\/10\/LaCavernadelCerebro.pdf\" target=\"_blank\" rel=\"noopener noreferrer\">La caverna del cerebro, de J.A. G\u00aa Landa<\/a><\/li>\n<\/ul>\n<p>El problema de los (conceptos) Universales, o el de la relaci\u00f3n entre las ideas y las cosas<\/p>\n<p><a href=\"http:\/\/patrimonio.alospicos.com\/wp-content\/uploads\/2016\/09\/Elnombredelarosa.pdf\" target=\"_blank\" rel=\"noopener noreferrer\">El nombre de la \u00abrosa\u00bb<\/a><\/p>\n<p>La Modernidad: c\u00f3mo conocer con garant\u00edas<\/p>\n<p><a href=\"http:\/\/patrimonio.alospicos.com\/wp-content\/uploads\/2016\/09\/RazonyExperiencia.pdf\" target=\"_blank\" rel=\"noopener noreferrer\">Raz\u00f3n y experiencia: la g\u00e9nesis del m\u00e9todo cient\u00edfico<\/a><\/p>\n<ul>\n<li><a href=\"http:\/\/patrimonio.alospicos.com\/wp-content\/uploads\/2018\/12\/Razo%CC%81n-vs-Experiencia-b-Olaya-Guerrero.jpg\" target=\"_blank\" rel=\"noopener noreferrer\">Ilustraci\u00f3n de O. Guerrero<\/a><\/li>\n<\/ul>\n<p>El mundo contemporaneo: la p\u00e9rdida de la inocencia y el sentido cr\u00edtico<\/p>\n<p><a href=\"http:\/\/patrimonio.alospicos.com\/wp-content\/uploads\/2016\/09\/Filosofosdelasospecha.pdf\" target=\"_blank\" rel=\"noopener noreferrer\">Los Fil\u00f3sofos de la Sospecha, texto general<\/a><\/p>\n<ul>\n<li>Profundizaci\u00f3n (opcional): estudio y debate\/defensa argumental en clase del documento \u00ab<a href=\"http:\/\/patrimonio.alospicos.com\/wp-content\/uploads\/2016\/09\/FilosofiadelaSospechaprofundizacion.pdf\" target=\"_blank\" rel=\"noopener noreferrer\">La Interpretaci\u00f3n como ejercicio de la sospecha<\/a>\u00ab, de Paul Ricoeur (Criterio de calificaci\u00f3n: puede alcanzarse con esta actividad hasta un 20% de la 1\u00aa Evaluaci\u00f3n)<\/li>\n<\/ul>\n<p>La verdad y el poder. Debate en clase a partir del documento \u00ab<a href=\"http:\/\/patrimonio.alospicos.com\/wp-content\/uploads\/2016\/11\/La-verdad-es-la-verdad.pdf\" target=\"_blank\" rel=\"noopener noreferrer\">La verdad es la verdad<\/a>\u00bb (Texto de S. Ferlosio)<\/p>\n<p><a href=\"http:\/\/patrimonio.alospicos.com\/index.php\/2019\/11\/25\/verdad-y-media\/\" target=\"_blank\" rel=\"noopener noreferrer\">Verdad y Media: el fotoperiodismo<\/a><\/p>\n<p>3. Filosof\u00eda como racionalidad pr\u00e1ctica:<\/p>\n<p><a href=\"http:\/\/patrimonio.alospicos.com\/wp-content\/uploads\/2016\/09\/LaDemocraciaAteniense.pdf\" target=\"_blank\" rel=\"noopener noreferrer\">La democracia ateniense<\/a><\/p>\n<p><a href=\"http:\/\/patrimonio.alospicos.com\/wp-content\/uploads\/2016\/09\/DemocraciayLenguaje.pdf\" target=\"_blank\" rel=\"noopener noreferrer\">Democracia y lenguaje<\/a><\/p>\n<p><a href=\"http:\/\/patrimonio.alospicos.com\/wp-content\/uploads\/2016\/09\/VivaSocrates.pdf\" target=\"_blank\" rel=\"noopener noreferrer\">Viva S\u00f3crates<\/a><\/p>\n<p><a href=\"http:\/\/patrimonio.alospicos.com\/wp-content\/uploads\/2016\/09\/SocratesAutoconocimiento.pdf\" target=\"_blank\" rel=\"noopener noreferrer\">S\u00f3crates y el conocimiento de uno mismo<\/a><\/p>\n<ul>\n<li>Opcional: Art\u00edculo \u00ab<a href=\"http:\/\/patrimonio.alospicos.com\/wp-content\/uploads\/2017\/10\/S%C3%B3crates-de-A.-Garc%C3%ADa-Calvo.pdf\" target=\"_blank\" rel=\"noopener noreferrer\">S\u00f3crates<\/a>\u00ab, de A. Garc\u00eda Calvo (Salvat, 1972)<\/li>\n<li>Opcional: Conferencia \u00abDesesperaci\u00f3n de S\u00f3crates a nosotros\u00bb, de A. Garc\u00eda Calvo el 3 de Diciembre de 2007 en la Universidad de Barcelona. Facultad de Filosof\u00eda (<a href=\"http:\/\/patrimonio.alospicos.com\/wp-content\/uploads\/2017\/10\/DesesperacionDeSocratesanosostros-FacultadFilosofiaUniversidadBarcelona-3-12-2007.mp3\" target=\"_blank\" rel=\"noopener noreferrer\">Audio.<\/a>\u00a0La conferencia comienza en el minuto 14 )<\/li>\n<\/ul>\n<p><a href=\"http:\/\/patrimonio.alospicos.com\/wp-content\/uploads\/2016\/09\/DerechoRomano.pdf\" target=\"_blank\" rel=\"noopener noreferrer\">Derecho romano<\/a><\/p>\n<p><a href=\"http:\/\/recursostic.educacion.es\/secundaria\/edad\/4esoetica\/quincena6\/quincena6_contenidos_2.htm\" target=\"_blank\" rel=\"noopener noreferrer\">La persona y el ciudadano en la Edad Media<\/a><\/p>\n<p><a href=\"http:\/\/patrimonio.alospicos.com\/wp-content\/uploads\/2016\/09\/CiudadaniayderechoromanoEsquema.pdf\" target=\"_blank\" rel=\"noopener noreferrer\">Ciudadan\u00eda y derecho, esquemas de apoyo<\/a><\/p>\n<p>Semana del 20 al 23, trabajos complementarios (obligatorios para los ausentes): realizaci\u00f3n de un <span style=\"text-decoration: underline;\">esquema<\/span> (no textos o p\u00e1rrafos), de una hoja por las dos caras con las ideas principales de los temas siguientes:<\/p>\n<p>&#8211; San Agust\u00edn: la tesis de las dos ciudades<\/p>\n<p>&#8211; Pol\u00e9mica medieval de las \u00abdos espadas\u00bb<\/p>\n<p>&#8211; Trabajo espec\u00edfico para los ausentes del 22\/12\/2021: \u00abEl resurgir de la ciudad \u00a0medieval durante la Baja Edad Media\u00bb: elaborar una lista con diez ideas esenciales, no recortadas ni pegadas, \u00a0que describan la aparici\u00f3n de las ciudades en los siglos de la segunda mitad de la Edad MEdia, indicando las fuentes o webs de donde est\u00e1 extara\u00edda la informaci\u00f3n). La no presentaci\u00f3n de este trabajo, como la de los dos anteriores, supondr\u00e1 la p\u00e9rdida de dos puntos en la 2\u00aa evaluaci\u00f3n.<\/p>\n<p>(Es necesario buscar la informaci\u00f3n de referencia a trav\u00e9s de documentos o art\u00edculos fiables en Internet)<\/p>\n<p>&nbsp;<\/p>\n<p>&nbsp;<\/p>\n<p>[\/et_pb_accordion_item][et_pb_accordion_item title=\u00bbSEGUNDA EVALUACI\u00d3N\u00bb _builder_version=\u00bb4.16&#8243; _module_preset=\u00bbdefault\u00bb global_colors_info=\u00bb{}\u00bb open=\u00bboff\u00bb]<\/p>\n<p><b>Bloque 3. El ser humano: persona y sociedad<\/b><\/p>\n<ol>\n<li>La dimensi\u00f3n biol\u00f3gica: evoluci\u00f3n y hominizaci\u00f3n.\n<ol>\n<li><a href=\"\/wp-content\/uploads\/2017\/01\/HominizacionConceptosIntroductorios.pdf\" target=\"_blank\" rel=\"noopener noreferrer\">Conceptos introductorios<\/a>\u00a0(<strong>Examen<\/strong>. conceptos esenciales, se puede llevar la hoja con anotaciones al examen)<\/li>\n<li><a href=\"https:\/\/www.eldiario.es\/sociedad\/MRD-craneo-cambiando-creiamos-evolucion_0_940706021.html\" target=\"_blank\" rel=\"noopener noreferrer\">Australopitecos<\/a>, el estado de la investigaci\u00f3n\u00a0(<strong>Examen<\/strong>. Se admite esquema manuscrito en el examen)\n<ol>\n<li>Fuente:\u00a0Haile-Selassie, Y., Melillo, S.M., Vazzana, A. et al. <em>A 3.8-million-year-old hominin cranium from Woranso-Mille, Ethiopia<\/em>. Nature 573, 214\u2013219 (2019) doi:10.1038\/s41586-019-1513-8<\/li>\n<\/ol>\n<\/li>\n<li><a href=\"https:\/\/metode.es\/revistas-metode\/monograficos\/levolucio-genere-homo.html\" target=\"_blank\" rel=\"noopener noreferrer\">El g\u00e9nero \u00abHomo\u00bb<\/a>. \u00a0(<strong>Examen<\/strong>. Se admite esquema en el examen)<\/li>\n<li>El Hombre moderno (Sapiens)\n<ol>\n<li><a href=\"http:\/\/www.elmundo.es\/ciencia-y-salud\/ciencia\/2018\/01\/27\/5a6aff35e5fdeab91c8b466a.html\" target=\"_blank\" rel=\"noopener noreferrer\">Los primeros sapiens fuera de \u00c1frica<\/a>\u00a0(<strong>Examen<\/strong>. Se admite esquema en el examen)<\/li>\n<li><a href=\"http:\/\/patrimonio.alospicos.com\/wp-content\/uploads\/2019\/12\/El-Homo-Sapiens-en-%C3%81frica-A.-Matilla-El-Mundo.jpg\" target=\"_blank\" rel=\"noopener noreferrer\">Expansi\u00f3n desde \u00c1frica, mapa<\/a>\u00a0(se admite fotocopia del mapa en el examen)<\/li>\n<li><a href=\"http:\/\/patrimonio.alospicos.com\/index.php\/2019\/12\/10\/homo-sapiens-tempranos-en-eurasia\/\" target=\"_blank\" rel=\"noopener noreferrer\">Homo Sapiens tempranos en Eurasia<\/a> (<strong>Examen<\/strong>. Se admite esquema en el examen)<\/li>\n<li><a href=\"http:\/\/www.elmundo.es\/especiales\/2009\/02\/ciencia\/darwin\/seccion3\/seccion35.html\" target=\"_blank\" rel=\"noopener noreferrer\">Gr\u00e1fico interactivo<\/a>\u00a0(solo consulta)<\/li>\n<li><a href=\"http:\/\/patrimonio.alospicos.com\/index.php\/2021\/12\/21\/informacion-y-contexto\/\" target=\"_blank\" rel=\"noopener noreferrer\">B\u00fasqueda de informaci\u00f3n<\/a> (<strong>Ejercicio<\/strong> opcional: entrega de un PDF de dos hojas, 2 puntos de la ev.)<\/li>\n<\/ol>\n<\/li>\n<li>El lenguaje y la evoluci\u00f3n:\n<ol>\n<li><a href=\"\/wp-content\/uploads\/2017\/01\/LenguajeyLaringe.pdf\" target=\"_blank\" rel=\"noopener noreferrer\">El lenguaje humano y la laringe<\/a>\u00a0(<strong>Examen<\/strong>. Se admite esquema en el examen)<\/li>\n<li><a href=\"http:\/\/patrimonio.alospicos.com\/wp-content\/uploads\/2020\/01\/Lewin-La-evolucio%CC%81n-del-lenguaje.pdf\" target=\"_blank\" rel=\"noopener noreferrer\">Evoluci\u00f3n y lenguaje<\/a> (<strong>Examen<\/strong>. Lectura, 10 p\u00e1ginas. Se admite esquema en el examen. Pueden caer textos del documento en el examen)<\/li>\n<li><a href=\"https:\/\/www.dailymotion.com\/video\/x2lima6\" target=\"_blank\" rel=\"noopener noreferrer\">El lenguaje de los monos <em>vervet<\/em> ante el peligro<\/a>\u00a0(v\u00eddeo, visualizaci\u00f3n)<\/li>\n<\/ol>\n<\/li>\n<\/ol>\n<\/li>\n<li>La dimensi\u00f3n sociocultural: humanizaci\u00f3n, individuo y ser social. La relaci\u00f3n entre naturaleza y cultura.\n<ol>\n<li>El debate entre \u00abNaturaleza\u00bb y \u00abCultura\u00bb:\n<ol>\n<li><a href=\"\/wp-content\/uploads\/2017\/01\/GeneticaPoblacionyCulturaGuion.pdf\" target=\"_blank\" rel=\"noopener noreferrer\">Conceptos fundamentales<\/a> (<strong>Examen<\/strong>. conceptos esenciales, se puede llevar la hoja con anotaciones al examen)\n<ol>\n<li><a href=\"\/wp-content\/uploads\/2017\/01\/GeneticaPoblacionyCultura.pdf\" target=\"_blank\" rel=\"noopener noreferrer\">Gen\u00e9tica, poblaci\u00f3n y cultura<\/a> (ampliaci\u00f3n de \u00abconceptos fundamentales\u00bb, s\u00f3lo consulta)<\/li>\n<li><a href=\"https:\/\/www.investigacionyciencia.es\/noticias\/el-origen-evolutivo-del-color-de-la-piel-15820\" target=\"_blank\" rel=\"noopener noreferrer\">Sobre el color de la piel<\/a> (art\u00edculo, lectura)\n<ol is=\"undefined\">\n<li><a href=\"https:\/\/www.census.gov\/newsroom\/press-releases\/2021\/population-changes-nations-diversity\/population-changes-nations-diversity-spanish.html\" target=\"_blank\" rel=\"noopener noreferrer\">Raza y etnicidad en EEUU<\/a>\u00a0(\u00faltimos datos)<\/li>\n<li><a href=\"http:\/\/patrimonio.alospicos.com\/wp-content\/uploads\/2019\/12\/Concepto-de-22raza22-en-EEUU.pdf\" target=\"_blank\" rel=\"noopener noreferrer\">Sobre la clasificaci\u00f3n racial en EEUU<\/a>\u00a0(documento, lectura)<\/li>\n<li><a href=\"https:\/\/www.pewsocialtrends.org\/2017\/05\/18\/intermarriage-in-the-u-s-50-years-after-loving-v-virginia\/\" target=\"_blank\" rel=\"noopener noreferrer\">Matrimonios mixtos en EEUU<\/a> (art\u00edculo, lectura)<\/li>\n<li><a href=\"\/wp-content\/uploads\/2017\/01\/EtniaEtnicoEtnicidad.pdf\" target=\"_blank\" rel=\"noopener noreferrer\">Etnia y cultura<\/a> (<strong>Examen<\/strong>)<\/li>\n<\/ol>\n<\/li>\n<\/ol>\n<\/li>\n<li>Cazadores\n<ol>\n<li><a href=\"\/wp-content\/uploads\/2017\/09\/Inuits.pdf\" target=\"_blank\" rel=\"noopener noreferrer\">Inuits<\/a>\u00a0(<strong>Examen<\/strong>. Se puede llevar el esquema de ordenador al examen)<\/li>\n<li><a href=\"https:\/\/youtu.be\/_f8J9NRchOE\" target=\"_blank\" rel=\"noopener noreferrer\">Nanook del Norte, documental<\/a>\u00a0de\u00a0Robert J. Flaherty (1922). Primer documental de la historia del cine (1h. 15 min, opcional)<\/li>\n<li><a href=\"http:\/\/patrimonio.alospicos.com\/wp-content\/uploads\/2019\/12\/Inuits-de-O-Guerrero-scaled.jpg\" target=\"_blank\" rel=\"noopener noreferrer\">Inuits: ilustraci\u00f3n de O. Guerrero<\/a>\u00a0(ver)<\/li>\n<li><a href=\"https:\/\/www.eldiario.es\/socios\/Angry-Inuk-documental-focas-Inuit_6_990110994.html\" target=\"_blank\" rel=\"noopener noreferrer\">Angry Inuk<\/a> (Inuit enfadado, 2016), art\u00edculo sobre el documental en El Diario (leer).<\/li>\n<\/ol>\n<\/li>\n<li><a href=\"https:\/\/doi.org\/10.1126\/science.aav4040\" target=\"_blank\" rel=\"noopener noreferrer\">Antiguos y nuevos \u00abpobladores ib\u00e9ricos\u00bb<\/a> (en ingl\u00e9s, s\u00f3lo lectura. <a href=\"https:\/\/ellipse.prbb.org\/es\/descifrando-el-mosaico-genetico-de-los-ultimos-8-000-anos-en-la-peninsula-iberica\/\" target=\"_blank\" rel=\"noopener noreferrer\">En castellano<\/a>, (<strong>Examen<\/strong>. Se admite esquema manuscrito en el examen), sobre el mismo descubrimiento.<\/li>\n<li>De cazadores a pastores en la pen\u00ednsula. (opcional: <a href=\"http:\/\/patrimonio.alospicos.com\/wp-content\/uploads\/2020\/01\/Neol%C3%ADtico-y-poblaci%C3%B3n-ib%C3%A9rica.pdf\" target=\"_blank\" rel=\"noopener noreferrer\">art\u00edculo de Cristina Valdiosera<\/a> et al. en PNAS)<\/li>\n<li><a href=\"\/wp-content\/uploads\/2017\/09\/Pastores-de-Los-Picos-introducci%C3%B3n.pdf\" target=\"_blank\" rel=\"noopener noreferrer\">Pastores de Los Picos de Europa<\/a>\u00a0(<strong>Examen<\/strong>. Se admite esquema)<\/li>\n<\/ol>\n<\/li>\n<li>El patrimonio cultural intangible:\n<ol>\n<li><a href=\"\/wp-content\/uploads\/2017\/01\/La-defensa-de-las-culturas-amenazadas-J-Goytisolo.pdf\" target=\"_blank\" rel=\"noopener noreferrer\">La defensa de las culturas amenazadas<\/a>, de Juan Goytisolo (Texto obligatorio. Lectura comprensiva; pueden caer textos de este documento en el examen). M\u00e1s textos (opcionales) sobre el tema: <a href=\"\/project\/yamaa-el-fna-patrimonio-de-la-humanidad\/\" target=\"_blank\" rel=\"noopener noreferrer\">La Plaza de Yamaa el Fna, patrimonio de la humanidad<\/a>)<\/li>\n<li>Lenguas del mundo:\n<ol>\n<li><a href=\"http:\/\/patrimonio.alospicos.com\/wp-content\/uploads\/2019\/12\/Mapa-de-las-lenguas-del-mundo.png\" target=\"_blank\" rel=\"noopener noreferrer\">Mapa de las lenguas del mundo<\/a>\u00a0(ver)<\/li>\n<li><a href=\"http:\/\/www.unesco.org\/culture\/languages-atlas\/es\/atlasmap.html\" target=\"_blank\" rel=\"noopener noreferrer\">Lenguas del mundo amenazadas<\/a>:\u00a0Moseley, Christopher (ed.). 2010. Atlas de las lenguas del mundo en peligro, 3\u00aa edici\u00f3n. Par\u00eds, Ediciones UNESCO (consulta, opcional)<\/li>\n<\/ol>\n<\/li>\n<\/ol>\n<\/li>\n<li>Lectura de textos y creatividad (opcional, puede suponer un 20% de la evaluaci\u00f3n. Sustituye\/excluye las actividades \u00abB\u00fasqueda de informaci\u00f3n\u00bb y \u00abHoja de Registro\u00bb; es edcir, ha de elegirse entre \u00abLectura y creatividad\u00bb y las otras dos). Campo tem\u00e1tico: individuo, sociedad, cultura y conocimiento:\n<ol>\n<li>B\u00ba Cient\u00edfico: \u00abRel\u00e1mpagos\u00bb, Jean Echenoz (Biograf\u00eda novelada del ingeniero\u00a0Nikola Tesla, Anagrama, 2012, 160 p\u00e1ginas)<\/li>\n<li>B\u00aa Art\u00edstico: \u00abRavel\u00bb,\u00a0Jean Echenoz (Biograf\u00eda novelada del compositor Maurice Ravel, Anagrama 2007, 128 p\u00e1ginas)<\/li>\n<li>B\u00aa Humanidades y Sociales: \u00abCorrer\u00bb,\u00a0Jean Echenoz (Biograf\u00eda novelada del\u00a0atleta checo Emil Z\u00e1topek, Anagrama, 2010, 144 p\u00e1ginas)<\/li>\n<li>Descripci\u00f3n de la actividad \u00ab<a href=\"\/2017\/01\/15\/biografias-noveladas-ejercicio\/\" target=\"_blank\" rel=\"noopener noreferrer\">Lectura de textos y creatividad<\/a>\u00ab<\/li>\n<\/ol>\n<\/li>\n<li>Hoja de Registro (<strong>obligatorio<\/strong>, 10% de la evaluaci\u00f3n):\n<ol>\n<li>Elaboraci\u00f3n de una <a href=\"https:\/\/investiga.puenteromano.net\/index.php\/hoja-de-registro\/\">hoja de registro<\/a>\u00a0(con publicaci\u00f3n en formato \u00abweb\u00bb) sobre un bien patrimonial en la intersecci\u00f3n \u00abnaturaleza-cultura\u00bb.<\/li>\n<li><a href=\"\/wp-content\/uploads\/2017\/01\/Investigaci%C3%B3n-y-patrimonio-lista-de-temas.pdf\" target=\"_blank\" rel=\"noopener noreferrer\">Listado de temas y campos<\/a> de investigaci\u00f3n patrimonial (ideas para la realizaci\u00f3n de la \u00abhoja de registro\u00bb; s\u00f3lo consulta)<\/li>\n<\/ol>\n<\/li>\n<\/ol>\n<\/li>\n<li>Relaci\u00f3n ling\u00fc\u00edstica y simb\u00f3lica del sujeto con el mundo: L\u00f3gica formal e informal (pasa al tercer trimestre)<\/li>\n<li>Concepciones filos\u00f3ficas del ser humano. Cosmolog\u00edas, Metaf\u00edsicas, Utop\u00edas, etc\u00e9tera.<\/li>\n<\/ol>\n<p><b>Bloque 4. Filosof\u00eda moral y pol\u00edtica<\/b><\/p>\n<ol>\n<li><a href=\"\/wp-content\/uploads\/2017\/01\/Acci%C3%B3n-moral-libertad-y-responsabilidad.pdf\" target=\"_blank\" rel=\"noopener noreferrer\">Los fundamentos de la acci\u00f3n moral: libertad y responsabilidad<\/a>. La relativizaci\u00f3n de los valores en la sociedad actual <strong>(Examen. <\/strong>Lectura comprensiva; pueden caer textos de los autores recogidos en este documento en el examen)\n<ol>\n<li><a href=\"\/wp-content\/uploads\/2018\/02\/Libertad-cuestiones.pdf\" target=\"_blank\" rel=\"noopener noreferrer\">Conceptos fundamentales<\/a>\u00a0(esquema de apoyo, puede llevarse al examen) recogidos en el documento anterior, sobre los que versar\u00e1n las preguntas y\/o textos del examen.<\/li>\n<\/ol>\n<\/li>\n<li>Las teor\u00edas \u00e9ticas ante los retos de la sociedad actual: \u00e9ticas de la felicidad y \u00e9ticas de la justicia. El debate Rawls\/Van Parijs y el surfista de Malib\u00fa. Documentos de trabajo y preparaci\u00f3n del debate en el Centro:\n<ol>\n<li><a href=\"\/wp-content\/uploads\/2017\/02\/Rawls-y-el-surfista-R.-Alcoberro-Introducci%C3%B3n.pdf\" target=\"_blank\" rel=\"noopener noreferrer\">Rawls y el surfista<\/a>, R. Alcoberro <strong>(Examen. <\/strong>Introducci\u00f3n<strong>,<\/strong> obligatorio)<\/li>\n<li><a href=\"\/wp-content\/uploads\/2017\/02\/Rawls-y-su-22teor%C3%ADa-de-la-justicia22.pdf\" target=\"_blank\" rel=\"noopener noreferrer\">Rawls y su \u00abteor\u00eda de la justicia\u00bb<\/a> (<strong>Examen<\/strong>. Ideas fundamentales, obligatorio)<\/li>\n<li>Debate: \u00bfDebemos alimentar a los surfistas? (enlaces y textos de apoyo)\n<ol>\n<li><a href=\"\/wp-content\/uploads\/2017\/02\/Renta-b%C3%A1sica-y-Justicia-Social-en-castellano-Van-Parijs.pdf\" target=\"_blank\" rel=\"noopener noreferrer\">Renta b\u00e1sica y justicia social<\/a>, Van Parijs (art\u00edculo completo en castellano)<\/li>\n<li><a href=\"https:\/\/juanramonrallo.com\/la-renta-basica-es-injusta\/\" target=\"_blank\" rel=\"noopener noreferrer\">\u00abLa renta b\u00e1sica universal es injusta\u00bb<\/a>, de J.R. Rallo<\/li>\n<li><a href=\"\/wp-content\/uploads\/2017\/02\/RBU-Van-Parijs-entrevista-resumida-en-castellano.pdf\" target=\"_blank\" rel=\"noopener noreferrer\">Sobre la \u00abrenta b\u00e1sica universal\u00bb<\/a> (RBU), Van Parijs (entrevista resumida, en castellano)<\/li>\n<li><a href=\"\/wp-content\/uploads\/2017\/02\/RBU-Van-Parijs-entrevista-en-franc%C3%A9s.pdf\" target=\"_blank\" rel=\"noopener noreferrer\">Sobre la \u00abrenta b\u00e1sica universal\u00bb<\/a> (RBU), Van Parijs, entrevista (texto completo en franc\u00e9s)<\/li>\n<li>\u00ab<a href=\"\/wp-content\/uploads\/2017\/02\/Why-Surfers-Should-Be-Fed-Van-Parijs-en-ingl%C3%A9s.pdf\" target=\"_blank\" rel=\"noopener noreferrer\">Why Surfers Should Be Fed\u00bb<\/a>, Van Paris (art\u00edculo completo en ingl\u00e9s)<\/li>\n<\/ol>\n<\/li>\n<\/ol>\n<\/li>\n<li>El problema del origen y legitimidad del poder pol\u00edtico.\n<ol>\n<li>Poder y dominaci\u00f3n:\u00a0<a href=\"\/wp-content\/uploads\/2018\/02\/En-la-misma-nave-texto.pdf\" target=\"_blank\" rel=\"noopener noreferrer\">El poder y los de abajo<\/a>\u00a0(s\u00f3lo lectura)<\/li>\n<li><a href=\"http:\/\/patrimonio.alospicos.com\/wp-content\/uploads\/2019\/03\/Poder-y-legitimidad-conceptos-f.pdf\" target=\"_blank\" rel=\"noopener noreferrer\">Conceptos fundamentales<\/a>\u00a0(<strong>Examen.\u00a0<\/strong>Esquema de apoyo)<\/li>\n<li>El poder en la sombra: sociedades secretas y lobbies\n<ol>\n<li><a href=\"\/wp-content\/uploads\/2017\/03\/La-Mafia-enlaces.pdf\" target=\"_blank\" rel=\"noopener noreferrer\">Las \u00abmafias\u00bb hist\u00f3ricas<\/a>, <a href=\"http:\/\/elpais.com\/diario\/2011\/10\/16\/eps\/1318746421_850215.html\" target=\"_blank\" rel=\"noopener noreferrer\">Los Yakuza<\/a>\u00a0(leer ambos art\u00edculos)<\/li>\n<li>La Masoner\u00eda\n<ol>\n<li><a href=\"http:\/\/www2.uned.es\/dpto-hdi\/museovirtualhistoriamasoneria\/1finalidad_de_la_masoneria\/que%20es%20la%20masoneria.htm\" target=\"_blank\" rel=\"noopener noreferrer\">La Masoner\u00eda (extracto)<\/a>\u00a0(leer el art\u00edculo)<\/li>\n<li><a href=\"https:\/\/mfrr.files.wordpress.com\/2012\/07\/lamasoneriaferrerbenimeli.pdf\" target=\"_blank\" rel=\"noopener noreferrer\">La Masoner\u00eda (libro)<\/a>\u00a0(lectura opcional)<\/li>\n<\/ol>\n<\/li>\n<li><a href=\"\/wp-content\/uploads\/2017\/03\/Lobbies-poder-en-la-sombra.pdf\" target=\"_blank\" rel=\"noopener noreferrer\">Los lobbies<\/a>\u00a0(<strong>Examen)<\/strong><\/li>\n<\/ol>\n<\/li>\n<li>Algunas concreciones\u00a0hist\u00f3ricas y contempor\u00e1neas: monarqu\u00edas y rep\u00fablicas.\u00a0Castas, estamentos y clases.\u00a0ONU, TPI, Tribunales de La Haya.\u00a0OTAN, Pacto de Varsovia, Liga \u00c1rabe, G7-8-10-20, \u00abTroika\u00bb (CE, BCE y FMI).<\/li>\n<\/ol>\n<\/li>\n<li>Podcast\u00a0(<strong>obligatorio<\/strong>, 10% de la evaluaci\u00f3n): sobre cualquiera de los temas o campos \u00absocio-culturales\u00bb (Bloque 3, apartado 2: La dimensi\u00f3n sociocultural: humanizaci\u00f3n, individuo y ser social. La relaci\u00f3n entre naturaleza y cultura) o bien de cualquiera de los contenidos del Bloque 4 (Filosof\u00eda moral y pol\u00edtica).<\/li>\n<\/ol>\n<p><strong>Relaci\u00f3n entre contenidos y criterios de evaluaci\u00f3n\/calificaci\u00f3n<\/strong><\/p>\n<ol>\n<li>An\u00e1lisis y comentario de textos filos\u00f3ficos, jur\u00eddicos, pol\u00edticos, sociol\u00f3gicos y econ\u00f3micos. Desarrollo de disertaciones elementales sobre temas filos\u00f3ficos, empleando con propiedad y rigor los t\u00e9rminos utilizados.<\/li>\n<li>Utilizaci\u00f3n de los distintos medios de consulta sobre los problemas planteados, desarrollando un adecuado dominio en el uso de las Tecnolog\u00edas de la Informaci\u00f3n y la Comunicaci\u00f3n.<\/li>\n<\/ol>\n<p>[\/et_pb_accordion_item][et_pb_accordion_item title=\u00bbTERCERA EVALUACI\u00d3N\u00bb _builder_version=\u00bb4.17.1&#8243; _module_preset=\u00bbdefault\u00bb global_colors_info=\u00bb{}\u00bb open=\u00bboff\u00bb]<\/p>\n<p>L\u00d3GICA: \u00c1REAS Y CONTENIDO PRINCIPAL<\/p>\n<p>Lenguaje natural y lenguaje formal: la formalizaci\u00f3n de enunciados<br \/>Expresiones equivalentes. Interdefinici\u00f3n de expresiones.<br \/>L\u00f3gica de enunciados (o L\u00f3gica Proposicional).\u00a0La deducci\u00f3n natural.<br \/>L\u00f3gica de enunciados (o L\u00f3gica Proposicional). Las reglas de inferencia.<br \/>L\u00f3gica de clases. Diagramas de Venn.<\/p>\n<p>L\u00d3GICA: APLICACIONES Y TEXTOS DE AYUDA.<\/p>\n<p><a href=\"http:\/\/patrimonio.alospicos.com\/wp-content\/uploads\/2017\/04\/LogicaDeduccionNatural.pdf\" target=\"_blank\" rel=\"noopener noreferrer\">Deducci\u00f3n natural<\/a>: PDF con los conceptos fundamentales de la \u00abDeducci\u00f3n natural\u00bb<\/p>\n<p><a href=\"http:\/\/ntic.educacion.es\/w3\/\/eos\/MaterialesEducativos\/mem2003\/logica\/\" target=\"_blank\" rel=\"noopener noreferrer\">Aplicaci\u00f3n interactiva<\/a>: aplicaci\u00f3n de car\u00e1cter general, muy detallada.<\/p>\n<p><a href=\"http:\/\/patrimonio.alospicos.com\/wp-content\/uploads\/2017\/04\/L%C3%B3gica-paso-a-paso.pdf\" target=\"_blank\" rel=\"noopener noreferrer\">L\u00f3gica proposicional<\/a>: PDF completo, para entender paso a paso todos los conceptos fundamentales de la L\u00f3gica Proposicional<\/p>\n<p>_______________________________<\/p>\n<p><a href=\"http:\/\/patrimonio.alospicos.com\/wp-content\/uploads\/2017\/01\/Medios-y-Democracia-conceptos-fundamentales.pdf\" target=\"_blank\" rel=\"noopener noreferrer\">Democracia y Medios de Comunicaci\u00f3n<\/a><\/p>\n<p>Medios de Comunicaci\u00f3n, ejercicio (opcional, incremento de nota)<\/p>\n<p>[\/et_pb_accordion_item][\/et_pb_accordion][\/et_pb_column_inner][\/et_pb_row_inner][\/et_pb_column][et_pb_column type=&quot;1_4&quot; _builder_version=&quot;4.16&quot; custom_padding=&quot;|||&quot; global_colors_info=&quot;{}&quot; parallax__hover=&quot;off&quot; parallax_method__hover=&quot;on&quot; custom_padding__hover=&quot;|||&quot;][et_pb_button button_url=&quot;http:\/\/patrimonio.alospicos.com\/index.php\/plan-de-recuperacion-2022\/&quot; button_text=&quot;Plan de Recuperaci\u00f3n&quot; _builder_version=&quot;4.17.4&quot; _module_preset=&quot;default&quot; custom_button=&quot;on&quot; button_text_color=&quot;#FFFFFF&quot; button_bg_color=&quot;#E02B20&quot; global_colors_info=&quot;{}&quot;][\/et_pb_button][et_pb_accordion _builder_version=&quot;4.17.4&quot; _module_preset=&quot;default&quot; global_colors_info=&quot;{}&quot;][et_pb_accordion_item title=&quot;Criterios 1\u00aa Ev.&quot; open=&quot;on&quot; _builder_version=&quot;4.16&quot; _module_preset=&quot;default&quot; global_colors_info=&quot;{}&quot;]<\/p>\n<p><strong>Porcentajes 1\u00aa Evaluaci\u00f3n<\/strong><\/p>\n<ul>\n<li>10% Trabajo en clase<\/li>\n<li>10 % Mitos: creaci\u00f3n po\u00e9tica propia y lectura (200-300 palabras, <strong>obligatorio<\/strong>. Entrega: en papel, A4, fecha de entrega a determinar en clase)<\/li>\n<li>10 % Presocr\u00e1ticos: esquema manuscrito,\u00a0<strong>obligatorio<\/strong><\/li>\n<li>20 % (s\u00f3lo B\u00ba Ciencias, opcional, excluye los est\u00e1ndares de \u00abContextualizaci\u00f3n\u00bb y \u00abTextos complejos\u00bb) Presentaci\u00f3n: \u00abLos Presocr\u00e1ticos: precursores cient\u00edficos\u00bb.<\/li>\n<li>20 % Textos complejos: La interpretaci\u00f3n como ejercicio de la sospecha (debate en clase, opcional. Excluye \u00abContextualizaci\u00f3n y documentaci\u00f3n\u00bb)<\/li>\n<li>20% Contextualizaci\u00f3n y documentaci\u00f3n (Presentaci\u00f3n con im\u00e1genes, textos propios y documentaci\u00f3n; opcional, y si no se elige \u00abTextos complejos\u00bb. Ejemplo de \u00ab<a href=\"http:\/\/patrimonio.alospicos.com\/index.php\/2019\/09\/16\/construir-un-contexto\/\" target=\"_blank\" rel=\"noopener noreferrer\">contextualizaci\u00f3n<\/a>\u00ab)<\/li>\n<li>50 a 70 % Prueba: preguntas (<strong>obligatorio<\/strong>)<\/li>\n<\/ul>\n<p>[\/et_pb_accordion_item][et_pb_accordion_item title=\u00bbCriterios 2\u00aa Ev.\u00bb _builder_version=\u00bb4.17.4&#8243; _module_preset=\u00bbdefault\u00bb global_colors_info=\u00bb{}\u00bb open=\u00bboff\u00bb]<\/p>\n<p><strong>Porcentajes 2\u00aa Evaluaci\u00f3n<\/strong><\/p>\n<ul>\n<li>10% Trabajo en clase<\/li>\n<li>10% Entrega del Trabajo de Investigaci\u00f3n<\/li>\n<li>20% a elegir entre:\n<ul>\n<li>Hoja de registro patrimonial. Entrega en formato web o Word Press. <a href=\"https:\/\/investiga.puenteromano.net\/index.php\/hoja-de-registro\/\" target=\"_blank\" rel=\"noopener\">Detalle<\/a>.<\/li>\n<li>B\u00fasqueda de informaci\u00f3n. <a href=\"http:\/\/patrimonio.alospicos.com\/index.php\/2021\/12\/21\/informacion-y-contexto\/\">Detalle<\/a>.<\/li>\n<li>Lectura de textos y creatividad. <a href=\"http:\/\/patrimonio.alospicos.com\/index.php\/2017\/01\/15\/biografias-noveladas-ejercicio\/\">Detalle<\/a>.<\/li>\n<\/ul>\n<\/li>\n<li>10 % Culturas. Entrega de audio, en formato Podcast\n<ul>\n<li>formato MP3<\/li>\n<li>duraci\u00f3n: 3 a 5 minutos<\/li>\n<li>tema: \u00abcultura\u00bb en sentido amplio<\/li>\n<li>contenido: voz propia, m\u00fasica de fondo, introductoria o en las transiciones, introducci\u00f3n-desarrollo-cierre o conclusiones.<\/li>\n<li>entrega: en clase, a trav\u00e9s de un pen drive: el profesor copiar\u00e1 el archivo.<\/li>\n<\/ul>\n<\/li>\n<li>50 % Prueba: dos textos (6 puntos) para analizar y cuatro preguntas de teor\u00eda (4 puntos) de respuesta abierta.<\/li>\n<\/ul>\n<p>[\/et_pb_accordion_item][et_pb_accordion_item title=\u00bbCriterios 3\u00aa Ev.\u00bb _builder_version=\u00bb4.17.4&#8243; _module_preset=\u00bbdefault\u00bb global_colors_info=\u00bb{}\u00bb open=\u00bboff\u00bb]<\/p>\n<ul>\n<li>Relaciones entre el lenguaje natural y el lenguaje l\u00f3gico: 10%<\/li>\n<li>Interdefinici\u00f3n de expresiones: 10 %<\/li>\n<li>Deducci\u00f3n natural: 60 %<\/li>\n<li>L\u00f3gica de Clases: 20 %<\/li>\n<\/ul>\n<p>&nbsp;<\/p>\n<p>[\/et_pb_accordion_item][\/et_pb_accordion][et_pb_blurb title=\u00bbRecursos\u00bb _builder_version=\u00bb4.16&#8243; background_size=\u00bbinitial\u00bb background_position=\u00bbtop_left\u00bb background_repeat=\u00bbrepeat\u00bb global_colors_info=\u00bb{}\u00bb]<\/p>\n<p><a href=\"http:\/\/patrimonio.alospicos.com\/wp-content\/uploads\/2019\/10\/Foto-y-video-para-las-Olimpiadas-datos.pdf\" target=\"_blank\" rel=\"noopener noreferrer\">Foto y video, Olimpiadas<\/a><\/p>\n<p><a href=\"http:\/\/patrimonio.alospicos.com\/index.php\/2019\/10\/02\/x-olimpiada-filosofica\/\" target=\"_blank\" rel=\"noopener noreferrer\">Olimpiada Filos\u00f3fica<\/a><\/p>\n<p><a href=\"http:\/\/patrimonio.alospicos.com\/wp-content\/uploads\/2019\/09\/Filo%CC%81sofos-en-el-tiempo.pdf\" target=\"_blank\" rel=\"noopener noreferrer\">Los fil\u00f3sofos en el tiempo<\/a><\/p>\n<p><a href=\"https:\/\/fradive.webs.ull.es\/historiacomparada\/03ateos\/practica3.html\" target=\"_blank\" rel=\"noopener noreferrer\">S\u00edsifo, Critias<\/a>\u00a0(obligatorio)<\/p>\n<p><a href=\"http:\/\/patrimonio.alospicos.com\/wp-content\/uploads\/2016\/09\/MitodelMinotauro.pdf\" target=\"_blank\" rel=\"noopener noreferrer\">El Minotauro y El Laberinto<\/a> (obligatorio)<\/p>\n<p><a href=\"http:\/\/patrimonio.alospicos.com\/wp-content\/uploads\/2016\/09\/ApolineoyDionisiaco.pdf\" target=\"_blank\" rel=\"noopener noreferrer\">Apol\u00edneo y dionis\u00edaco<\/a>\u00a0(opcional Artes)<\/p>\n<p><a href=\"http:\/\/patrimonio.alospicos.com\/wp-content\/uploads\/2016\/09\/ElNacimientodelaTragedia.pdf\" target=\"_blank\" rel=\"noopener noreferrer\">El Nacimiento de la Tragedia<\/a>\u00a0(opcional Artes)<\/p>\n<p><a href=\"http:\/\/patrimonio.alospicos.com\/wp-content\/uploads\/2016\/09\/FilosofiadelaSospechaprofundizacion.pdf\" target=\"_blank\" rel=\"noopener noreferrer\">Filosof\u00eda de la Sospecha<\/a> (opcional Todos los Bach.)<\/p>\n<p><a href=\"http:\/\/patrimonio.alospicos.com\/wp-content\/uploads\/2016\/09\/FisicayFilosofia.pdf\" target=\"_blank\" rel=\"noopener noreferrer\">F\u00edsica y Filosof\u00eda<\/a> (opcional Cient\u00edfico,Tecnol\u00f3gico)<\/p>\n<p>[\/et_pb_blurb][et_pb_button button_url=&quot;http:\/\/patrimonio.alospicos.com\/index.php\/trabajo-de-curso\/&quot; button_text=&quot;Trabajos, normas&quot; button_alignment=&quot;left&quot; _builder_version=&quot;4.16&quot; custom_button=&quot;on&quot; button_text_size=&quot;14&quot; global_colors_info=&quot;{}&quot; button_text_size__hover_enabled=&quot;off&quot; button_text_size__hover=&quot;null&quot; button_one_text_size__hover_enabled=&quot;off&quot; button_one_text_size__hover=&quot;null&quot; button_two_text_size__hover_enabled=&quot;off&quot; button_two_text_size__hover=&quot;null&quot; button_text_color__hover_enabled=&quot;off&quot; button_text_color__hover=&quot;null&quot; button_one_text_color__hover_enabled=&quot;off&quot; button_one_text_color__hover=&quot;null&quot; button_two_text_color__hover_enabled=&quot;off&quot; button_two_text_color__hover=&quot;null&quot; button_border_width__hover_enabled=&quot;off&quot; button_border_width__hover=&quot;null&quot; button_one_border_width__hover_enabled=&quot;off&quot; button_one_border_width__hover=&quot;null&quot; button_two_border_width__hover_enabled=&quot;off&quot; button_two_border_width__hover=&quot;null&quot; button_border_color__hover_enabled=&quot;off&quot; button_border_color__hover=&quot;null&quot; button_one_border_color__hover_enabled=&quot;off&quot; button_one_border_color__hover=&quot;null&quot; button_two_border_color__hover_enabled=&quot;off&quot; button_two_border_color__hover=&quot;null&quot; button_border_radius__hover_enabled=&quot;off&quot; button_border_radius__hover=&quot;null&quot; button_one_border_radius__hover_enabled=&quot;off&quot; button_one_border_radius__hover=&quot;null&quot; button_two_border_radius__hover_enabled=&quot;off&quot; button_two_border_radius__hover=&quot;null&quot; button_letter_spacing__hover_enabled=&quot;off&quot; button_letter_spacing__hover=&quot;null&quot; button_one_letter_spacing__hover_enabled=&quot;off&quot; button_one_letter_spacing__hover=&quot;null&quot; button_two_letter_spacing__hover_enabled=&quot;off&quot; button_two_letter_spacing__hover=&quot;null&quot; button_bg_color__hover_enabled=&quot;off&quot; button_bg_color__hover=&quot;null&quot; button_one_bg_color__hover_enabled=&quot;off&quot; button_one_bg_color__hover=&quot;null&quot; button_two_bg_color__hover_enabled=&quot;off&quot; button_two_bg_color__hover=&quot;null&quot;]<\/p>\n<p>\n&nbsp;<\/p>\n<p>[\/et_pb_button][et_pb_button button_url=&quot;http:\/\/patrimonio.alospicos.com\/wp-content\/uploads\/2017\/06\/Filosofia-rec-global-minimos-1617.pdf&quot; url_new_window=&quot;on&quot; button_text=&quot;Contenidos m\u00ednimos&quot; button_alignment=&quot;left&quot; _builder_version=&quot;4.16&quot; custom_button=&quot;on&quot; button_text_size=&quot;14&quot; global_colors_info=&quot;{}&quot; button_text_size__hover_enabled=&quot;off&quot; button_text_size__hover=&quot;null&quot; button_one_text_size__hover_enabled=&quot;off&quot; button_one_text_size__hover=&quot;null&quot; button_two_text_size__hover_enabled=&quot;off&quot; button_two_text_size__hover=&quot;null&quot; button_text_color__hover_enabled=&quot;off&quot; button_text_color__hover=&quot;null&quot; button_one_text_color__hover_enabled=&quot;off&quot; button_one_text_color__hover=&quot;null&quot; button_two_text_color__hover_enabled=&quot;off&quot; button_two_text_color__hover=&quot;null&quot; button_border_width__hover_enabled=&quot;off&quot; button_border_width__hover=&quot;null&quot; button_one_border_width__hover_enabled=&quot;off&quot; button_one_border_width__hover=&quot;null&quot; button_two_border_width__hover_enabled=&quot;off&quot; button_two_border_width__hover=&quot;null&quot; button_border_color__hover_enabled=&quot;off&quot; button_border_color__hover=&quot;null&quot; button_one_border_color__hover_enabled=&quot;off&quot; button_one_border_color__hover=&quot;null&quot; button_two_border_color__hover_enabled=&quot;off&quot; button_two_border_color__hover=&quot;null&quot; button_border_radius__hover_enabled=&quot;off&quot; button_border_radius__hover=&quot;null&quot; button_one_border_radius__hover_enabled=&quot;off&quot; button_one_border_radius__hover=&quot;null&quot; button_two_border_radius__hover_enabled=&quot;off&quot; button_two_border_radius__hover=&quot;null&quot; button_letter_spacing__hover_enabled=&quot;off&quot; button_letter_spacing__hover=&quot;null&quot; button_one_letter_spacing__hover_enabled=&quot;off&quot; button_one_letter_spacing__hover=&quot;null&quot; button_two_letter_spacing__hover_enabled=&quot;off&quot; button_two_letter_spacing__hover=&quot;null&quot; button_bg_color__hover_enabled=&quot;off&quot; button_bg_color__hover=&quot;null&quot; button_one_bg_color__hover_enabled=&quot;off&quot; button_one_bg_color__hover=&quot;null&quot; button_two_bg_color__hover_enabled=&quot;off&quot; button_two_bg_color__hover=&quot;null&quot;]<\/p>\n<p>\n&nbsp;<\/p>\n<p>[\/et_pb_button][et_pb_counters _builder_version=&quot;4.16&quot; custom_padding=&quot;|||&quot; custom_padding_tablet=&quot;|||&quot; custom_padding_phone=&quot;|||&quot; custom_padding_last_edited=&quot;off|desktop&quot; global_colors_info=&quot;{}&quot;][et_pb_counter percent=&quot;25&quot; _builder_version=&quot;4.16&quot; background_enable_video_mp4=&quot;on&quot; background_enable_video_webm=&quot;on&quot; global_colors_info=&quot;{}&quot; bar_background_color_default=&quot;#7EBEC5&quot; use_percentages=&quot;on&quot;] 1\u00aa Evaluaci\u00f3n [\/et_pb_counter][et_pb_counter percent=&quot;25&quot; _builder_version=&quot;4.16&quot; background_enable_video_mp4=&quot;on&quot; background_enable_video_webm=&quot;on&quot; global_colors_info=&quot;{}&quot; bar_background_color_default=&quot;#7EBEC5&quot; use_percentages=&quot;on&quot;] 2\u00aa Evaluaci\u00f3n [\/et_pb_counter][et_pb_counter percent=&quot;25&quot; _builder_version=&quot;4.16&quot; background_enable_video_mp4=&quot;on&quot; background_enable_video_webm=&quot;on&quot; global_colors_info=&quot;{}&quot; bar_background_color_default=&quot;#7EBEC5&quot; use_percentages=&quot;on&quot;] 3\u00aa Evaluaci\u00f3n [\/et_pb_counter][et_pb_counter percent=&quot;25&quot; _builder_version=&quot;4.16&quot; background_enable_video_mp4=&quot;on&quot; background_enable_video_webm=&quot;on&quot; global_colors_info=&quot;{}&quot; bar_background_color_default=&quot;#7EBEC5&quot; use_percentages=&quot;on&quot;] Trabajo de Inv. en plazo y forma [\/et_pb_counter][\/et_pb_counters][et_pb_audio audio=&quot;http:\/\/patrimonio.alospicos.com\/wp-content\/uploads\/2017\/10\/DesesperacionDeSocratesanosostros-FacultadFilosofiaUniversidadBarcelona-3-12-2007.mp3&quot; title=&quot;Desesperaci\u00f3n de S\u00f3crates&quot; artist_name=&quot;Agust\u00edn G\u00aa Calvo&quot; album_name=&quot;(Comienza en minuto 14)&quot; image_url=&quot;http:\/\/patrimonio.alospicos.com\/wp-content\/uploads\/2017\/10\/Agust%C3%ADn-G-Calvo.jpg&quot; _builder_version=&quot;4.16&quot; global_colors_info=&quot;{}&quot;]<\/p>\n<p>\n&nbsp;<\/p>\n<p>[\/et_pb_audio][\/et_pb_column][\/et_pb_section]<\/p>\n","protected":false},"excerpt":{"rendered":"<p>[et_pb_section fb_built=\u00bb1&#8243; inner_shadow=\u00bbon\u00bb fullwidth=\u00bbon\u00bb custom_padding_last_edited=\u00bbon|desktop\u00bb admin_label=\u00bbsection\u00bb _builder_version=\u00bb4.18.0&#8243; background_color=\u00bb#8c8c8c\u00bb custom_padding_tablet=\u00bb50px|0|50px|0&#8243; custom_padding_phone=\u00bb\u00bb hover_enabled=\u00bb0&#8243; padding_mobile=\u00bboff\u00bb global_colors_info=\u00bb{}\u00bb sticky_enabled=\u00bb0&#8243;][et_pb_fullwidth_header title=\u00bbFilosof\u00eda 2021-2022&#8243; subhead=\u00bb1\u00ba de Bachillerato\u00bb admin_label=\u00bbFullwidth Header\u00bb _builder_version=\u00bb4.16&#8243; background_color=\u00bbrgba(255, 255, 255, 0)\u00bb link_option_url_new_window=\u00bbon\u00bb global_colors_info=\u00bb{}\u00bb button_one_text_size__hover_enabled=\u00bboff\u00bb button_one_text_size__hover=\u00bbnull\u00bb button_two_text_size__hover_enabled=\u00bboff\u00bb button_two_text_size__hover=\u00bbnull\u00bb button_one_text_color__hover_enabled=\u00bboff\u00bb button_one_text_color__hover=\u00bbnull\u00bb button_two_text_color__hover_enabled=\u00bboff\u00bb button_two_text_color__hover=\u00bbnull\u00bb button_one_border_width__hover_enabled=\u00bboff\u00bb button_one_border_width__hover=\u00bbnull\u00bb button_two_border_width__hover_enabled=\u00bboff\u00bb button_two_border_width__hover=\u00bbnull\u00bb button_one_border_color__hover_enabled=\u00bboff\u00bb button_one_border_color__hover=\u00bbnull\u00bb button_two_border_color__hover_enabled=\u00bboff\u00bb button_two_border_color__hover=\u00bbnull\u00bb button_one_border_radius__hover_enabled=\u00bboff\u00bb button_one_border_radius__hover=\u00bbnull\u00bb button_two_border_radius__hover_enabled=\u00bboff\u00bb button_two_border_radius__hover=\u00bbnull\u00bb button_one_letter_spacing__hover_enabled=\u00bboff\u00bb button_one_letter_spacing__hover=\u00bbnull\u00bb button_two_letter_spacing__hover_enabled=\u00bboff\u00bb button_two_letter_spacing__hover=\u00bbnull\u00bb button_one_bg_color__hover_enabled=\u00bboff\u00bb button_one_bg_color__hover=\u00bbnull\u00bb button_two_bg_color__hover_enabled=\u00bboff\u00bb [&hellip;]<\/p>\n","protected":false},"author":1,"featured_media":0,"parent":0,"menu_order":0,"comment_status":"closed","ping_status":"closed","template":"","meta":{"_et_pb_use_builder":"on","_et_pb_old_content":"","_et_gb_content_width":"","footnotes":""},"class_list":["post-5120","page","type-page","status-publish","hentry"],"_links":{"self":[{"href":"https:\/\/patrimonio.alospicos.com\/index.php\/wp-json\/wp\/v2\/pages\/5120","targetHints":{"allow":["GET"]}}],"collection":[{"href":"https:\/\/patrimonio.alospicos.com\/index.php\/wp-json\/wp\/v2\/pages"}],"about":[{"href":"https:\/\/patrimonio.alospicos.com\/index.php\/wp-json\/wp\/v2\/types\/page"}],"author":[{"embeddable":true,"href":"https:\/\/patrimonio.alospicos.com\/index.php\/wp-json\/wp\/v2\/users\/1"}],"replies":[{"embeddable":true,"href":"https:\/\/patrimonio.alospicos.com\/index.php\/wp-json\/wp\/v2\/comments?post=5120"}],"version-history":[{"count":0,"href":"https:\/\/patrimonio.alospicos.com\/index.php\/wp-json\/wp\/v2\/pages\/5120\/revisions"}],"wp:attachment":[{"href":"https:\/\/patrimonio.alospicos.com\/index.php\/wp-json\/wp\/v2\/media?parent=5120"}],"curies":[{"name":"wp","href":"https:\/\/api.w.org\/{rel}","templated":true}]}}