{"id":5979,"date":"2023-09-12T10:22:21","date_gmt":"2023-09-12T10:22:21","guid":{"rendered":"https:\/\/puenteromano.net\/?page_id=5979"},"modified":"2023-09-12T10:22:21","modified_gmt":"2023-09-12T10:22:21","slug":"filosofia-1-artes-2","status":"publish","type":"page","link":"https:\/\/patrimonio.alospicos.com\/index.php\/filosofia-1-artes-2\/","title":{"rendered":"Filosof\u00eda 1, Artes, Curso 22-23"},"content":{"rendered":"<p>[et_pb_section fb_built=&quot;1&quot; inner_shadow=&quot;on&quot; fullwidth=&quot;on&quot; custom_padding_last_edited=&quot;on|desktop&quot; admin_label=&quot;section&quot; _builder_version=&quot;4.16&quot; background_color=&quot;#aa07b5&quot; custom_padding=&quot;15px|||&quot; custom_padding_tablet=&quot;50px|0|50px|0&quot; custom_padding_phone=&quot;&quot; global_colors_info=&quot;{}&quot;][et_pb_fullwidth_header title=&quot;F\u00aa 1\u00ba, ARTES, Curso 2022-2023&quot; subhead=&quot;1\u00ba de Bachillerato de ARTES&quot; header_image_url=&quot;http:\/\/patrimonio.alospicos.com\/wp-content\/uploads\/2018\/12\/Raz%C3%B3n-vs-Experiencia-b-Olaya-Guerrero.jpg&quot; admin_label=&quot;Fullwidth Header&quot; _builder_version=&quot;4.22.1&quot; background_color=&quot;rgba(255, 255, 255, 0)&quot; link_option_url_new_window=&quot;on&quot; custom_css_header_image=&quot;width: 300px;&quot; global_colors_info=&quot;{}&quot; button_one_text_size__hover_enabled=&quot;off&quot; button_one_text_size__hover=&quot;null&quot; button_two_text_size__hover_enabled=&quot;off&quot; button_two_text_size__hover=&quot;null&quot; button_one_text_color__hover_enabled=&quot;off&quot; button_one_text_color__hover=&quot;null&quot; button_two_text_color__hover_enabled=&quot;off&quot; button_two_text_color__hover=&quot;null&quot; button_one_border_width__hover_enabled=&quot;off&quot; button_one_border_width__hover=&quot;null&quot; button_two_border_width__hover_enabled=&quot;off&quot; button_two_border_width__hover=&quot;null&quot; button_one_border_color__hover_enabled=&quot;off&quot; button_one_border_color__hover=&quot;null&quot; button_two_border_color__hover_enabled=&quot;off&quot; button_two_border_color__hover=&quot;null&quot; button_one_border_radius__hover_enabled=&quot;off&quot; button_one_border_radius__hover=&quot;null&quot; button_two_border_radius__hover_enabled=&quot;off&quot; button_two_border_radius__hover=&quot;null&quot; button_one_letter_spacing__hover_enabled=&quot;off&quot; button_one_letter_spacing__hover=&quot;null&quot; button_two_letter_spacing__hover_enabled=&quot;off&quot; button_two_letter_spacing__hover=&quot;null&quot; button_one_bg_color__hover_enabled=&quot;off&quot; button_one_bg_color__hover=&quot;null&quot; button_two_bg_color__hover_enabled=&quot;off&quot; button_two_bg_color__hover=&quot;null&quot;][\/et_pb_fullwidth_header][\/et_pb_section][et_pb_section fb_built=&quot;1&quot; specialty=&quot;on&quot; custom_padding_last_edited=&quot;on|desktop&quot; admin_label=&quot;section&quot; _builder_version=&quot;4.16&quot; custom_padding_tablet=&quot;50px|0|50px|0&quot; custom_padding_phone=&quot;&quot; padding_mobile=&quot;off&quot; global_colors_info=&quot;{}&quot;][et_pb_column type=&quot;3_4&quot; specialty_columns=&quot;3&quot; _builder_version=&quot;4.16&quot; custom_padding=&quot;|||&quot; global_colors_info=&quot;{}&quot; parallax__hover=&quot;off&quot; parallax_method__hover=&quot;on&quot; custom_padding__hover=&quot;|||&quot;][et_pb_row_inner padding_mobile=&quot;off&quot; column_padding_mobile=&quot;off&quot; _builder_version=&quot;4.16&quot; global_colors_info=&quot;{}&quot;][et_pb_column_inner saved_specialty_column_type=&quot;3_4&quot; _builder_version=&quot;4.16&quot; custom_padding=&quot;|||&quot; global_colors_info=&quot;{}&quot; column_padding_mobile__hover=&quot;off&quot; parallax__hover=&quot;off&quot; parallax_method__hover=&quot;on&quot; custom_padding__hover=&quot;|||&quot;][et_pb_text admin_label=&quot;Text&quot; _builder_version=&quot;4.17.1&quot; saved_tabs=&quot;all&quot; global_colors_info=&quot;{}&quot;]<\/p>\n<h2>Filosof\u00eda, 1\u00ba de Bachillerato-Artes<\/h2>\n<p>[\/et_pb_text][et_pb_blurb title=\u00bbRecuperaci\u00f3n y entrega de trabajos\u00bb use_icon=\u00bbon\u00bb font_icon=\u00bb&#x6c;||divi||400&#8243; icon_color=\u00bb#E02B20&#8243; _builder_version=\u00bb4.21.0&#8243; _module_preset=\u00bbdefault\u00bb global_colors_info=\u00bb{}\u00bb]<\/p>\n<p>El jueves 8 de junio, durante la hora de clase, se detallar\u00e1 el \u00abPlan de Recuperaci\u00f3n\u00bb individual que habr\u00e1 de seguir cada alumno. La fecha final para la entrega de trabajos y para la realizaci\u00f3n de la prueba final de recuperaci\u00f3n ser\u00e1 el:<\/p>\n<p><strong>MARTES, 20 DE JUNIO, A TERCERA HORA, EN EL AULA DE 2\u00ba DE BACHILLERATO DE CIENCIAS (Edificio 3, primer piso, junto a la Sala de Profesores)<\/strong><\/p>\n<p>[\/et_pb_blurb][et_pb_accordion _builder_version=\u00bb4.23.4&#8243; hover_enabled=\u00bb0&#8243; global_colors_info=\u00bb{}\u00bb sticky_enabled=\u00bb0&#8243;][et_pb_accordion_item title=\u00bbTERCERA EVALUACI\u00d3N\u00bb open=\u00bbon\u00bb _builder_version=\u00bb4.21.0&#8243; _module_preset=\u00bbdefault\u00bb global_colors_info=\u00bb{}\u00bb]<\/p>\n<p>L\u00d3GICA: \u00c1REAS Y CONTENIDO PRINCIPAL<\/p>\n<p>Lenguaje natural y lenguaje formal: la formalizaci\u00f3n de enunciados<br \/>Expresiones equivalentes. Interdefinici\u00f3n de expresiones.<br \/>L\u00f3gica de enunciados (o L\u00f3gica Proposicional).\u00a0La deducci\u00f3n natural.<br \/>L\u00f3gica de enunciados (o L\u00f3gica Proposicional). Las reglas de inferencia.<br \/>L\u00f3gica de clases. Diagramas de Venn.<\/p>\n<p>L\u00d3GICA: APLICACIONES Y TEXTOS DE AYUDA.<\/p>\n<p><a href=\"http:\/\/patrimonio.alospicos.com\/wp-content\/uploads\/2017\/04\/LogicaDeduccionNatural.pdf\" target=\"_blank\" rel=\"noopener noreferrer\">Deducci\u00f3n natural<\/a>: PDF con los conceptos fundamentales de la \u00abDeducci\u00f3n natural\u00bb<\/p>\n<p><a href=\"http:\/\/ntic.educacion.es\/w3\/\/eos\/MaterialesEducativos\/mem2003\/logica\/\" target=\"_blank\" rel=\"noopener noreferrer\">Aplicaci\u00f3n interactiva<\/a>: aplicaci\u00f3n de car\u00e1cter general, muy detallada.<\/p>\n<p><a href=\"http:\/\/patrimonio.alospicos.com\/wp-content\/uploads\/2017\/04\/L%C3%B3gica-paso-a-paso.pdf\" target=\"_blank\" rel=\"noopener noreferrer\">L\u00f3gica proposicional<\/a>: PDF completo, para entender paso a paso todos los conceptos fundamentales de la L\u00f3gica Proposicional<\/p>\n<p>_______________________________<\/p>\n<p>[\/et_pb_accordion_item][et_pb_accordion_item title=\u00bbSEGUNDA EVALUACI\u00d3N\u00bb _builder_version=\u00bb4.23.4&#8243; _module_preset=\u00bbdefault\u00bb hover_enabled=\u00bb0&#8243; global_colors_info=\u00bb{}\u00bb open=\u00bboff\u00bb sticky_enabled=\u00bb0&#8243;]<\/p>\n<p><b>Bloque 3. El ser humano: persona y sociedad<\/b><\/p>\n<ol>\n<li>La dimensi\u00f3n biol\u00f3gica: evoluci\u00f3n y hominizaci\u00f3n.\n<ol>\n<li><a href=\"\/wp-content\/uploads\/2017\/01\/HominizacionConceptosIntroductorios.pdf\" target=\"_blank\" rel=\"noopener noreferrer\">Conceptos introductorios<\/a>\u00a0(<strong>Examen<\/strong>. conceptos esenciales, se puede llevar la hoja con anotaciones al examen)<\/li>\n<li><a href=\"https:\/\/www.eldiario.es\/sociedad\/MRD-craneo-cambiando-creiamos-evolucion_0_940706021.html\" target=\"_blank\" rel=\"noopener noreferrer\">Australopitecos<\/a>, el estado de la investigaci\u00f3n\u00a0(<strong>Examen<\/strong>. Se admite esquema manuscrito en el examen)\n<ol>\n<li>Fuente:\u00a0Haile-Selassie, Y., Melillo, S.M., Vazzana, A. et al. <em>A 3.8-million-year-old hominin cranium from Woranso-Mille, Ethiopia<\/em>. Nature 573, 214\u2013219 (2019) doi:10.1038\/s41586-019-1513-8<\/li>\n<\/ol>\n<\/li>\n<li><a href=\"https:\/\/metode.es\/revistas-metode\/monograficos\/levolucio-genere-homo.html\" target=\"_blank\" rel=\"noopener noreferrer\">El g\u00e9nero \u00abHomo\u00bb<\/a>. \u00a0(<strong>Examen<\/strong>. Se admite esquema en el examen)<\/li>\n<li>El Hombre moderno (Sapiens)\n<ol>\n<li><a href=\"http:\/\/www.elmundo.es\/ciencia-y-salud\/ciencia\/2018\/01\/27\/5a6aff35e5fdeab91c8b466a.html\" target=\"_blank\" rel=\"noopener noreferrer\">Los primeros sapiens fuera de \u00c1frica<\/a>\u00a0(<strong>Examen<\/strong>. Se admite esquema en el examen)<\/li>\n<li><a href=\"http:\/\/patrimonio.alospicos.com\/wp-content\/uploads\/2019\/12\/El-Homo-Sapiens-en-%C3%81frica-A.-Matilla-El-Mundo.jpg\" target=\"_blank\" rel=\"noopener noreferrer\">Expansi\u00f3n desde \u00c1frica, mapa<\/a>\u00a0(se admite fotocopia del mapa en el examen)<\/li>\n<li><a href=\"http:\/\/patrimonio.alospicos.com\/index.php\/2019\/12\/10\/homo-sapiens-tempranos-en-eurasia\/\" target=\"_blank\" rel=\"noopener noreferrer\">Homo Sapiens tempranos en Eurasia<\/a> (<strong>Examen<\/strong>. Se admite esquema en el examen)<\/li>\n<li><a href=\"http:\/\/www.elmundo.es\/especiales\/2009\/02\/ciencia\/darwin\/seccion3\/seccion35.html\" target=\"_blank\" rel=\"noopener noreferrer\">Gr\u00e1fico interactivo<\/a>\u00a0(solo consulta)<\/li>\n<li><a href=\"http:\/\/patrimonio.alospicos.com\/index.php\/2021\/12\/21\/informacion-y-contexto\/\" target=\"_blank\" rel=\"noopener noreferrer\">B\u00fasqueda de informaci\u00f3n<\/a> (<strong>Ejercicio<\/strong> opcional: entrega de un PDF de dos hojas, 2 puntos de la ev.)<\/li>\n<\/ol>\n<\/li>\n<li>El lenguaje y la evoluci\u00f3n:\n<ol>\n<li><a href=\"\/wp-content\/uploads\/2017\/01\/LenguajeyLaringe.pdf\" target=\"_blank\" rel=\"noopener noreferrer\">El lenguaje humano y la laringe<\/a>\u00a0(<strong>Examen<\/strong>. Se admite esquema en el examen)<\/li>\n<li><a href=\"http:\/\/patrimonio.alospicos.com\/wp-content\/uploads\/2020\/01\/Lewin-La-evoluci%C3%B3n-del-lenguaje.pdf\">Evoluci\u00f3n y lenguaje <\/a>(<strong>Examen<\/strong>. Lectura, 10 p\u00e1ginas. Se admite esquema en el examen. Pueden caer textos del documento en el examen)<\/li>\n<li><a href=\"https:\/\/www.dailymotion.com\/video\/x2lima6\" target=\"_blank\" rel=\"noopener noreferrer\">El lenguaje de los monos <em>vervet<\/em> ante el peligro<\/a>\u00a0(v\u00eddeo, visualizaci\u00f3n)<\/li>\n<\/ol>\n<\/li>\n<\/ol>\n<\/li>\n<li>La dimensi\u00f3n sociocultural: humanizaci\u00f3n, individuo y ser social. La relaci\u00f3n entre naturaleza y cultura.\n<ol>\n<li>El debate entre \u00abNaturaleza\u00bb y \u00abCultura\u00bb:\n<ol>\n<li><a href=\"\/wp-content\/uploads\/2017\/01\/GeneticaPoblacionyCulturaGuion.pdf\" target=\"_blank\" rel=\"noopener noreferrer\">Conceptos fundamentales<\/a> (<strong>Examen<\/strong>. conceptos esenciales, se puede llevar la hoja con anotaciones al examen)\n<ol>\n<li><a href=\"\/wp-content\/uploads\/2017\/01\/GeneticaPoblacionyCultura.pdf\" target=\"_blank\" rel=\"noopener noreferrer\">Gen\u00e9tica, poblaci\u00f3n y cultura<\/a> (ampliaci\u00f3n de \u00abconceptos fundamentales\u00bb, s\u00f3lo consulta)<\/li>\n<li><a href=\"https:\/\/www.investigacionyciencia.es\/noticias\/el-origen-evolutivo-del-color-de-la-piel-15820\" target=\"_blank\" rel=\"noopener noreferrer\">Sobre el color de la piel<\/a> (art\u00edculo, lectura)\n<ol is=\"undefined\">\n<li><a href=\"https:\/\/www.census.gov\/newsroom\/press-releases\/2021\/population-changes-nations-diversity\/population-changes-nations-diversity-spanish.html\" target=\"_blank\" rel=\"noopener noreferrer\">Raza y etnicidad en EEUU<\/a>\u00a0(\u00faltimos datos)<\/li>\n<li><a href=\"http:\/\/patrimonio.alospicos.com\/wp-content\/uploads\/2019\/12\/Concepto-de-22raza22-en-EEUU.pdf\" target=\"_blank\" rel=\"noopener noreferrer\">Sobre la clasificaci\u00f3n racial en EEUU<\/a>\u00a0(documento, lectura)<\/li>\n<li><a href=\"https:\/\/www.pewsocialtrends.org\/2017\/05\/18\/intermarriage-in-the-u-s-50-years-after-loving-v-virginia\/\" target=\"_blank\" rel=\"noopener noreferrer\">Matrimonios mixtos en EEUU<\/a> (art\u00edculo, lectura)<\/li>\n<li><a href=\"\/wp-content\/uploads\/2017\/01\/EtniaEtnicoEtnicidad.pdf\" target=\"_blank\" rel=\"noopener noreferrer\">Etnia y cultura<\/a> (<strong>Examen<\/strong>)<\/li>\n<\/ol>\n<\/li>\n<\/ol>\n<\/li>\n<li>Cazadores\n<ol>\n<li><a href=\"\/wp-content\/uploads\/2017\/09\/Inuits.pdf\" target=\"_blank\" rel=\"noopener noreferrer\">Inuits<\/a>\u00a0(<strong>Examen<\/strong>. Se puede llevar el esquema de ordenador al examen)<\/li>\n<li><a href=\"https:\/\/youtu.be\/_f8J9NRchOE\" target=\"_blank\" rel=\"noopener noreferrer\">Nanook del Norte, documental<\/a>\u00a0de\u00a0Robert J. Flaherty (1922). Primer documental de la historia del cine (1h. 15 min, opcional)<\/li>\n<li><a href=\"http:\/\/patrimonio.alospicos.com\/wp-content\/uploads\/2019\/12\/Inuits-de-O-Guerrero-scaled.jpg\" target=\"_blank\" rel=\"noopener noreferrer\">Inuits: ilustraci\u00f3n de O. Guerrero<\/a>\u00a0(ver)<\/li>\n<li><a href=\"https:\/\/www.eldiario.es\/socios\/Angry-Inuk-documental-focas-Inuit_6_990110994.html\" target=\"_blank\" rel=\"noopener noreferrer\">Angry Inuk<\/a> (Inuit enfadado, 2016), art\u00edculo sobre el documental en El Diario (leer).<\/li>\n<\/ol>\n<\/li>\n<li><a href=\"https:\/\/doi.org\/10.1126\/science.aav4040\" target=\"_blank\" rel=\"noopener noreferrer\">Antiguos y nuevos \u00abpobladores ib\u00e9ricos\u00bb<\/a> (en ingl\u00e9s, s\u00f3lo lectura. <a href=\"https:\/\/ellipse.prbb.org\/es\/descifrando-el-mosaico-genetico-de-los-ultimos-8-000-anos-en-la-peninsula-iberica\/\" target=\"_blank\" rel=\"noopener noreferrer\">En castellano<\/a>, (<strong>Examen<\/strong>. Se admite esquema manuscrito en el examen), sobre el mismo descubrimiento.<\/li>\n<li>De cazadores a pastores en la pen\u00ednsula. (opcional: <a href=\"http:\/\/patrimonio.alospicos.com\/wp-content\/uploads\/2020\/01\/Neol%C3%ADtico-y-poblaci%C3%B3n-ib%C3%A9rica.pdf\" target=\"_blank\" rel=\"noopener noreferrer\">art\u00edculo de Cristina Valdiosera<\/a> et al. en PNAS)<\/li>\n<li>Picos de Europa: cazadores y\/o pastores. <a href=\"https:\/\/www.lne.es\/sociedad\/2023\/03\/01\/asturias-tierra-cazadores-recolectores-investigacion-83953054.html\" target=\"_blank\" rel=\"noopener\">La Cueva del Jou Amieva en el Cuera<\/a>.<\/li>\n<li>\n<ol><\/ol>\n<\/li>\n<li><a href=\"\/wp-content\/uploads\/2017\/09\/Pastores-de-Los-Picos-introducci%C3%B3n.pdf\" target=\"_blank\" rel=\"noopener noreferrer\">Pastores de Los Picos de Europa<\/a>\u00a0(<strong>Examen<\/strong>. Se admite esquema)<\/li>\n<\/ol>\n<\/li>\n<li>El patrimonio cultural intangible:\n<ol>\n<li><a href=\"\/wp-content\/uploads\/2017\/01\/La-defensa-de-las-culturas-amenazadas-J-Goytisolo.pdf\" target=\"_blank\" rel=\"noopener noreferrer\">La defensa de las culturas amenazadas<\/a>, de Juan Goytisolo (Texto obligatorio. Lectura comprensiva; pueden caer textos de este documento en el examen). M\u00e1s textos (opcionales) sobre el tema: <a href=\"\/project\/yamaa-el-fna-patrimonio-de-la-humanidad\/\" target=\"_blank\" rel=\"noopener noreferrer\">La Plaza de Yamaa el Fna, patrimonio de la humanidad<\/a>)<\/li>\n<li>Lenguas del mundo:\n<ol>\n<li><a href=\"http:\/\/patrimonio.alospicos.com\/wp-content\/uploads\/2019\/12\/Mapa-de-las-lenguas-del-mundo.png\" target=\"_blank\" rel=\"noopener noreferrer\">Mapa de las lenguas del mundo<\/a>\u00a0(ver)<\/li>\n<li><a href=\"http:\/\/www.unesco.org\/culture\/languages-atlas\/es\/atlasmap.html\" target=\"_blank\" rel=\"noopener noreferrer\">Lenguas del mundo amenazadas<\/a>:\u00a0Moseley, Christopher (ed.). 2010. Atlas de las lenguas del mundo en peligro, 3\u00aa edici\u00f3n. Par\u00eds, Ediciones UNESCO (consulta, opcional)<\/li>\n<\/ol>\n<\/li>\n<\/ol>\n<\/li>\n<li>Lectura de textos y creatividad (opcional, puede suponer un 20% de la evaluaci\u00f3n. Sustituye\/excluye las actividades \u00abB\u00fasqueda de informaci\u00f3n\u00bb y \u00abHoja de Registro\u00bb; es edcir, ha de elegirse entre \u00abLectura y creatividad\u00bb y las otras dos). Campo tem\u00e1tico: individuo, sociedad, cultura y conocimiento:\n<ol>\n<li>B\u00ba Cient\u00edfico: \u00abRel\u00e1mpagos\u00bb, Jean Echenoz (Biograf\u00eda novelada del ingeniero\u00a0Nikola Tesla, Anagrama, 2012, 160 p\u00e1ginas)<\/li>\n<li>B\u00aa Art\u00edstico: \u00abRavel\u00bb,\u00a0Jean Echenoz (Biograf\u00eda novelada del compositor Maurice Ravel, Anagrama 2007, 128 p\u00e1ginas)<\/li>\n<li>B\u00aa Humanidades y Sociales: \u00abCorrer\u00bb,\u00a0Jean Echenoz (Biograf\u00eda novelada del\u00a0atleta checo Emil Z\u00e1topek, Anagrama, 2010, 144 p\u00e1ginas)<\/li>\n<li>Descripci\u00f3n de la actividad \u00ab<a href=\"\/2017\/01\/15\/biografias-noveladas-ejercicio\/\" target=\"_blank\" rel=\"noopener noreferrer\">Lectura de textos y creatividad<\/a>\u00ab<\/li>\n<\/ol>\n<\/li>\n<li>Hoja de Registro (<strong>obligatorio<\/strong>, 10% de la evaluaci\u00f3n):\n<ol>\n<li>Elaboraci\u00f3n de una <a href=\"https:\/\/investiga.puenteromano.net\/index.php\/hoja-de-registro\/\">hoja de registro<\/a>\u00a0(con publicaci\u00f3n en formato \u00abweb\u00bb) sobre un bien patrimonial en la intersecci\u00f3n \u00abnaturaleza-cultura\u00bb.<\/li>\n<li><a href=\"\/wp-content\/uploads\/2017\/01\/Investigaci%C3%B3n-y-patrimonio-lista-de-temas.pdf\" target=\"_blank\" rel=\"noopener noreferrer\">Listado de temas y campos<\/a> de investigaci\u00f3n patrimonial (ideas para la realizaci\u00f3n de la \u00abhoja de registro\u00bb; s\u00f3lo consulta)<\/li>\n<\/ol>\n<\/li>\n<\/ol>\n<\/li>\n<li>Relaci\u00f3n ling\u00fc\u00edstica y simb\u00f3lica del sujeto con el mundo: L\u00f3gica formal e informal (pasa al tercer trimestre)<\/li>\n<li>Concepciones filos\u00f3ficas del ser humano. Cosmolog\u00edas, Metaf\u00edsicas, Utop\u00edas, etc\u00e9tera.<\/li>\n<\/ol>\n<p><b>Bloque 4. Filosof\u00eda moral y pol\u00edtica<\/b><\/p>\n<ol>\n<li><a href=\"\/wp-content\/uploads\/2017\/01\/Acci%C3%B3n-moral-libertad-y-responsabilidad.pdf\" target=\"_blank\" rel=\"noopener noreferrer\">Los fundamentos de la acci\u00f3n moral: libertad y responsabilidad<\/a>. La relativizaci\u00f3n de los valores en la sociedad actual <strong>(Examen. <\/strong>Lectura comprensiva; pueden caer textos de los autores recogidos en este documento en el examen)\n<ol>\n<li><a href=\"\/wp-content\/uploads\/2018\/02\/Libertad-cuestiones.pdf\" target=\"_blank\" rel=\"noopener noreferrer\">Conceptos fundamentales<\/a>\u00a0(esquema de apoyo, puede llevarse al examen) recogidos en el documento anterior, sobre los que versar\u00e1n las preguntas y\/o textos del examen.<\/li>\n<\/ol>\n<\/li>\n<li>Las teor\u00edas \u00e9ticas ante los retos de la sociedad actual: \u00e9ticas de la felicidad y \u00e9ticas de la justicia. El debate Rawls\/Van Parijs y el surfista de Malib\u00fa. Documentos de trabajo y preparaci\u00f3n del debate en el Centro:\n<ol>\n<li><a href=\"\/wp-content\/uploads\/2017\/02\/Rawls-y-el-surfista-R.-Alcoberro-Introducci%C3%B3n.pdf\" target=\"_blank\" rel=\"noopener noreferrer\">Rawls y el surfista<\/a>, R. Alcoberro <strong>(Examen. <\/strong>Introducci\u00f3n<strong>,<\/strong> obligatorio)<\/li>\n<li><a href=\"\/wp-content\/uploads\/2017\/02\/Rawls-y-su-22teor%C3%ADa-de-la-justicia22.pdf\" target=\"_blank\" rel=\"noopener noreferrer\">Rawls y su \u00abteor\u00eda de la justicia\u00bb<\/a> (<strong>Examen<\/strong>. Ideas fundamentales, obligatorio)<\/li>\n<li>Debate: \u00bfDebemos alimentar a los surfistas? (enlaces y textos de apoyo)\n<ol>\n<li><a href=\"\/wp-content\/uploads\/2017\/02\/Renta-b%C3%A1sica-y-Justicia-Social-en-castellano-Van-Parijs.pdf\" target=\"_blank\" rel=\"noopener noreferrer\">Renta b\u00e1sica y justicia social<\/a>, Van Parijs (art\u00edculo completo en castellano)<\/li>\n<li><a href=\"https:\/\/juanramonrallo.com\/la-renta-basica-es-injusta\/\" target=\"_blank\" rel=\"noopener noreferrer\">\u00abLa renta b\u00e1sica universal es injusta\u00bb<\/a>, de J.R. Rallo<\/li>\n<li><a href=\"\/wp-content\/uploads\/2017\/02\/RBU-Van-Parijs-entrevista-resumida-en-castellano.pdf\" target=\"_blank\" rel=\"noopener noreferrer\">Sobre la \u00abrenta b\u00e1sica universal\u00bb<\/a> (RBU), Van Parijs (entrevista resumida, en castellano)<\/li>\n<li><a href=\"\/wp-content\/uploads\/2017\/02\/RBU-Van-Parijs-entrevista-en-franc%C3%A9s.pdf\" target=\"_blank\" rel=\"noopener noreferrer\">Sobre la \u00abrenta b\u00e1sica universal\u00bb<\/a> (RBU), Van Parijs, entrevista (texto completo en franc\u00e9s)<\/li>\n<li>\u00ab<a href=\"\/wp-content\/uploads\/2017\/02\/Why-Surfers-Should-Be-Fed-Van-Parijs-en-ingl%C3%A9s.pdf\" target=\"_blank\" rel=\"noopener noreferrer\">Why Surfers Should Be Fed\u00bb<\/a>, Van Paris (art\u00edculo completo en ingl\u00e9s)<\/li>\n<\/ol>\n<\/li>\n<\/ol>\n<\/li>\n<li>El problema del origen y legitimidad del poder pol\u00edtico.\n<ol>\n<li>Poder y dominaci\u00f3n:\u00a0<a href=\"\/wp-content\/uploads\/2018\/02\/En-la-misma-nave-texto.pdf\" target=\"_blank\" rel=\"noopener noreferrer\">El poder y los de abajo<\/a>\u00a0(s\u00f3lo lectura)<\/li>\n<li><a href=\"http:\/\/patrimonio.alospicos.com\/wp-content\/uploads\/2019\/03\/Poder-y-legitimidad-conceptos-f.pdf\" target=\"_blank\" rel=\"noopener noreferrer\">Conceptos fundamentales<\/a>\u00a0(<strong>Examen.\u00a0<\/strong>Esquema de apoyo)<\/li>\n<li>El poder en la sombra: sociedades secretas y lobbies\n<ol>\n<li><a href=\"\/wp-content\/uploads\/2017\/03\/La-Mafia-enlaces.pdf\" target=\"_blank\" rel=\"noopener noreferrer\">Las \u00abmafias\u00bb hist\u00f3ricas<\/a>, <a href=\"http:\/\/elpais.com\/diario\/2011\/10\/16\/eps\/1318746421_850215.html\" target=\"_blank\" rel=\"noopener noreferrer\">Los Yakuza<\/a>\u00a0(leer ambos art\u00edculos)<\/li>\n<li>La Masoner\u00eda\n<ol>\n<li><a href=\"http:\/\/www2.uned.es\/dpto-hdi\/museovirtualhistoriamasoneria\/1finalidad_de_la_masoneria\/que%20es%20la%20masoneria.htm\" target=\"_blank\" rel=\"noopener noreferrer\">La Masoner\u00eda (extracto)<\/a>\u00a0(leer el art\u00edculo)<\/li>\n<li><a href=\"https:\/\/mfrr.files.wordpress.com\/2012\/07\/lamasoneriaferrerbenimeli.pdf\" target=\"_blank\" rel=\"noopener noreferrer\">La Masoner\u00eda (libro)<\/a>\u00a0(lectura opcional)<\/li>\n<\/ol>\n<\/li>\n<li><a href=\"\/wp-content\/uploads\/2017\/03\/Lobbies-poder-en-la-sombra.pdf\" target=\"_blank\" rel=\"noopener noreferrer\">Los lobbies<\/a>\u00a0(<strong>Examen)<\/strong><\/li>\n<\/ol>\n<\/li>\n<li>Algunas concreciones\u00a0hist\u00f3ricas y contempor\u00e1neas: monarqu\u00edas y rep\u00fablicas.\u00a0Castas, estamentos y clases.\u00a0ONU, TPI, Tribunales de La Haya.\u00a0OTAN, Pacto de Varsovia, Liga \u00c1rabe, G7-8-10-20, \u00abTroika\u00bb (CE, BCE y FMI).<\/li>\n<\/ol>\n<\/li>\n<li>Podcast\u00a0(<strong>obligatorio<\/strong>, 10% de la evaluaci\u00f3n): sobre cualquiera de los temas o campos \u00absocio-culturales\u00bb (Bloque 3, apartado 2: La dimensi\u00f3n sociocultural: humanizaci\u00f3n, individuo y ser social. La relaci\u00f3n entre naturaleza y cultura) o bien de cualquiera de los contenidos del Bloque 4 (Filosof\u00eda moral y pol\u00edtica).<\/li>\n<\/ol>\n<p><strong>Relaci\u00f3n entre contenidos y criterios de evaluaci\u00f3n\/calificaci\u00f3n<\/strong><\/p>\n<ol>\n<li>An\u00e1lisis y comentario de textos filos\u00f3ficos, jur\u00eddicos, pol\u00edticos, sociol\u00f3gicos y econ\u00f3micos. Desarrollo de disertaciones elementales sobre temas filos\u00f3ficos, empleando con propiedad y rigor los t\u00e9rminos utilizados.<\/li>\n<li>Utilizaci\u00f3n de los distintos medios de consulta sobre los problemas planteados, desarrollando un adecuado dominio en el uso de las Tecnolog\u00edas de la Informaci\u00f3n y la Comunicaci\u00f3n.<\/li>\n<\/ol>\n<p>[\/et_pb_accordion_item][et_pb_accordion_item title=\u00bbPRIMERA EVALUACI\u00d3N\u00bb _builder_version=\u00bb4.19.2&#8243; background_size=\u00bbinitial\u00bb background_position=\u00bbtop_left\u00bb background_repeat=\u00bbrepeat\u00bb global_colors_info=\u00bb{}\u00bb open=\u00bboff\u00bb]<\/p>\n<p><b>1. Filosof\u00eda, ciencia y otros modelos de saber<\/b>: NO SE ACEPTAN EN EL EXAMEN FOTOCOPIAS NI ESQUEMAS DE OTROS)<\/p>\n<p><a href=\"http:\/\/patrimonio.alospicos.com\/wp-content\/uploads\/2017\/09\/IntroGreciaArtes.pdf\" target=\"_blank\" rel=\"noopener noreferrer\">Introducci\u00f3n a la Filosof\u00eda<\/a>\u00a0(EXAMEN. SE PUEDE TRAER EL DOCUMENTO)<\/p>\n<p><a href=\"http:\/\/patrimonio.alospicos.com\/index.php\/2019\/11\/12\/las-sirenas-homericas-2\/\" target=\"_blank\" rel=\"noopener noreferrer\">Las sirenas hom\u00e9ricas<\/a>. Trabajo: ilustraci\u00f3n (A4, con texto manuscrito de descripci\u00f3n o justificaci\u00f3n en el reverso)<\/p>\n<p><a href=\"http:\/\/patrimonio.alospicos.com\/wp-content\/uploads\/2016\/09\/MitodelMinotauro.pdf\" target=\"_blank\" rel=\"noopener noreferrer\">Mito\/Logos: El Minotauro<\/a>\u00a0(EXAMEN. SE ADMITE ESQUEMA O NOTAS)<\/p>\n<p><a href=\"http:\/\/patrimonio.alospicos.com\/index.php\/2019\/12\/05\/apolineo-y-dionisiaco\/\" target=\"_blank\" rel=\"noopener noreferrer\">Sobre los conceptos \u00abapol\u00edneo\u00bb y \u00abdionis\u00edaco\u00bb<\/a>\u00a0(EXAMEN)<\/p>\n<p><a href=\"http:\/\/patrimonio.alospicos.com\/wp-content\/uploads\/2016\/09\/ElNacimientodelaTragedia.pdf\" target=\"_blank\" rel=\"noopener noreferrer\">El Nacimiento de la Tragedia<\/a>\u00a0(TEXTO: PREGUNTA GEN\u00c9RICA. ESQUEMA PERMITIDO O NOTAS)<\/p>\n<p><a href=\"http:\/\/patrimonio.alospicos.com\/wp-content\/uploads\/2016\/10\/Lafilosofiapresocratica.pdf\" target=\"_blank\" rel=\"noopener noreferrer\">Los Presocr\u00e1ticos (lectura y s\u00edntesis)<\/a>. (EXAMEN. ESQUEMA PERMITIDO).<\/p>\n<ul>\n<li>Trabajo: ilustraci\u00f3n en los m\u00e1rgenes del documento con iconograf\u00eda alusiva a las ideas esenciales de cada corriente o autor (<em>arj\u00e9s<\/em>, ciclos, procesos, conceptos esenciales, met\u00e1foras, etc.)<\/li>\n<\/ul>\n<p><a href=\"http:\/\/patrimonio.alospicos.com\/wp-content\/uploads\/2017\/10\/Viva-S%C3%B3crates-de-A.-Garc%C3%ADa-Calvo.pdf\" target=\"_blank\" rel=\"noopener noreferrer\">\u00abViva S\u00f3crates\u00bb<\/a>\u00a0(LECTURA) de Agust\u00edn Garcia Calvo.<span>\u00a0Tarea\/debate en clase: construir una posici\u00f3n o tesis, para su defensa o presentaci\u00f3n en clase, sobre la figura \u00abS\u00f3crates\u00bb a partir del texto de G\u00aa Calvo. En la tesis propia han de figurar matices, datos de contexto y percepci\u00f3n personal.<\/span><\/p>\n<ul>\n<li><span>Texto de apoyo: \u00ab<a href=\"http:\/\/patrimonio.alospicos.com\/wp-content\/uploads\/2019\/10\/S%C3%B3crates-de-A.-Garc%C3%ADa-Calvo.pdf\" target=\"_blank\" rel=\"noopener noreferrer\">S\u00f3crates<\/a>\u00ab, de A. Garc\u00eda Calvo, Salvat. (LECTURA)<\/span><span><\/span><\/li>\n<li>Audio-video de apoyo: <a href=\"https:\/\/youtu.be\/qv-TXz0qc7g\" target=\"_blank\" rel=\"noopener noreferrer\">Filosof\u00eda de S\u00f3crates<\/a>, de Lluna Pineda (Youtube) (LECTURA)<\/li>\n<li><span><\/span>Breve texto del profesor: <a href=\"http:\/\/patrimonio.alospicos.com\/wp-content\/uploads\/2019\/10\/S%C3%B3crates-en-el-establo.pdf\" target=\"_blank\" rel=\"noopener noreferrer\">S\u00f3crates en el establo<\/a> (LECTURA)<\/li>\n<\/ul>\n<p><b>2. Filosof\u00eda como racionalidad te\u00f3rica: verdad y realidad<\/b><\/p>\n<p><a href=\"http:\/\/patrimonio.alospicos.com\/wp-content\/uploads\/2016\/09\/Preguntasyproblemasdelafilosofia.pdf\" target=\"_blank\" rel=\"noopener noreferrer\">Preguntas y problemas de la filosof\u00eda<\/a>\u00a0(LECTURA)<\/p>\n<p><a href=\"http:\/\/patrimonio.alospicos.com\/wp-content\/uploads\/2016\/09\/RealidadyficcionLasruinascirculares.pdf\" target=\"_blank\" rel=\"noopener noreferrer\">Realidad y ficci\u00f3n (Borges)<\/a>\u00a0(LECTURA)<\/p>\n<p><a href=\"http:\/\/patrimonio.alospicos.com\/wp-content\/uploads\/2016\/09\/VerdadyrealidadEsquema.pdf\" target=\"_blank\" rel=\"noopener noreferrer\">Verdad y realidad, esquema de apoyo<\/a>\u00a0(LECTURA)<\/p>\n<p><a href=\"http:\/\/patrimonio.alospicos.com\/wp-content\/uploads\/2016\/09\/PlatonLasIdeasyLasCosas.pdf\" target=\"_blank\" rel=\"noopener noreferrer\">Plat\u00f3n, las ideas y las cosas<\/a>\u00a0(EXAMEN. ESQUEMA PERMITIDO)<\/p>\n<p><a href=\"http:\/\/patrimonio.alospicos.com\/wp-content\/uploads\/2016\/11\/Plat%C3%B3n-reminsicencia-y-orfismo.pdf\" target=\"_blank\" rel=\"noopener noreferrer\">Plat\u00f3n, reminiscencia y orfismo<\/a> (EXAMEN. ESQUEMA PERMITIDO)<\/p>\n<p>Plat\u00f3n, alegor\u00eda de La Caverna<\/p>\n<ul>\n<li><a href=\"http:\/\/patrimonio.alospicos.com\/wp-content\/uploads\/2018\/10\/Platon-El-mito-de-la-caverna.pdf\" target=\"_blank\" rel=\"noopener noreferrer\">Texto e introducci\u00f3n<\/a>\u00a0(texto con ilustraci\u00f3n, para leer online)<\/li>\n<li><a href=\"http:\/\/patrimonio.alospicos.com\/wp-content\/uploads\/2018\/10\/Plato%CC%81n-alegori%CC%81a-de-La-Caverna.pdf\" target=\"_blank\" rel=\"noopener noreferrer\">PDF para descargar<\/a>\u00a0(texto en dos hojas, para imprimir). (TEXTO: PREGUNTA GEN\u00c9RICA. ESQUEMA PERMITIDO)<\/li>\n<li><a href=\"https:\/\/www.bachilleratocinefilo.com\/2015\/09\/el-mito-de-la-caverna-de-platon-la.html\" target=\"_blank\" rel=\"noopener\">La sombra, la pantalla, la luz<\/a>; de Francisco Huertas (publicaci\u00f3n web, esencial, completa)\n<ul>\n<li><a href=\"http:\/\/patrimonio.alospicos.com\/wp-content\/uploads\/2021\/10\/Ella-Baron-La-Caverna-de-Platon.jpeg\">La caverna de Plat\u00f3n<\/a> (Ilustraci\u00f3n de Ella Baron)<\/li>\n<\/ul>\n<\/li>\n<\/ul>\n<p><a href=\"http:\/\/patrimonio.alospicos.com\/wp-content\/uploads\/2016\/09\/Elnombredelarosa.pdf\" target=\"_blank\" rel=\"noopener noreferrer\">El nombre de la \u00abrosa\u00bb<\/a>\u00a0(EXAMEN)<\/p>\n<p><a href=\"http:\/\/patrimonio.alospicos.com\/wp-content\/uploads\/2016\/09\/RazonyExperiencia.pdf\" target=\"_blank\" rel=\"noopener noreferrer\">Raz\u00f3n y experiencia: la g\u00e9nesis del m\u00e9todo cient\u00edfico<\/a>\u00a0(EXAMEN. DOS PREGUNTAS)<\/p>\n<ul>\n<li><a href=\"http:\/\/patrimonio.alospicos.com\/wp-content\/uploads\/2018\/12\/Razo%CC%81n-vs-Experiencia-b-Olaya-Guerrero.jpg\" target=\"_blank\" rel=\"noopener noreferrer\">Ilustraci\u00f3n de O. Guerrero<\/a>\u00a0(VER)<\/li>\n<\/ul>\n<p><a href=\"http:\/\/patrimonio.alospicos.com\/wp-content\/uploads\/2016\/09\/Filosofosdelasospecha.pdf\" target=\"_blank\" rel=\"noopener noreferrer\">Los Fil\u00f3sofos de la Sospecha, texto general<\/a> (EXAMEN. DOS PREGUNTAS. SE ADMITE ESQUEMA)<\/p>\n<p><a href=\"http:\/\/patrimonio.alospicos.com\/wp-content\/uploads\/2016\/11\/La-verdad-es-la-verdad.pdf\" target=\"_blank\" rel=\"noopener noreferrer\">La verdad es la verdad<\/a>\u00a0(UNA PREGUNTA. SE ADMITE ESQUEMA)<\/p>\n<p><a href=\"https:\/\/www.eldiario.es\/cultura\/arte\/Banksy-trolea-capitalismo-viceversa_0_823467952.html\" target=\"_blank\" rel=\"noopener noreferrer\">La contradicci\u00f3n arte\/mercado: Banksy<\/a>\u00a0(VER.LECTURA)<\/p>\n<p><a href=\"http:\/\/patrimonio.alospicos.com\/index.php\/2019\/11\/25\/verdad-y-media\/\" target=\"_blank\" rel=\"noopener noreferrer\">Verdad y Media: el fotoperiodismo<\/a>\u00a0(UNA PREGUNTA)<\/p>\n<p><b>3. Filosof\u00eda como racionalidad pr\u00e1ctica:<\/b><\/p>\n<p><a href=\"http:\/\/patrimonio.alospicos.com\/wp-content\/uploads\/2016\/09\/LaDemocraciaAteniense.pdf\" target=\"_blank\" rel=\"noopener noreferrer\">La democracia ateniense<\/a>\u00a0(SE ADMITE ESQUEMA)<\/p>\n<p><a href=\"http:\/\/patrimonio.alospicos.com\/wp-content\/uploads\/2016\/09\/DemocraciayLenguaje.pdf\" target=\"_blank\" rel=\"noopener noreferrer\">Democracia y lenguaje<\/a>\u00a0(SE ADMITE ESQUEMA)<\/p>\n<p><a href=\"http:\/\/patrimonio.alospicos.com\/wp-content\/uploads\/2016\/09\/SocratesAutoconocimiento.pdf\" target=\"_blank\" rel=\"noopener noreferrer\">S\u00f3crates y el conocimiento de uno mismo<\/a> (UNA PREGUNTA GEN\u00c9RICA. SE ADMITE ESQUEMA)<\/p>\n<p><a href=\"http:\/\/patrimonio.alospicos.com\/wp-content\/uploads\/2016\/09\/DerechoRomano.pdf\" target=\"_blank\" rel=\"noopener noreferrer\">Derecho romano<\/a>\u00a0(DOCUMENTO DE AMPLIACI\u00d3N)<\/p>\n<p><a href=\"http:\/\/recursostic.educacion.es\/secundaria\/edad\/4esoetica\/quincena6\/quincena6_contenidos_2.htm\" target=\"_blank\" rel=\"noopener noreferrer\">La persona y el ciudadano en la Edad Media<\/a> (DOCUMENTO DE AMPLIACI\u00d3N)<\/p>\n<p><a href=\"http:\/\/patrimonio.alospicos.com\/wp-content\/uploads\/2016\/09\/CiudadaniayderechoromanoEsquema.pdf\" target=\"_blank\" rel=\"noopener noreferrer\">Ciudadan\u00eda y derecho<\/a> (EXAMEN. UNA PREGUNTA DE ESTE DOCUMENTO)<\/p>\n<p>[\/et_pb_accordion_item][et_pb_accordion_item title=\u00bbPLAN DE RECUPERACI\u00d3N\u00bb _builder_version=\u00bb4.17.4&#8243; _module_preset=\u00bbdefault\u00bb global_colors_info=\u00bb{}\u00bb open=\u00bboff\u00bb]<\/p>\n<p>Acceder al\u00a0<strong><a href=\"http:\/\/patrimonio.alospicos.com\/index.php\/plan-de-recuperacion-2022\/\">Plan de recuperaci\u00f3N general<\/a>\u00a0<\/strong>(el individual ha sido enviado por correo a cada alumno\/a)<\/p>\n<p><strong><a href=\"http:\/\/patrimonio.alospicos.com\/wp-content\/uploads\/2022\/06\/2022-Plan-de-recuperacio%CC%81n.pdf\">Descargar en PDF<\/a>\u00a0<\/strong>el Plan de recuperaci\u00f3n general (no individual)<\/p>\n<p>[\/et_pb_accordion_item][\/et_pb_accordion][\/et_pb_column_inner][\/et_pb_row_inner][et_pb_row_inner column_structure=\u00bb1_2,1_2&#8243; padding_mobile=\u00bboff\u00bb column_padding_mobile=\u00bboff\u00bb _builder_version=\u00bb4.16&#8243; global_colors_info=\u00bb{}\u00bb][et_pb_column_inner type=\u00bb1_2&#8243; saved_specialty_column_type=\u00bb3_4&#8243; _builder_version=\u00bb4.16&#8243; custom_padding=\u00bb|||\u00bb global_colors_info=\u00bb{}\u00bb column_padding_mobile__hover=\u00bboff\u00bb parallax__hover=\u00bboff\u00bb parallax_method__hover=\u00bbon\u00bb custom_padding__hover=\u00bb|||\u00bb][et_pb_text admin_label=\u00bbText\u00bb _builder_version=\u00bb4.16&#8243; background_size=\u00bbinitial\u00bb background_position=\u00bbtop_left\u00bb background_repeat=\u00bbrepeat\u00bb global_colors_info=\u00bb{}\u00bb]<\/p>\n<h3>Textos<\/h3>\n<p>[\/et_pb_text][\/et_pb_column_inner][et_pb_column_inner type=\u00bb1_2&#8243; saved_specialty_column_type=\u00bb3_4&#8243; _builder_version=\u00bb4.16&#8243; custom_padding=\u00bb|||\u00bb global_colors_info=\u00bb{}\u00bb column_padding_mobile__hover=\u00bboff\u00bb parallax__hover=\u00bboff\u00bb parallax_method__hover=\u00bbon\u00bb custom_padding__hover=\u00bb|||\u00bb][et_pb_text admin_label=\u00bbText\u00bb _builder_version=\u00bb4.16&#8243; background_size=\u00bbinitial\u00bb background_position=\u00bbtop_left\u00bb background_repeat=\u00bbrepeat\u00bb global_colors_info=\u00bb{}\u00bb]<\/p>\n<h3>Pruebas<\/h3>\n<p>[\/et_pb_text][\/et_pb_column_inner][\/et_pb_row_inner][et_pb_row_inner column_structure=\u00bb1_3,1_3,1_3&#8243; padding_mobile=\u00bboff\u00bb column_padding_mobile=\u00bboff\u00bb _builder_version=\u00bb4.16&#8243; global_colors_info=\u00bb{}\u00bb][et_pb_column_inner type=\u00bb1_3&#8243; saved_specialty_column_type=\u00bb3_4&#8243; _builder_version=\u00bb4.16&#8243; custom_padding=\u00bb|||\u00bb global_colors_info=\u00bb{}\u00bb column_padding_mobile__hover=\u00bboff\u00bb parallax__hover=\u00bboff\u00bb parallax_method__hover=\u00bbon\u00bb custom_padding__hover=\u00bb|||\u00bb][et_pb_text admin_label=\u00bbText\u00bb _builder_version=\u00bb4.16&#8243; background_size=\u00bbinitial\u00bb background_position=\u00bbtop_left\u00bb background_repeat=\u00bbrepeat\u00bb global_colors_info=\u00bb{}\u00bb]<\/p>\n<h4>Programaci\u00f3n<\/h4>\n<p>[\/et_pb_text][\/et_pb_column_inner][et_pb_column_inner type=\u00bb1_3&#8243; saved_specialty_column_type=\u00bb3_4&#8243; _builder_version=\u00bb4.16&#8243; custom_padding=\u00bb|||\u00bb global_colors_info=\u00bb{}\u00bb column_padding_mobile__hover=\u00bboff\u00bb parallax__hover=\u00bboff\u00bb parallax_method__hover=\u00bbon\u00bb custom_padding__hover=\u00bb|||\u00bb][et_pb_text admin_label=\u00bbText\u00bb _builder_version=\u00bb4.16&#8243; background_size=\u00bbinitial\u00bb background_position=\u00bbtop_left\u00bb background_repeat=\u00bbrepeat\u00bb global_colors_info=\u00bb{}\u00bb]<\/p>\n<h4>Criterios<\/h4>\n<p>[\/et_pb_text][\/et_pb_column_inner][et_pb_column_inner type=\u00bb1_3&#8243; saved_specialty_column_type=\u00bb3_4&#8243; _builder_version=\u00bb4.16&#8243; custom_padding=\u00bb|||\u00bb global_colors_info=\u00bb{}\u00bb column_padding_mobile__hover=\u00bboff\u00bb parallax__hover=\u00bboff\u00bb parallax_method__hover=\u00bbon\u00bb custom_padding__hover=\u00bb|||\u00bb][et_pb_text admin_label=\u00bbText\u00bb _builder_version=\u00bb4.16&#8243; background_size=\u00bbinitial\u00bb background_position=\u00bbtop_left\u00bb background_repeat=\u00bbrepeat\u00bb global_colors_info=\u00bb{}\u00bb]<\/p>\n<h4>Avisos<\/h4>\n<p>[\/et_pb_text][\/et_pb_column_inner][\/et_pb_row_inner][\/et_pb_column][et_pb_column type=&quot;1_4&quot; _builder_version=&quot;4.16&quot; custom_padding=&quot;|||&quot; global_colors_info=&quot;{}&quot; parallax__hover=&quot;off&quot; parallax_method__hover=&quot;on&quot; custom_padding__hover=&quot;|||&quot;][et_pb_button button_url=&quot;http:\/\/patrimonio.alospicos.com\/index.php\/plan-de-recuperacion-2022\/&quot; button_text=&quot;Plan de Recuperaci\u00f3n&quot; _builder_version=&quot;4.17.4&quot; _module_preset=&quot;default&quot; custom_button=&quot;on&quot; button_text_color=&quot;#FFFFFF&quot; button_bg_color=&quot;#E02B20&quot; global_colors_info=&quot;{}&quot;][\/et_pb_button][et_pb_accordion _builder_version=&quot;4.20.0&quot; _module_preset=&quot;default&quot; global_colors_info=&quot;{}&quot;][et_pb_accordion_item title=&quot;Criterios 2\u00aa Ev&quot; open=&quot;on&quot; _builder_version=&quot;4.20.0&quot; _module_preset=&quot;default&quot; global_colors_info=&quot;{}&quot;]<\/p>\n<p><strong>Porcentajes 2\u00aa Evaluaci\u00f3n<\/strong><\/p>\n<ul>\n<li>10% Trabajo en clase<\/li>\n<li>10% Entrega del Trabajo de Investigaci\u00f3n<\/li>\n<li>20% Entrega obligatoria a elegir entre:\n<ul>\n<li>Hoja de registro patrimonial. Entrega en formato PDF, pero impreso en papel (10%). Integraci\u00f3n en WordPress-Wikipedia (10%).\u00a0<a href=\"https:\/\/investiga.puenteromano.net\/index.php\/hoja-de-registro\/\" target=\"_blank\" rel=\"noopener\">Detalle<\/a>. (La edici\u00f3n en Word Press\/Wikipedia es opcional).<\/li>\n<li>B\u00fasqueda de informaci\u00f3n. <a href=\"http:\/\/patrimonio.alospicos.com\/index.php\/2021\/12\/21\/informacion-y-contexto\/\">Detalle<\/a>.<\/li>\n<li>Lectura de textos y creatividad. <a href=\"http:\/\/patrimonio.alospicos.com\/index.php\/2017\/01\/15\/biografias-noveladas-ejercicio\/\">Detalle<\/a>.<\/li>\n<\/ul>\n<\/li>\n<li>20 % Culturas. (Opcional: si no se realiza, este 20% recae en el examen. Acumulable al 20% anterior). Entrega de audio, en formato Podcast, por equipos de 2 alumnos\/as. Se puede realizar individualmente.\n<ul>\n<li>formato MP3<\/li>\n<li>duraci\u00f3n: 3 a 5 minutos<\/li>\n<li>tema: \u00abcultura\u00bb en sentido amplio<\/li>\n<li>contenido: voz propia, m\u00fasica de fondo, introductoria o en las transiciones, introducci\u00f3n-desarrollo-cierre o conclusiones.<\/li>\n<li>entrega: en clase, a trav\u00e9s de un pen drive: el profesor copiar\u00e1 el archivo<\/li>\n<li>ejemplos (profesionales, de mayor duraci\u00f3n):\n<ul>\n<li><a href=\"https:\/\/www.rtve.es\/play\/audios\/documentos-rne\/buffalo-bill-construccion-leyenda-22-04-2022\/6503580\/\" target=\"_blank\" rel=\"noopener\"><strong>B\u00faffalo Bill, la construcci\u00f3n de una leyenda<\/strong><\/a> (del programa RNE-Documentos)<\/li>\n<li><a href=\"https:\/\/www.gabinetepodcast.com\/t4-e8\" target=\"_blank\" rel=\"noopener\"><strong>El espect\u00e1culo va a comenzar<\/strong><\/a>, de Nuria P\u00e9rez en el programa \u00abGabinete de Curiosidades\u00bb<\/li>\n<\/ul>\n<\/li>\n<\/ul>\n<\/li>\n<li>40-60 % Prueba: dos textos (6 puntos) para analizar y cuatro preguntas de teor\u00eda (4 puntos) de respuesta abierta.<\/li>\n<\/ul>\n<p>[\/et_pb_accordion_item][et_pb_accordion_item title=\u00bbCriterios 1\u00aa Ev.\u00bb _builder_version=\u00bb4.16&#8243; _module_preset=\u00bbdefault\u00bb global_colors_info=\u00bb{}\u00bb open=\u00bboff\u00bb]<\/p>\n<p><strong>Porcentajes 1\u00aa Evaluaci\u00f3n<\/strong><\/p>\n<ul>\n<li>10% Ilustraci\u00f3n sobre Ulises y las sirenas (obligatorio)<\/li>\n<li>10% Fotograf\u00eda o ilustraci\u00f3n \u00a0sobre los conceptos \u00abapol\u00edneo\/dionis\u00edaco\u00bb \u00a0y publicaci\u00f3n digital en artes.puenteromano.net (opcional)<\/li>\n<li>10% Ilustraci\u00f3n (en m\u00e1rgenes) del documento \u00abLos Presocr\u00e1ticos\u00bb (obligatorio)<\/li>\n<li>20% Texto, ilustraci\u00f3n y edici\u00f3n web sobre \u00abVerdad y realidad\u00bb (opcional, previo acuerdo con el profesor)<\/li>\n<\/ul>\n<p>[\/et_pb_accordion_item][et_pb_accordion_item title=\u00bbCriterios 3\u00aa Ev.\u00bb _builder_version=\u00bb4.17.4&#8243; _module_preset=\u00bbdefault\u00bb global_colors_info=\u00bb{}\u00bb open=\u00bboff\u00bb]<\/p>\n<ul>\n<li>Relaciones entre el lenguaje natural y el lenguaje l\u00f3gico: 10%<\/li>\n<li>Interdefinici\u00f3n de expresiones: 10 %<\/li>\n<li>Deducci\u00f3n natural: 60 %<\/li>\n<li>L\u00f3gica de Clases: 20 %<\/li>\n<\/ul>\n<p>[\/et_pb_accordion_item][\/et_pb_accordion][et_pb_blurb title=\u00bbRecursos\u00bb _builder_version=\u00bb4.16&#8243; background_size=\u00bbinitial\u00bb background_position=\u00bbtop_left\u00bb background_repeat=\u00bbrepeat\u00bb global_colors_info=\u00bb{}\u00bb]<\/p>\n<p><a href=\"http:\/\/patrimonio.alospicos.com\/wp-content\/uploads\/2019\/09\/Fil%C3%B3sofos-en-el-tiempo.pdf\" target=\"_blank\" rel=\"noopener noreferrer\">Fil\u00f3sofos en el tiempo<\/a>\u00a0(Consulta)<\/p>\n<p><a href=\"http:\/\/patrimonio.alospicos.com\/wp-content\/uploads\/2016\/09\/MitodelMinotauro.pdf\" target=\"_blank\" rel=\"noopener noreferrer\">El Minotauro y El Laberinto<\/a><\/p>\n<p><a href=\"http:\/\/patrimonio.alospicos.com\/wp-content\/uploads\/2016\/09\/ApolineoyDionisiaco.pdf\" target=\"_blank\" rel=\"noopener noreferrer\">Apol\u00edneo y dionis\u00edaco<\/a><\/p>\n<p><a href=\"http:\/\/patrimonio.alospicos.com\/wp-content\/uploads\/2016\/09\/ElNacimientodelaTragedia.pdf\" target=\"_blank\" rel=\"noopener noreferrer\">El Nacimiento de la Tragedia<\/a><\/p>\n<p><a href=\"http:\/\/patrimonio.alospicos.com\/wp-content\/uploads\/2016\/09\/FilosofiadelaSospechaprofundizacion.pdf\" target=\"_blank\" rel=\"noopener noreferrer\">Filosof\u00eda de la Sospecha<\/a><\/p>\n<p><a href=\"http:\/\/www.elestadomental.com\/diario\/os-ollos-verdes\" target=\"_blank\" rel=\"noopener noreferrer\">Cine y realidad<\/a>\u00a0(Lectura)<\/p>\n<p>[\/et_pb_blurb][et_pb_button button_url=&quot;http:\/\/patrimonio.alospicos.com\/index.php\/trabajo-de-curso\/&quot; button_text=&quot;Trabajos, normas&quot; button_alignment=&quot;left&quot; _builder_version=&quot;4.16&quot; custom_button=&quot;on&quot; button_text_size=&quot;14&quot; global_colors_info=&quot;{}&quot; button_text_size__hover_enabled=&quot;off&quot; button_text_size__hover=&quot;null&quot; button_one_text_size__hover_enabled=&quot;off&quot; button_one_text_size__hover=&quot;null&quot; button_two_text_size__hover_enabled=&quot;off&quot; button_two_text_size__hover=&quot;null&quot; button_text_color__hover_enabled=&quot;off&quot; button_text_color__hover=&quot;null&quot; button_one_text_color__hover_enabled=&quot;off&quot; button_one_text_color__hover=&quot;null&quot; button_two_text_color__hover_enabled=&quot;off&quot; button_two_text_color__hover=&quot;null&quot; button_border_width__hover_enabled=&quot;off&quot; button_border_width__hover=&quot;null&quot; button_one_border_width__hover_enabled=&quot;off&quot; button_one_border_width__hover=&quot;null&quot; button_two_border_width__hover_enabled=&quot;off&quot; button_two_border_width__hover=&quot;null&quot; button_border_color__hover_enabled=&quot;off&quot; button_border_color__hover=&quot;null&quot; button_one_border_color__hover_enabled=&quot;off&quot; button_one_border_color__hover=&quot;null&quot; button_two_border_color__hover_enabled=&quot;off&quot; button_two_border_color__hover=&quot;null&quot; button_border_radius__hover_enabled=&quot;off&quot; button_border_radius__hover=&quot;null&quot; button_one_border_radius__hover_enabled=&quot;off&quot; button_one_border_radius__hover=&quot;null&quot; button_two_border_radius__hover_enabled=&quot;off&quot; button_two_border_radius__hover=&quot;null&quot; button_letter_spacing__hover_enabled=&quot;off&quot; button_letter_spacing__hover=&quot;null&quot; button_one_letter_spacing__hover_enabled=&quot;off&quot; button_one_letter_spacing__hover=&quot;null&quot; button_two_letter_spacing__hover_enabled=&quot;off&quot; button_two_letter_spacing__hover=&quot;null&quot; button_bg_color__hover_enabled=&quot;off&quot; button_bg_color__hover=&quot;null&quot; button_one_bg_color__hover_enabled=&quot;off&quot; button_one_bg_color__hover=&quot;null&quot; button_two_bg_color__hover_enabled=&quot;off&quot; button_two_bg_color__hover=&quot;null&quot;]<\/p>\n<p>\n&nbsp;<\/p>\n<p>[\/et_pb_button][et_pb_button button_url=&quot;http:\/\/patrimonio.alospicos.com\/wp-content\/uploads\/2017\/06\/Filosofia-rec-global-minimos-1617.pdf&quot; url_new_window=&quot;on&quot; button_text=&quot;Contenidos m\u00ednimos&quot; button_alignment=&quot;left&quot; _builder_version=&quot;4.16&quot; custom_button=&quot;on&quot; button_text_size=&quot;14&quot; global_colors_info=&quot;{}&quot; button_text_size__hover_enabled=&quot;off&quot; button_text_size__hover=&quot;null&quot; button_one_text_size__hover_enabled=&quot;off&quot; button_one_text_size__hover=&quot;null&quot; button_two_text_size__hover_enabled=&quot;off&quot; button_two_text_size__hover=&quot;null&quot; button_text_color__hover_enabled=&quot;off&quot; button_text_color__hover=&quot;null&quot; button_one_text_color__hover_enabled=&quot;off&quot; button_one_text_color__hover=&quot;null&quot; button_two_text_color__hover_enabled=&quot;off&quot; button_two_text_color__hover=&quot;null&quot; button_border_width__hover_enabled=&quot;off&quot; button_border_width__hover=&quot;null&quot; button_one_border_width__hover_enabled=&quot;off&quot; button_one_border_width__hover=&quot;null&quot; button_two_border_width__hover_enabled=&quot;off&quot; button_two_border_width__hover=&quot;null&quot; button_border_color__hover_enabled=&quot;off&quot; button_border_color__hover=&quot;null&quot; button_one_border_color__hover_enabled=&quot;off&quot; button_one_border_color__hover=&quot;null&quot; button_two_border_color__hover_enabled=&quot;off&quot; button_two_border_color__hover=&quot;null&quot; button_border_radius__hover_enabled=&quot;off&quot; button_border_radius__hover=&quot;null&quot; button_one_border_radius__hover_enabled=&quot;off&quot; button_one_border_radius__hover=&quot;null&quot; button_two_border_radius__hover_enabled=&quot;off&quot; button_two_border_radius__hover=&quot;null&quot; button_letter_spacing__hover_enabled=&quot;off&quot; button_letter_spacing__hover=&quot;null&quot; button_one_letter_spacing__hover_enabled=&quot;off&quot; button_one_letter_spacing__hover=&quot;null&quot; button_two_letter_spacing__hover_enabled=&quot;off&quot; button_two_letter_spacing__hover=&quot;null&quot; button_bg_color__hover_enabled=&quot;off&quot; button_bg_color__hover=&quot;null&quot; button_one_bg_color__hover_enabled=&quot;off&quot; button_one_bg_color__hover=&quot;null&quot; button_two_bg_color__hover_enabled=&quot;off&quot; button_two_bg_color__hover=&quot;null&quot;]<\/p>\n<p>\n&nbsp;<\/p>\n<p>[\/et_pb_button][et_pb_counters _builder_version=\u00bb4.16&#8243; custom_padding=\u00bb|||\u00bb custom_padding_tablet=\u00bb|||\u00bb custom_padding_phone=\u00bb|||\u00bb custom_padding_last_edited=\u00bboff|desktop\u00bb global_colors_info=\u00bb{}\u00bb][et_pb_counter percent=\u00bb25&#8243; _builder_version=\u00bb4.16&#8243; background_enable_video_mp4=\u00bbon\u00bb background_enable_video_webm=\u00bbon\u00bb global_colors_info=\u00bb{}\u00bb bar_background_color_default=\u00bb#7EBEC5&#8243; use_percentages=\u00bbon\u00bb] 1\u00aa Evaluaci\u00f3n [\/et_pb_counter][et_pb_counter percent=\u00bb25&#8243; _builder_version=\u00bb4.16&#8243; background_enable_video_mp4=\u00bbon\u00bb background_enable_video_webm=\u00bbon\u00bb global_colors_info=\u00bb{}\u00bb bar_background_color_default=\u00bb#7EBEC5&#8243; use_percentages=\u00bbon\u00bb] 2\u00aa Evaluaci\u00f3n [\/et_pb_counter][et_pb_counter percent=\u00bb25&#8243; _builder_version=\u00bb4.16&#8243; background_enable_video_mp4=\u00bbon\u00bb background_enable_video_webm=\u00bbon\u00bb global_colors_info=\u00bb{}\u00bb bar_background_color_default=\u00bb#7EBEC5&#8243; use_percentages=\u00bbon\u00bb] 3\u00aa Evaluaci\u00f3n [\/et_pb_counter][et_pb_counter percent=\u00bb25&#8243; _builder_version=\u00bb4.16&#8243; background_enable_video_mp4=\u00bbon\u00bb background_enable_video_webm=\u00bbon\u00bb global_colors_info=\u00bb{}\u00bb bar_background_color_default=\u00bb#7EBEC5&#8243; use_percentages=\u00bbon\u00bb] Trabajo de Inv. en plazo y forma [\/et_pb_counter][\/et_pb_counters][\/et_pb_column][\/et_pb_section]<\/p>\n","protected":false},"excerpt":{"rendered":"<p>[et_pb_section fb_built=&quot;1&quot; inner_shadow=&quot;on&quot; fullwidth=&quot;on&quot; custom_padding_last_edited=&quot;on|desktop&quot; admin_label=&quot;section&quot; _builder_version=&quot;4.16&quot; background_color=&quot;#aa07b5&quot; custom_padding=&quot;15px|||&quot; custom_padding_tablet=&quot;50px|0|50px|0&quot; custom_padding_phone=&quot;&quot; global_colors_info=&quot;{}&quot;][et_pb_fullwidth_header title=&quot;F\u00aa 1\u00ba, ARTES, Curso 2022-2023&quot; subhead=&quot;1\u00ba de Bachillerato de ARTES&quot; header_image_url=&quot;http:\/\/patrimonio.alospicos.com\/wp-content\/uploads\/2018\/12\/Raz%C3%B3n-vs-Experiencia-b-Olaya-Guerrero.jpg&quot; admin_label=&quot;Fullwidth Header&quot; _builder_version=&quot;4.22.1&quot; background_color=&quot;rgba(255, 255, 255, 0)&quot; link_option_url_new_window=&quot;on&quot; custom_css_header_image=&quot;width: 300px;&quot; global_colors_info=&quot;{}&quot; button_one_text_size__hover_enabled=&quot;off&quot; button_one_text_size__hover=&quot;null&quot; button_two_text_size__hover_enabled=&quot;off&quot; button_two_text_size__hover=&quot;null&quot; button_one_text_color__hover_enabled=&quot;off&quot; button_one_text_color__hover=&quot;null&quot; button_two_text_color__hover_enabled=&quot;off&quot; button_two_text_color__hover=&quot;null&quot; button_one_border_width__hover_enabled=&quot;off&quot; button_one_border_width__hover=&quot;null&quot; button_two_border_width__hover_enabled=&quot;off&quot; button_two_border_width__hover=&quot;null&quot; button_one_border_color__hover_enabled=&quot;off&quot; button_one_border_color__hover=&quot;null&quot; button_two_border_color__hover_enabled=&quot;off&quot; button_two_border_color__hover=&quot;null&quot; button_one_border_radius__hover_enabled=&quot;off&quot; button_one_border_radius__hover=&quot;null&quot; button_two_border_radius__hover_enabled=&quot;off&quot; button_two_border_radius__hover=&quot;null&quot; button_one_letter_spacing__hover_enabled=&quot;off&quot; [&hellip;]<\/p>\n","protected":false},"author":1,"featured_media":0,"parent":0,"menu_order":0,"comment_status":"closed","ping_status":"closed","template":"","meta":{"_et_pb_use_builder":"on","_et_pb_old_content":"<!-- wp:divi\/placeholder \/-->","_et_gb_content_width":"","footnotes":""},"class_list":["post-5979","page","type-page","status-publish","hentry"],"_links":{"self":[{"href":"https:\/\/patrimonio.alospicos.com\/index.php\/wp-json\/wp\/v2\/pages\/5979","targetHints":{"allow":["GET"]}}],"collection":[{"href":"https:\/\/patrimonio.alospicos.com\/index.php\/wp-json\/wp\/v2\/pages"}],"about":[{"href":"https:\/\/patrimonio.alospicos.com\/index.php\/wp-json\/wp\/v2\/types\/page"}],"author":[{"embeddable":true,"href":"https:\/\/patrimonio.alospicos.com\/index.php\/wp-json\/wp\/v2\/users\/1"}],"replies":[{"embeddable":true,"href":"https:\/\/patrimonio.alospicos.com\/index.php\/wp-json\/wp\/v2\/comments?post=5979"}],"version-history":[{"count":0,"href":"https:\/\/patrimonio.alospicos.com\/index.php\/wp-json\/wp\/v2\/pages\/5979\/revisions"}],"wp:attachment":[{"href":"https:\/\/patrimonio.alospicos.com\/index.php\/wp-json\/wp\/v2\/media?parent=5979"}],"curies":[{"name":"wp","href":"https:\/\/api.w.org\/{rel}","templated":true}]}}