{"id":6621,"date":"2024-09-12T07:46:31","date_gmt":"2024-09-12T07:46:31","guid":{"rendered":"https:\/\/puenteromano.net\/?page_id=6621"},"modified":"2024-09-12T07:46:31","modified_gmt":"2024-09-12T07:46:31","slug":"ha-de-la-filosofia-24-25","status":"publish","type":"page","link":"https:\/\/patrimonio.alospicos.com\/index.php\/ha-de-la-filosofia-24-25\/","title":{"rendered":"H\u00aa de la Filosof\u00eda"},"content":{"rendered":"<p>[et_pb_section fb_built=\u00bb1&#8243; inner_shadow=\u00bbon\u00bb fullwidth=\u00bbon\u00bb custom_padding_last_edited=\u00bbon|desktop\u00bb admin_label=\u00bbsection\u00bb _builder_version=\u00bb4.22.1&#8243; background_color=\u00bb#0b243b\u00bb custom_padding_tablet=\u00bb50px|0|50px|0&#8243; custom_padding_phone=\u00bb\u00bb transparent_background=\u00bboff\u00bb padding_mobile=\u00bboff\u00bb make_fullwidth=\u00bboff\u00bb use_custom_width=\u00bboff\u00bb width_unit=\u00bbon\u00bb custom_width_px=\u00bb1080px\u00bb custom_width_percent=\u00bb80%\u00bb global_colors_info=\u00bb{}\u00bb][et_pb_fullwidth_header title=\u00bbHistoria de la Filosof\u00eda\u00bb subhead=\u00bb2\u00ba de Bachillerato\u00bb content_max_width=\u00bbnone\u00bb admin_label=\u00bbFullwidth Header\u00bb _builder_version=\u00bb4.27.0&#8243; background_color=\u00bbrgba(255, 255, 255, 0)\u00bb button_one_letter_spacing_hover=\u00bb0&#8243; button_two_letter_spacing_hover=\u00bb0&#8243; global_colors_info=\u00bb{}\u00bb button_one_text_size__hover_enabled=\u00bboff\u00bb button_two_text_size__hover_enabled=\u00bboff\u00bb button_one_text_color__hover_enabled=\u00bboff\u00bb button_two_text_color__hover_enabled=\u00bboff\u00bb button_one_border_width__hover_enabled=\u00bboff\u00bb button_two_border_width__hover_enabled=\u00bboff\u00bb button_one_border_color__hover_enabled=\u00bboff\u00bb button_two_border_color__hover_enabled=\u00bboff\u00bb button_one_border_radius__hover_enabled=\u00bboff\u00bb button_two_border_radius__hover_enabled=\u00bboff\u00bb button_one_letter_spacing__hover_enabled=\u00bbon\u00bb button_one_letter_spacing__hover=\u00bb0&#8243; button_two_letter_spacing__hover_enabled=\u00bbon\u00bb button_two_letter_spacing__hover=\u00bb0&#8243; button_one_bg_color__hover_enabled=\u00bboff\u00bb button_two_bg_color__hover_enabled=\u00bboff\u00bb][\/et_pb_fullwidth_header][\/et_pb_section][et_pb_section fb_built=\u00bb1&#8243; specialty=\u00bbon\u00bb custom_padding_last_edited=\u00bbon|desktop\u00bb admin_label=\u00bbsection\u00bb _builder_version=\u00bb4.16&#8243; custom_padding_tablet=\u00bb50px|0|50px|0&#8243; custom_padding_phone=\u00bb\u00bb transparent_background=\u00bboff\u00bb padding_mobile=\u00bboff\u00bb make_fullwidth=\u00bboff\u00bb use_custom_width=\u00bboff\u00bb width_unit=\u00bboff\u00bb custom_width_px=\u00bb1080px\u00bb custom_width_percent=\u00bb80%\u00bb global_colors_info=\u00bb{}\u00bb][et_pb_column type=\u00bb3_4&#8243; specialty_columns=\u00bb3&#8243; _builder_version=\u00bb4.16&#8243; custom_padding=\u00bb|||\u00bb global_colors_info=\u00bb{}\u00bb custom_padding__hover=\u00bb|||\u00bb][et_pb_row_inner column_padding_mobile=\u00bboff\u00bb admin_label=\u00bbrow_inner\u00bb _builder_version=\u00bb4.16&#8243; custom_padding=\u00bb||||true|false\u00bb global_colors_info=\u00bb{}\u00bb][et_pb_column_inner saved_specialty_column_type=\u00bb3_4&#8243; _builder_version=\u00bb4.16&#8243; custom_padding=\u00bb||||true|false\u00bb global_colors_info=\u00bb{}\u00bb custom_padding__hover=\u00bb|||\u00bb][et_pb_text admin_label=\u00bbText\u00bb _builder_version=\u00bb4.16&#8243; background_size=\u00bbinitial\u00bb background_position=\u00bbtop_left\u00bb background_repeat=\u00bbrepeat\u00bb use_border_color=\u00bboff\u00bb border_style=\u00bbsolid\u00bb saved_tabs=\u00bball\u00bb global_colors_info=\u00bb{}\u00bb]<\/p>\n<h2>Temas y apuntes<\/h2>\n<p>&nbsp;<br \/>\n[\/et_pb_text][et_pb_accordion open_toggle_background_color=\u00bbrgba(224,183,96,0.65)\u00bb admin_label=\u00bbAcorde\u00f3n\u00bb _builder_version=\u00bb4.27.5&#8243; body_line_height=\u00bb1.7000000000000002em\u00bb hover_enabled=\u00bb0&#8243; use_border_color=\u00bboff\u00bb border_color=\u00bb#ffffff\u00bb border_style=\u00bbsolid\u00bb saved_tabs=\u00bball\u00bb global_colors_info=\u00bb{}\u00bb sticky_enabled=\u00bb0&#8243;][et_pb_accordion_item title=\u00bbPREPARACI\u00d3N PAU 2026&#8243; open=\u00bbon\u00bb _builder_version=\u00bb4.27.5&#8243; _module_preset=\u00bbdefault\u00bb hover_enabled=\u00bb0&#8243; global_colors_info=\u00bb{}\u00bb sticky_enabled=\u00bb0&#8243;]<\/p>\n<h2>\u00bfC\u00f3mo<strong> es el examen de Historia de la Filosof\u00eda?<\/strong><\/h2>\n<p><a href=\"http:\/\/patrimonio.alospicos.com\/wp-content\/uploads\/2026\/05\/Historia-de-la-Filosofia-Ficha.pdf\" target=\"_blank\" rel=\"noopener\">Ficha de la asignatura<\/a><\/p>\n<p><a href=\"http:\/\/patrimonio.alospicos.com\/wp-content\/uploads\/2026\/05\/Historia-de-la-Filosofia-Acta.pdf\" target=\"_blank\" rel=\"noopener\">Acta de la reuni\u00f3n de coordinaci\u00f3n de PAU de H\u00aa de la Filosof\u00eda<\/a><\/p>\n<p><a href=\"http:\/\/patrimonio.alospicos.com\/wp-content\/uploads\/2026\/05\/Modelo-Provisional-2.-para-PAU-2026.pdf\" target=\"_blank\" rel=\"noopener\">Modelo de examen<\/a><\/p>\n<p><a href=\"http:\/\/patrimonio.alospicos.com\/wp-content\/uploads\/2026\/05\/RUBRICAS.-2026.-Correccion.-.pdf\" target=\"_blank\" rel=\"noopener\">R\u00fabricas de correcci\u00f3n<\/a><\/p>\n<p><a href=\"http:\/\/patrimonio.alospicos.com\/wp-content\/uploads\/2026\/05\/Distribucion-de-Saberes-Basicos-por-bloques.pdf\" target=\"_blank\" rel=\"noopener\">Distribuci\u00f3n de Saberes b\u00e1sicos por bloques<\/a><\/p>\n<p>&nbsp;<\/p>\n<h2><strong>\u00bfCuando es el examen de Historia de la Filosof\u00eda?<\/strong><\/h2>\n<p><a href=\"http:\/\/patrimonio.alospicos.com\/wp-content\/uploads\/2026\/05\/HORARIO-EXAMENES-PAU-2026.pdf\" target=\"_blank\" rel=\"noopener\">Calendario de ex\u00e1menes<\/a><\/p>\n<p>&nbsp;<\/p>\n<h2><strong>\u00bfC\u00f3mo hacer un examen de Historia de la Filosof\u00eda?<\/strong><\/h2>\n<p><a href=\"http:\/\/patrimonio.alospicos.com\/wp-content\/uploads\/2026\/05\/Como-hacer-un-examen-de-Filosofia.pptx\" target=\"_blank\" rel=\"noopener\">Gu\u00eda en Power Point<\/a><\/p>\n<p>&nbsp;<\/p>\n<h2><strong>Ejercicio 1. TEXTO<\/strong><\/h2>\n<p><a href=\"http:\/\/patrimonio.alospicos.com\/wp-content\/uploads\/2026\/05\/Textos-PAU-2026.pdf\" target=\"_blank\" rel=\"noopener\">Textos PAU 2026<\/a><\/p>\n<p><a href=\"http:\/\/patrimonio.alospicos.com\/wp-content\/uploads\/2026\/05\/Platon.pdf\" target=\"_blank\" rel=\"noopener\">Selecci\u00f3n de textos de Plat\u00f3n<\/a><\/p>\n<p><a href=\"http:\/\/patrimonio.alospicos.com\/wp-content\/uploads\/2026\/05\/Descartes.pdf\" target=\"_blank\" rel=\"noopener\">Selecci\u00f3n de textos de Descartes<\/a><\/p>\n<p><a href=\"http:\/\/patrimonio.alospicos.com\/wp-content\/uploads\/2026\/05\/Wollstonecraft.pdf\" target=\"_blank\" rel=\"noopener\">Selecci\u00f3n de textos de Mary Wollstonecraft<\/a><\/p>\n<p><a href=\"http:\/\/patrimonio.alospicos.com\/wp-content\/uploads\/2026\/05\/Nietzsche.pdf\" target=\"_blank\" rel=\"noopener\">Selecci\u00f3n de textos de Nietzsche<\/a><\/p>\n<p>&nbsp;<\/p>\n<h2><strong>Ejercicio 2. Pregunta de desarrollo<\/strong><\/h2>\n<p><a href=\"http:\/\/patrimonio.alospicos.com\/wp-content\/uploads\/2026\/05\/Tabla-de-las-cuestiones.-Vertical.pdf\" target=\"_blank\" rel=\"noopener\">Tabla de cuestiones<\/a><\/p>\n<p>&nbsp;<\/p>\n<h2><strong>Ejercicio 3. Disertaci\u00f3n<\/strong><\/h2>\n<p><a href=\"http:\/\/patrimonio.alospicos.com\/wp-content\/uploads\/2026\/05\/PAU-PREGUNTA-1-REFLEXION.ppt\" target=\"_blank\" rel=\"noopener\">\u00a0Gui\u00f3n con posible respuesta a cuestiones de reflexi\u00f3n (del repositorio anterior a 2025)<\/a><\/p>\n<p>&nbsp;<\/p>\n<h2><strong>Ex\u00e1menes de PAU<\/strong><\/h2>\n<p><a href=\"http:\/\/patrimonio.alospicos.com\/wp-content\/uploads\/2026\/05\/Platon-modernos1.pdf\" target=\"_blank\" rel=\"noopener\">Plat\u00f3n1<\/a><\/p>\n<p><a href=\"http:\/\/patrimonio.alospicos.com\/wp-content\/uploads\/2026\/05\/Descartes-antiguos.pdf\" target=\"_blank\" rel=\"noopener\">Ren\u00e91<\/a><\/p>\n<p><a href=\"http:\/\/patrimonio.alospicos.com\/wp-content\/uploads\/2026\/05\/Mary-Aris.pdf\" target=\"_blank\" rel=\"noopener\">Mary1<\/a><\/p>\n<p><a href=\"http:\/\/patrimonio.alospicos.com\/wp-content\/uploads\/2026\/05\/Mary-Rous.pdf\" target=\"_blank\" rel=\"noopener\">Mary2<\/a><\/p>\n<p><a href=\"http:\/\/patrimonio.alospicos.com\/wp-content\/uploads\/2026\/05\/Arendt-antiguos.pdf\" target=\"_blank\" rel=\"noopener\">Hannah1<\/a><\/p>\n<p><a href=\"http:\/\/patrimonio.alospicos.com\/wp-content\/uploads\/2026\/05\/Arendt-modernos.pdf\" target=\"_blank\" rel=\"noopener\">Hannah2<\/a><\/p>\n<p>[\/et_pb_accordion_item][et_pb_accordion_item title=\u00bbTercera evaluaci\u00f3n\u00bb _builder_version=\u00bb4.27.5&#8243; _module_preset=\u00bbdefault\u00bb global_colors_info=\u00bb{}\u00bb open=\u00bboff\u00bb]<\/p>\n<h3><strong>UNIDAD DID\u00c1CTICA 11: <span style=\"color: #339966;\">KANT<\/span><\/strong><\/h3>\n<p>TEOR\u00cdA<\/p>\n<p><a href=\"http:\/\/patrimonio.alospicos.com\/wp-content\/uploads\/2023\/02\/Tema-9-Kant.pdf\" target=\"_blank\" rel=\"noopener\">Apuntes (Imprimir y estudiar por aqu\u00ed)<\/a><\/p>\n<p><a href=\"http:\/\/patrimonio.alospicos.com\/wp-content\/uploads\/2023\/03\/Marzo.pptx\" target=\"_blank\" rel=\"noopener\">Presentaci\u00f3n Power point<\/a><\/p>\n<p><a href=\"http:\/\/patrimonio.alospicos.com\/wp-content\/uploads\/2023\/03\/Kant_vocabulario.pdf\" target=\"_blank\" rel=\"noopener\">Glosario<\/a><\/p>\n<p>ACTIVIDADES<\/p>\n<p><a href=\"http:\/\/patrimonio.alospicos.com\/wp-content\/uploads\/2023\/02\/Texto-Que-es-la-Ilustracion-1.docx\" target=\"_blank\" rel=\"noopener\">Textos 1<\/a><\/p>\n<p><a href=\"http:\/\/patrimonio.alospicos.com\/wp-content\/uploads\/2023\/02\/KantTextos-1.pdf\" target=\"_blank\" rel=\"noopener\">Textos 2<\/a><\/p>\n<p><a href=\"http:\/\/patrimonio.alospicos.com\/wp-content\/uploads\/2023\/02\/TEXTOS-DE-KANT-202021.pdf\" target=\"_blank\" rel=\"noopener\">Textos 3<\/a><\/p>\n<p><a href=\"https:\/\/www.goconqr.com\/es\/cuestionario\/16860289\/kant-tipos-de-juicios\" target=\"_blank\" rel=\"noopener\">Test 1<\/a><\/p>\n<p><a href=\"https:\/\/www.webdianoia.com\/tests\/moderna\/kant\/kant_filo_3.htm\" target=\"_blank\" rel=\"noopener\">Test 2<\/a><\/p>\n<p><a href=\"https:\/\/www.daypo.com\/filosofia-immanuel-kant-teoria-conocimiento.html#test\" target=\"_blank\" rel=\"noopener\">Test 3<\/a><\/p>\n<p><a href=\"http:\/\/www.xtec.cat\/~lvallmaj\/barrinou\/kanteti2.htm\" target=\"_blank\" rel=\"noopener\">Situaciones \u00e9tica de Kant<\/a><\/p>\n<p>MATERIAL COMPLEMENTARIO<\/p>\n<p><a href=\"http:\/\/patrimonio.alospicos.com\/wp-content\/uploads\/2023\/02\/Preguntas-EBAU-Kant-desde-2016.pdf\" target=\"_blank\" rel=\"noopener\">Preguntas Kant EBAU desde 2016<\/a><\/p>\n<p><a href=\"https:\/\/www.youtube.com\/watch?v=jXb4-cNtybE\" target=\"_blank\" rel=\"noopener\">Kant, por Ernesto Castro<\/a> (Video explicativo, 1h.40 min. Consulta para contrastar con lo visto en clase\/ apuntes)<\/p>\n<p><a href=\"https:\/\/www.youtube.com\/watch?v=5rUnXNt3Srw&amp;list=PLfg-nvLMvO0gAy7a7ItlVwFe_ax7T7doM\" target=\"_blank\" rel=\"noopener\">Cr\u00edtica de la Raz\u00f3n pura, por Darin McNabb<\/a> (Serie de videos sobre la cr\u00edtica de la raz\u00f3n pura. Nivel universidad)<\/p>\n<p><a href=\"http:\/\/patrimonio.alospicos.com\/wp-content\/uploads\/2023\/02\/Apuntes-UD9.pdf\" target=\"_blank\" rel=\"noopener\">Apuntes alternativos<\/a> (para consultar posibles dudas y contrastar)<\/p>\n<p><a href=\"http:\/\/patrimonio.alospicos.com\/wp-content\/uploads\/2023\/02\/Que-es-el-conocimiento-1.pdf\" target=\"_blank\" rel=\"noopener\">Conocimiento\u00a0<\/a> (Anexo: qu\u00e9 es el conocimiento)<\/p>\n<p><a href=\"http:\/\/patrimonio.alospicos.com\/wp-content\/uploads\/2023\/02\/juicios-Kant.pdf\" target=\"_blank\" rel=\"noopener\">\u00a0Tipos de Juicios<\/a> (Esquema con los juicos kantianos)<\/p>\n<p>&nbsp;<\/p>\n<p><strong><span style=\"color: #808080;\"><a href=\"http:\/\/patrimonio.alospicos.com\/wp-content\/uploads\/2023\/02\/PROLOGO-KANT.pdf\" target=\"_blank\" rel=\"noopener\" style=\"color: #808080;\">[Pr\u00f3logo 2\u00aa Edici\u00f3n Cr\u00edtica de la Raz\u00f3n Pura]\u00a0<\/a><\/span><\/strong><\/p>\n<p>&nbsp;<\/p>\n<h3><span style=\"text-decoration: underline;\"><strong>UNIDAD DID\u00c1CTICA 12: <span style=\"color: #339966; text-decoration: underline;\">MARX<\/span><\/strong><\/span><\/h3>\n<p><strong>Teor\u00eda<\/strong><\/p>\n<p><a href=\"http:\/\/patrimonio.alospicos.com\/wp-content\/uploads\/2023\/03\/Contexto-Marx.pdf\" target=\"_blank\" rel=\"noopener\">Contexto hist\u00f3rico y\u00a0filos\u00f3fico<\/a><\/p>\n<p><a href=\"http:\/\/patrimonio.alospicos.com\/wp-content\/uploads\/2023\/03\/UD-10-Marx.pdf\" target=\"_blank\" rel=\"noopener\">Apuntes Marx<\/a><\/p>\n<p><a href=\"http:\/\/patrimonio.alospicos.com\/wp-content\/uploads\/2023\/04\/Definiciones-1.pdf\" target=\"_blank\" rel=\"noopener\">Definiciones<\/a><\/p>\n<p><strong>Material complementario<\/strong><\/p>\n<p><a href=\"http:\/\/patrimonio.alospicos.com\/wp-content\/uploads\/2023\/03\/Preguntas-EBAU-Marx-desde-2016.pdf\" target=\"_blank\" rel=\"noopener\">Preguntas Marx EBAU desde 2016<\/a><\/p>\n<p>&nbsp;<\/p>\n<h3><span style=\"text-decoration: underline;\"><strong>UNIDAD DID\u00c1CTICA 13: <span style=\"color: #339966; text-decoration: underline;\">NIETZSCHE<\/span><\/strong><\/span><\/h3>\n<p><strong>Teor\u00eda<\/strong><\/p>\n<p><a href=\"http:\/\/patrimonio.alospicos.com\/wp-content\/uploads\/2026\/04\/TEMA-13-Contexto.pdf\" target=\"_blank\" rel=\"noopener\">Contexto hist\u00f3rico y\u00a0filos\u00f3fico<\/a><\/p>\n<p><a href=\"http:\/\/patrimonio.alospicos.com\/wp-content\/uploads\/2026\/04\/UD13-Nietzsche.pdf\" target=\"_blank\" rel=\"noopener\">Apuntes Nietzsche<\/a><\/p>\n<p><a href=\"http:\/\/patrimonio.alospicos.com\/wp-content\/uploads\/2026\/04\/Definiciones.pdf\" target=\"_blank\" rel=\"noopener\">Definiciones<\/a><\/p>\n<p><strong>Material complementario<\/strong><\/p>\n<p><a href=\"http:\/\/patrimonio.alospicos.com\/wp-content\/uploads\/2026\/04\/NIETZSCHE.pptx\" target=\"_blank\" rel=\"noopener\">Presentaci\u00f3n Power Point<\/a><\/p>\n<p><a href=\"http:\/\/patrimonio.alospicos.com\/wp-content\/uploads\/2026\/04\/Textos.pdf\" target=\"_blank\" rel=\"noopener\">Textos<\/a><\/p>\n<p><span style=\"color: #666699;\"><a href=\"http:\/\/patrimonio.alospicos.com\/wp-content\/uploads\/2026\/01\/Textos-PAU-2026-107-154.pdf\" target=\"_blank\" rel=\"noopener\" style=\"color: #666699;\">#Archivo\u00a0 oculto# (Que no lo lean los alumnos)\u00a0<\/a><\/span><\/p>\n<p>&nbsp;<\/p>\n<p>&nbsp;<\/p>\n<h3><span style=\"text-decoration: underline;\"><strong>UNIDAD DID\u00c1CTICA 14: <span style=\"color: #339966; text-decoration: underline;\">HANNAH ARENDT<\/span><\/strong><\/span><\/h3>\n<p><strong>Teor\u00eda<\/strong><\/p>\n<p><a href=\"http:\/\/patrimonio.alospicos.com\/wp-content\/uploads\/2025\/03\/Hannah-Arendt-1.pdf\" target=\"_blank\" rel=\"noopener\">Apuntes\u00a0<\/a><\/p>\n<p>&nbsp;<\/p>\n<p><strong>Actividades<\/strong><\/p>\n<p><a href=\"http:\/\/patrimonio.alospicos.com\/wp-content\/uploads\/2025\/03\/TEXTOS-HANNAH-ARENDT.pdf\" target=\"_blank\" rel=\"noopener\">Textos<\/a><\/p>\n<p><a href=\"http:\/\/patrimonio.alospicos.com\/wp-content\/uploads\/2026\/01\/Textos-PAU-2026-155-214.pdf\" target=\"_blank\" rel=\"noopener\">Textos PAU\u00a0 2026<\/a><\/p>\n<p>&nbsp;<\/p>\n<h3><span style=\"text-decoration: underline;\"><strong>UNIDAD DID\u00c1CTICA 14: SIMONE DE BEAUVOIR<\/strong><\/span><\/h3>\n<p><strong>Teor\u00eda<\/strong><\/p>\n<p><a href=\"http:\/\/patrimonio.alospicos.com\/wp-content\/uploads\/2026\/05\/Simone-de-Beauvoir.pdf\" target=\"_blank\" rel=\"noopener\">Apuntes\u00a0<\/a><\/p>\n<p>[\/et_pb_accordion_item][et_pb_accordion_item title=\u00bbSegunda Evaluaci\u00f3n\u00bb _builder_version=\u00bb4.27.4&#8243; _module_preset=\u00bbdefault\u00bb background_color=\u00bbrgba(34,0,232,0.05)\u00bb background_enable_color=\u00bbon\u00bb global_colors_info=\u00bb{}\u00bb open=\u00bboff\u00bb]<\/p>\n<p>&nbsp;<\/p>\n<h2><strong>Unidad Did\u00e1ctica 6: F\u00aa Medieval<\/strong><\/h2>\n<h3><strong>Teor\u00eda<\/strong><\/h3>\n<p><a href=\"http:\/\/patrimonio.alospicos.com\/wp-content\/uploads\/2023\/12\/UD6-Filosofia-Medieval.pdf\" target=\"_blank\" rel=\"noopener\">Apuntes<\/a><\/p>\n<p><a href=\"https:\/\/www.webdianoia.com\/medieval\/anselmo.htm\">Argumento ontol\u00f3gico<\/a><\/p>\n<p><a href=\"http:\/\/patrimonio.alospicos.com\/wp-content\/uploads\/2022\/11\/Filosofia-cristiana.pptx\">Presentaci\u00f3n<\/a><\/p>\n<h3>Actividades<\/h3>\n<p><a href=\"http:\/\/patrimonio.alospicos.com\/wp-content\/uploads\/2022\/11\/Textos.docx\">Textos<\/a><\/p>\n<p>&nbsp;<\/p>\n<h2><strong>Unidad Did\u00e1ctica 7: DESCARTES<\/strong><\/h2>\n<h3><strong>Teor\u00eda<\/strong><\/h3>\n<p><a href=\"http:\/\/patrimonio.alospicos.com\/wp-content\/uploads\/2022\/12\/Tema7-Descartes-1.pdf\" target=\"_blank\" rel=\"noopener\">Apuntes<\/a><\/p>\n<p><a href=\"http:\/\/patrimonio.alospicos.com\/wp-content\/uploads\/2023\/01\/Definiciones.pdf\" target=\"_blank\" rel=\"noopener\">Definiciones<\/a><\/p>\n<p><a href=\"http:\/\/patrimonio.alospicos.com\/wp-content\/uploads\/2023\/12\/Descartes.pptx\" target=\"_blank\" rel=\"noopener\">Presentaci\u00f3n inicial<\/a><\/p>\n<h3>\u00a0<strong>Actividaes<\/strong><\/h3>\n<p><a href=\"http:\/\/patrimonio.alospicos.com\/wp-content\/uploads\/2022\/12\/Actividad-Descartes.docx\">Textos<\/a><\/p>\n<h3><strong>\u00a0Materiales complementarios<\/strong><\/h3>\n<p><a href=\"http:\/\/patrimonio.alospicos.com\/wp-content\/uploads\/2022\/12\/Descartes-Meditaciones-metafisicas.pdf\">Libro: Meditaciones Metaf\u00edsicas<\/a><\/p>\n<p><a href=\"http:\/\/patrimonio.alospicos.com\/wp-content\/uploads\/2022\/12\/Discurso-del-Metodo-IV.docx\">Discurso del M\u00e9todo, Parte 4, comentada<\/a><\/p>\n<p>&nbsp;<\/p>\n<h2><strong>Unidad Did\u00e1ctica 8: HUME<\/strong><\/h2>\n<h3><strong>Teor\u00eda<\/strong><\/h3>\n<p><a href=\"http:\/\/patrimonio.alospicos.com\/wp-content\/uploads\/2023\/01\/UD-8-Hume.pdf\" target=\"_blank\" rel=\"noopener\">Apuntes<\/a><\/p>\n<p><a href=\"http:\/\/patrimonio.alospicos.com\/wp-content\/uploads\/2023\/02\/Definiciones.Hume_.pdf\">Definiciones<\/a><\/p>\n<h3>\u00a0<strong>Actividades<\/strong><\/h3>\n<p><a href=\"http:\/\/patrimonio.alospicos.com\/wp-content\/uploads\/2023\/02\/Textos-hume.docx\" target=\"_blank\" rel=\"noopener\">Textos<\/a><\/p>\n<p><a href=\"http:\/\/patrimonio.alospicos.com\/wp-content\/uploads\/2023\/02\/HumeTextos.pdf\">Textos 2<\/a><\/p>\n<p><a href=\"http:\/\/patrimonio.alospicos.com\/wp-content\/uploads\/2023\/02\/TEXTOS-DE-HUME.pdf\" target=\"_blank\" rel=\"noopener\">Textos 3<\/a><\/p>\n<p>&nbsp;<\/p>\n<h2><strong>Unidad Did\u00e1ctica 9: El pensamiento moral y pol\u00edtico de la Modernidad<\/strong><\/h2>\n<h3><strong>Teor\u00eda<\/strong><\/h3>\n<p><a href=\"http:\/\/patrimonio.alospicos.com\/wp-content\/uploads\/2026\/01\/UD-9-Contrato-Social.pdf\" target=\"_blank\" rel=\"noopener\">Apuntes<\/a><\/p>\n<p>&nbsp;<\/p>\n<h2><strong>Unidad Did\u00e1ctica 10: La primera ola del feminismo. Mary Wollstonecraft<\/strong><\/h2>\n<h3><strong>Teor\u00eda<\/strong><\/h3>\n<p><a href=\"http:\/\/patrimonio.alospicos.com\/wp-content\/uploads\/2026\/01\/UD-10-Mary.pdf\" target=\"_blank\" rel=\"noopener\">Apuntes<\/a><\/p>\n<p><a href=\"http:\/\/patrimonio.alospicos.com\/wp-content\/uploads\/2026\/01\/Textos-PAU-2026-57-106.pdf\" target=\"_blank\" rel=\"noopener\">Texto de referencia PAU<\/a><\/p>\n<p>[\/et_pb_accordion_item][et_pb_accordion_item title=\u00bbPrimera evaluaci\u00f3n\u00bb _builder_version=\u00bb4.27.4&#8243; background_color=\u00bbrgba(224,153,0,0.15)\u00bb background_enable_color=\u00bbon\u00bb use_border_color=\u00bboff\u00bb border_color=\u00bb#ffffff\u00bb border_width=\u00bb1px\u00bb border_style=\u00bbsolid\u00bb global_colors_info=\u00bb{}\u00bb open=\u00bboff\u00bb]<\/p>\n<p>&nbsp;<\/p>\n<p><a href=\"http:\/\/patrimonio.alospicos.com\/wp-content\/uploads\/2016\/09\/IntroHistoriaFilosofia.pdf\" target=\"_blank\" rel=\"noopener noreferrer\">Tema 0: Introducci\u00f3n a la Historia de la Filosof\u00eda.pdf<\/a>\u00a0(lectura)<\/p>\n<p><iframe loading=\"lazy\" width=\"560\" height=\"315\" src=\"https:\/\/www.youtube.com\/embed\/AwwhMmCQi3k\" title=\"YouTube video player\" frameborder=\"0\" allow=\"accelerometer; autoplay; clipboard-write; encrypted-media; gyroscope; picture-in-picture\" allowfullscreen=\"\"><\/iframe><\/p>\n<h3>Tema 1, Los fil\u00f3sofos presocr\u00e1ticos<\/h3>\n<p>Teor\u00eda<\/p>\n<ul>\n<li><a href=\"http:\/\/patrimonio.alospicos.com\/wp-content\/uploads\/2016\/09\/Tema1Los-PresocraticosIndice.pdf\" target=\"_blank\" rel=\"noopener noreferrer\">Los Presocr\u00e1ticos, \u00edndice.pdf<\/a>\u00a0(tema)<\/li>\n<li><a href=\"http:\/\/patrimonio.alospicos.com\/wp-content\/uploads\/2023\/09\/UD1-Los-Presocraticos.pdf\" target=\"_blank\" rel=\"noopener noreferrer\">Tema 1: Los Presocr\u00e1ticos, tema.pdf<\/a> (apuntes. <strong>Imprimir y estudiar<\/strong>)<\/li>\n<li><a href=\"http:\/\/patrimonio.alospicos.com\/wp-content\/uploads\/2022\/09\/origenfilosofia.pptx\">Presentaci\u00f3n: origen de la filosof\u00eda<\/a><\/li>\n<li><a href=\"http:\/\/patrimonio.alospicos.com\/wp-content\/uploads\/2024\/09\/Presentacion-presocraticos.pptx\" target=\"_blank\" rel=\"noopener\">Presentaci\u00f3n: fil\u00f3sofos presocr\u00e1ticos<\/a><\/li>\n<\/ul>\n<p>Actividades<\/p>\n<ul>\n<li><a href=\"http:\/\/patrimonio.alospicos.com\/wp-content\/uploads\/2023\/09\/Tema-1.-Ejemplos-de-mitos.pdf\" target=\"_blank\" rel=\"noopener\">Ejemplos de mitos<\/a><\/li>\n<li><a href=\"http:\/\/patrimonio.alospicos.com\/wp-content\/uploads\/2016\/09\/PresocraticosTextos.pdf\" target=\"_blank\" rel=\"noopener noreferrer\">Los Presocraticos, textos.pdf<\/a><\/li>\n<li><a href=\"http:\/\/patrimonio.alospicos.com\/wp-content\/uploads\/2023\/09\/mitologociencia.pdf\" target=\"_blank\" rel=\"noopener\">Mito logos ciencia<\/a><\/li>\n<li><a href=\"http:\/\/patrimonio.alospicos.com\/wp-content\/uploads\/2023\/09\/Ficha-pluralistas-2.pdf\" target=\"_blank\" rel=\"noopener\">Fichas<\/a><\/li>\n<\/ul>\n<p>Material Complementario<\/p>\n<ul>\n<li><a href=\"https:\/\/commons.wikimedia.org\/wiki\/File:World_in_500_BCE.png?uselang=es\" target=\"_blank\" rel=\"noopener noreferrer\">El mundo en el siglo VI a.n.e.<\/a> (mapa, consulta)<\/li>\n<li><a href=\"http:\/\/patrimonio.alospicos.com\/wp-content\/uploads\/2020\/09\/Mapa_Grecia_Antigua_Duotono.svg_.png\" target=\"_blank\" rel=\"noopener noreferrer\">Grecia Antigua<\/a> (mapa, consulta)<\/li>\n<li><a href=\"http:\/\/patrimonio.alospicos.com\/wp-content\/uploads\/2020\/09\/Ciudades-y-colonias-griegas-h.-350-a.-C..jpg\" target=\"_blank\" rel=\"noopener noreferrer\">Ciudades y colonias griegas, h. 350 a. C.<\/a> (mapa, consulta)<\/li>\n<li><a href=\"http:\/\/patrimonio.alospicos.com\/wp-content\/uploads\/2020\/10\/Un-contexto-propicio.pdf\">Un contexto propicio<\/a> (consulta)<\/li>\n<\/ul>\n<h3>Tema 2, S\u00f3crates y los sofistas<\/h3>\n<p>Teor\u00eda<\/p>\n<ul>\n<li><a href=\"http:\/\/patrimonio.alospicos.com\/wp-content\/uploads\/2025\/09\/UD-2-Socrates-sofistas-y-Aspasia.pdf\" target=\"_blank\" rel=\"noopener\">Apuntes del tema<\/a> (Imprimir y estudiar por aqu\u00ed)<\/li>\n<\/ul>\n<ul>\n<li><a href=\"http:\/\/patrimonio.alospicos.com\/wp-content\/uploads\/2023\/09\/Pericles.-Giro-Antropologico.pptx\" target=\"_blank\" rel=\"noopener\">Presentaci\u00f3n: el siglo de Pericles<\/a> (consultar)<\/li>\n<\/ul>\n<p>Actividades<\/p>\n<ul>\n<li><a href=\"http:\/\/patrimonio.alospicos.com\/wp-content\/uploads\/2022\/10\/TExtos-sobre-sofistas-1.docx\">Textos sobre los sofistas<\/a><\/li>\n<li><a href=\"https:\/\/www.bipedosimplumes.es\/FILO-II\/ejerfilo2\/sofissocrat\/SOFISSOCRATEST2.htm\" target=\"_blank\" rel=\"noopener\">Test S\u00f3crates y sofistas<\/a><\/li>\n<li><a href=\"https:\/\/www.bipedosimplumes.es\/FILO-II\/ejerfilo2\/sofissocrat\/huecossofissocrat2.htm\" target=\"_blank\" rel=\"noopener\">Verdad y may\u00e9utica en S\u00f3crates<\/a><\/li>\n<li><a href=\"http:\/\/filex.es\/historia\/hftema2\/5_alguan_tareas_y_actividades.html\" target=\"_blank\" rel=\"noopener\">Identificar textos<\/a><\/li>\n<li><a href=\"https:\/\/es.educaplay.com\/recursos-educativos\/6567634-socrates_y_los_sofistas.html\" target=\"_blank\" rel=\"noopener\">Test 2<\/a><\/li>\n<\/ul>\n<h3>Tema 3, Plat\u00f3n<\/h3>\n<p>Teor\u00eda<\/p>\n<p>&nbsp;<\/p>\n<ul>\n<li><a href=\"http:\/\/patrimonio.alospicos.com\/wp-content\/uploads\/2025\/09\/UD-3.-Platon.pdf\" target=\"_blank\" rel=\"noopener\">Plat\u00f3n <\/a>(apuntes. <strong>Imprimir<\/strong> y estudiar por aqu\u00ed)<\/li>\n<li><a href=\"http:\/\/patrimonio.alospicos.com\/wp-content\/uploads\/2022\/11\/Definiciones.pdf\">Definiciones de conceptos de Plat\u00f3n<\/a><\/li>\n<li><a href=\"http:\/\/patrimonio.alospicos.com\/wp-content\/uploads\/2022\/10\/Platon.pptx\">Presentaci\u00f3n: Plat\u00f3n<\/a><\/li>\n<\/ul>\n<p>Actividades<\/p>\n<ul>\n<li><a href=\"http:\/\/patrimonio.alospicos.com\/wp-content\/uploads\/2022\/10\/Republica.Caverna.docx\">Texto: mito de la caverna<\/a><\/li>\n<\/ul>\n<p><a href=\"https:\/\/auladefilosofia.net\/2009\/11\/30\/platon-republica-libro-ii\/\" target=\"_blank\" rel=\"noopener\">\u00a0Resumen lectura\u00a0<\/a><\/p>\n<h3>Tema 4, Arist\u00f3teles<\/h3>\n<p><strong>Apuntes<\/strong><\/p>\n<p><a href=\"http:\/\/patrimonio.alospicos.com\/wp-content\/uploads\/2025\/10\/Apuntes-tema-Aristoteles-2.pdf\" target=\"_blank\" rel=\"noopener\">Apuntes (Imprimir y estudiar)<\/a><\/p>\n<p><a href=\"http:\/\/patrimonio.alospicos.com\/wp-content\/uploads\/2023\/10\/Glorario-Aristoteles.pdf\" target=\"_blank\" rel=\"noopener\">Glosario de t\u00e9rminos<\/a><\/p>\n<p><a href=\"http:\/\/patrimonio.alospicos.com\/wp-content\/uploads\/2022\/11\/esquema-aristoteles.docx\">Esquema F\u00edsica Arist\u00f3teles<\/a><\/p>\n<p><strong>Actividades<\/strong><\/p>\n<p><a href=\"http:\/\/patrimonio.alospicos.com\/wp-content\/uploads\/2022\/11\/Textos-fisica.docx\">Textos F\u00edsica<\/a><\/p>\n<p>&nbsp;<\/p>\n<h2><strong>Unidad Did\u00e1ctica 5: Helenismo<\/strong><\/h2>\n<p><span style=\"text-decoration: underline;\">Teor\u00eda<\/span><\/p>\n<p><a href=\"http:\/\/patrimonio.alospicos.com\/wp-content\/uploads\/2022\/11\/UD-5-Helenismo-2.pdf\" target=\"_blank\" rel=\"noopener\">Apuntes<\/a><\/p>\n<p><span style=\"text-decoration: underline;\">Actividades<\/span><\/p>\n<p><a href=\"http:\/\/patrimonio.alospicos.com\/wp-content\/uploads\/2022\/11\/Cinicos_cuestiones.pdf\">Filosof\u00eda C\u00ednica<\/a><\/p>\n<p><a href=\"http:\/\/patrimonio.alospicos.com\/wp-content\/uploads\/2022\/11\/Epicuro.pdf\" target=\"_blank\" rel=\"noopener\">Epicure\u00edsmo<\/a><\/p>\n<p><a href=\"http:\/\/patrimonio.alospicos.com\/wp-content\/uploads\/2022\/11\/ESTOICISMO_-cuestiones.pdf\" target=\"_blank\" rel=\"noopener\">Estoicismo<\/a><\/p>\n<p><a href=\"http:\/\/patrimonio.alospicos.com\/wp-content\/uploads\/2022\/11\/Frases-celebres-de-Epicteto.pdf\" target=\"_blank\" rel=\"noopener\">Frases de Epicteto<\/a><\/p>\n<p>&nbsp;<\/p>\n<p>Consulta:<\/p>\n<p><a href=\"https:\/\/www.elconfidencial.com\/cultura\/2022-11-27\/luis-enrique-ferrari-seleccionador-estoicismo_3528122\/\">Por qu\u00e9 Luis Enrique se ha hecho estoico<\/a><\/p>\n<p>[\/et_pb_accordion_item][\/et_pb_accordion][\/et_pb_column_inner][\/et_pb_row_inner][\/et_pb_column][et_pb_column type=&quot;1_4&quot; _builder_version=&quot;4.16&quot; custom_padding=&quot;|||&quot; global_colors_info=&quot;{}&quot; custom_padding__hover=&quot;|||&quot;][et_pb_blurb title=&quot;Recursos&quot; image_icon_width=&quot;none&quot; admin_label=&quot;Anuncio&quot; _builder_version=&quot;4.16&quot; background_size=&quot;initial&quot; background_position=&quot;top_left&quot; background_repeat=&quot;repeat&quot; use_border_color=&quot;off&quot; border_color=&quot;#ffffff&quot; border_width=&quot;1px&quot; border_style=&quot;solid&quot; image_max_width=&quot;none&quot; global_colors_info=&quot;{}&quot;] [\/et_pb_blurb][et_pb_button button_url=&quot;http:\/\/patrimonio.alospicos.com\/wp-content\/uploads\/2025\/11\/2Bach_Historia-de-la-Filosofia_Criterios-calificacion.pdf&quot; url_new_window=&quot;on&quot; button_text=&quot;CRITERIOS DE EVALUACI\u00d3N&quot; _builder_version=&quot;4.27.4&quot; _module_preset=&quot;default&quot; global_colors_info=&quot;{}&quot;][\/et_pb_button][et_pb_blurb title=&quot;Lecturas del curso&quot; image=&quot;http:\/\/patrimonio.alospicos.com\/wp-content\/uploads\/2025\/09\/llee.jpeg&quot; _builder_version=&quot;4.27.4&quot; _module_preset=&quot;default&quot; global_colors_info=&quot;{}&quot;]<\/p>\n<p><a href=\"http:\/\/patrimonio.alospicos.com\/wp-content\/uploads\/2025\/09\/MX-M283N_20250903_095925.pdf\" target=\"_blank\" rel=\"noopener\">Plat\u00f3n<\/a><\/p>\n<p><a href=\"http:\/\/patrimonio.alospicos.com\/wp-content\/uploads\/2026\/01\/Textos-PAU-2026-26-56.pdf\" target=\"_blank\" rel=\"noopener\">Descartes<\/a><\/p>\n<p><a href=\"http:\/\/patrimonio.alospicos.com\/wp-content\/uploads\/2026\/01\/Textos-PAU-2026-57-106.pdf\" target=\"_blank\" rel=\"noopener\">Mary Wollstonecraft<\/a><\/p>\n<p><a href=\"http:\/\/patrimonio.alospicos.com\/wp-content\/uploads\/2026\/01\/Textos-PAU-2026-107-154.pdf\" target=\"_blank\" rel=\"noopener\">Nietzsche<\/a><\/p>\n<p><a href=\"http:\/\/patrimonio.alospicos.com\/wp-content\/uploads\/2026\/01\/Textos-PAU-2026-155-214.pdf\" target=\"_blank\" rel=\"noopener\">Hannah Arendt<\/a><\/p>\n<p>[\/et_pb_blurb][et_pb_toggle title=\u00bbCanales para estudiar Historia de la Filosof\u00eda\u00bb open_toggle_background_color=\u00bb#FFFFFF\u00bb closed_toggle_text_color=\u00bb#FFFFFF\u00bb closed_toggle_background_color=\u00bb#7CDA24&#8243; icon_color=\u00bb#E02B20&#8243; _builder_version=\u00bb4.19.4&#8243; _module_preset=\u00bbdefault\u00bb background_color=\u00bb#E02B20&#8243; global_colors_info=\u00bb{}\u00bb]<\/p>\n<p><a href=\"https:\/\/www.youtube.com\/c\/LaTraves%C3%ADa\">La traves\u00eda<\/a><\/p>\n<p><a href=\"https:\/\/www.youtube.com\/watch?v=UAPZ-wShjhs&amp;list=PLDfsiz2HSb0ISFUmil8vkgEuS6gX275kP\" target=\"_blank\" rel=\"noopener\">Titi<\/a><\/p>\n<p><a href=\"https:\/\/www.youtube.com\/@AdictosalaFilosofia\" target=\"_blank\" rel=\"noopener\">Adictos a la Filosof\u00eda<\/a><\/p>\n<p><a href=\"https:\/\/www.lafondafilosofica.com\/\" target=\"_blank\" rel=\"noopener\">La Fonda Filos\u00f3fica<\/a> (nivel Universidad)<\/p>\n<p><a href=\"https:\/\/www.youtube.com\/watch?v=880rBoULtPM&amp;list=PLpolKVD304mwA_bGDdVyYKKnUCEhsCG40\" target=\"_blank\" rel=\"noopener\">Ernesto Castro<\/a> (Nivel Universidad)<\/p>\n<p>[\/et_pb_toggle][et_pb_button button_url=&quot;http:\/\/patrimonio.alospicos.com\/wp-content\/uploads\/2020\/10\/Filosofos-linea-de-tiempo-1.pdf&quot; button_text=&quot;Fil\u00f3sofos en el tiempo&quot; _builder_version=&quot;4.19.4&quot; _module_preset=&quot;default&quot; custom_button=&quot;on&quot; button_text_size=&quot;18px&quot; button_text_color=&quot;#000000&quot; button_bg_color=&quot;#E09900&quot; animation_style=&quot;fade&quot; box_shadow_style=&quot;preset4&quot; global_colors_info=&quot;{}&quot;][\/et_pb_button][et_pb_toggle title=&quot;Repositorio ex\u00e1menes 2016-2024&quot; open_toggle_background_color=&quot;rgba(0,0,0,0)&quot; closed_toggle_text_color=&quot;#ffffff&quot; closed_toggle_background_color=&quot;#0c71c3&quot; _builder_version=&quot;4.27.3&quot; _module_preset=&quot;default&quot; global_colors_info=&quot;{}&quot;]<\/p>\n<p>H\u00aa de la F\u00aa, <a href=\"http:\/\/patrimonio.alospicos.com\/wp-content\/uploads\/2024\/11\/Examen-Historia-de-la-Filosofia-de-Asturias-Ordinaria-de-2024.pdf\" target=\"_blank\" rel=\"noopener\">ordinaria 2024<\/a><\/p>\n<p>H\u00aa de la F\u00aa, <a href=\"http:\/\/patrimonio.alospicos.com\/wp-content\/uploads\/2024\/11\/Examen-Historia-de-la-Filosofia-de-Asturias-Extraordinaria-de-2024.pdf\" target=\"_blank\" rel=\"noopener\">extraordinaria 2024<\/a><\/p>\n<p>H\u00aa de la F\u00aa, <a href=\"http:\/\/patrimonio.alospicos.com\/wp-content\/uploads\/2024\/11\/Examen-Historia-de-la-Filosofia-de-Asturias-Ordinaria-de-2023.pdf\" target=\"_blank\" rel=\"noopener\">ordinaria 2023<\/a><\/p>\n<p>H\u00aa de la F\u00aa, <a href=\"http:\/\/patrimonio.alospicos.com\/wp-content\/uploads\/2024\/11\/Examen-Historia-de-la-Filosofia-de-Asturias-Extraordinaria-de-2023.pdf\" target=\"_blank\" rel=\"noopener\">extraordinaria 2023<\/a><\/p>\n<p>H\u00aa de la F\u00aa, <a href=\"http:\/\/patrimonio.alospicos.com\/wp-content\/uploads\/2023\/02\/Examen-Historia-de-la-Filosofia-de-Asturias-Ordinaria-de-2022-www.examenesdepau.com_.pdf\" target=\"_blank\" rel=\"noopener\">ordinaria 2022<\/a><\/p>\n<p>H\u00aa de la F\u00aa, <a href=\"http:\/\/patrimonio.alospicos.com\/wp-content\/uploads\/2023\/02\/Examen-Historia-de-la-Filosofia-de-Asturias-Extraordinaria-de-2022-www.examenesdepau.com_.pdf\" target=\"_blank\" rel=\"noopener\">extraordinaria 2022<\/a><\/p>\n<p>H\u00aa de la F\u00aa, <a href=\"http:\/\/patrimonio.alospicos.com\/wp-content\/uploads\/2023\/02\/Examen-Historia-de-la-Filosofia-de-Asturias-Ordinaria-de-2021-www.examenesdepau.com_.pdf\" target=\"_blank\" rel=\"noopener\">ordinaria 2021<\/a><\/p>\n<p>H\u00aa de la F\u00aa, <a href=\"http:\/\/patrimonio.alospicos.com\/wp-content\/uploads\/2023\/02\/Examen-Historia-de-la-Filosofia-de-Asturias-Extraordinaria-de-2021-www.examenesdepau.com_.pdf\" target=\"_blank\" rel=\"noopener\">extraordinaria 2021<\/a><\/p>\n<p>H\u00aa de la F\u00aa, <a href=\"http:\/\/patrimonio.alospicos.com\/wp-content\/uploads\/2023\/02\/Examen-Historia-de-la-Filosofia-de-Asturias-Ordinaria-de-2020-www.examenesdepau.com_.pdf\">ordinaria 2020<\/a><\/p>\n<p>H\u00aa de la F\u00aa, <a href=\"http:\/\/patrimonio.alospicos.com\/wp-content\/uploads\/2023\/02\/Examen-Historia-de-la-Filosofia-de-Asturias-Extraordinaria-de-2020-www.examenesdepau.com_.pdf\" target=\"_blank\" rel=\"noopener\">extraordinaria 2020<\/a><\/p>\n<p>H\u00aa de la F\u00aa, <a href=\"http:\/\/patrimonio.alospicos.com\/wp-content\/uploads\/2023\/02\/Examen-Historia-de-la-Filosofia-de-Asturias-Ordinaria-de-2019-www.examenesdepau.com_.pdf\" target=\"_blank\" rel=\"noopener\">ordinaria 2019<\/a><\/p>\n<p>H\u00aa de la F\u00aa, <a href=\"http:\/\/patrimonio.alospicos.com\/wp-content\/uploads\/2023\/02\/Examen-Historia-de-la-Filosofia-de-Asturias-Extraordinaria-de-2019-www.examenesdepau.com_.pdf\" target=\"_blank\" rel=\"noopener\">extraordinaria 2019<\/a><\/p>\n<p>H\u00aa de la F\u00aa, <a href=\"http:\/\/patrimonio.alospicos.com\/wp-content\/uploads\/2023\/02\/Examen-Historia-de-la-Filosofia-de-Asturias-Ordinaria-de-2018-www.examenesdepau.com_.pdf\" target=\"_blank\" rel=\"noopener\">ordinaria 2018<\/a><\/p>\n<p>H\u00aa de la F\u00aa, <a href=\"http:\/\/patrimonio.alospicos.com\/wp-content\/uploads\/2023\/02\/Examen-Historia-de-la-Filosofia-de-Asturias-Extraordinaria-de-2018-www.examenesdepau.com_.pdf\" target=\"_blank\" rel=\"noopener\">extraordinaria 2018<\/a><\/p>\n<p>H\u00aa de la F\u00aa, <a href=\"http:\/\/patrimonio.alospicos.com\/wp-content\/uploads\/2023\/02\/Examen-Historia-de-la-Filosofia-de-Asturias-Ordinaria-de-2017-www.examenesdepau.com_.pdf\" target=\"_blank\" rel=\"noopener\">ordinaria 2017\u00a0<\/a><\/p>\n<p>H\u00aa de la F\u00aa, <a href=\"http:\/\/patrimonio.alospicos.com\/wp-content\/uploads\/2023\/02\/Examen-Historia-de-la-Filosofia-de-Asturias-Extraordinaria-de-2017-www.examenesdepau.com_.pdf\" target=\"_blank\" rel=\"noopener\">extraordinaria 2017<\/a><\/p>\n<p>H\u00aa de la F\u00aa, <a href=\"http:\/\/patrimonio.alospicos.com\/wp-content\/uploads\/2023\/02\/Examen-Historia-de-la-Filosofia-de-Asturias-Ordinaria-de-2016-www.examenesdepau.com_.pdf\" target=\"_blank\" rel=\"noopener\">ordinaria 2016<\/a><\/p>\n<p>H\u00aa de la F\u00aa, <a href=\"http:\/\/patrimonio.alospicos.com\/wp-content\/uploads\/2023\/02\/Examen-Historia-de-la-Filosofia-de-Asturias-Extraordinaria-de-2016-www.examenesdepau.com_.pdf\" target=\"_blank\" rel=\"noopener\">extraordinaria 2016<\/a><\/p>\n<p>[\/et_pb_toggle][et_pb_button button_url=&quot;http:\/\/patrimonio.alospicos.com\/wp-content\/uploads\/2025\/09\/Modelo-Provisional-para-PAU-2026.pdf&quot; url_new_window=&quot;on&quot; button_text=&quot;EBAU, Modelo de nuevo examen&quot; _builder_version=&quot;4.27.4&quot; _module_preset=&quot;default&quot; custom_button=&quot;on&quot; button_text_size=&quot;18px&quot; button_text_color=&quot;#000000&quot; button_bg_color=&quot;#e01fcd&quot; global_colors_info=&quot;{}&quot;][\/et_pb_button][et_pb_button button_url=&quot;http:\/\/patrimonio.alospicos.com\/wp-content\/uploads\/2024\/11\/Acta-Historia-de-la-Filosofia.pdf&quot; button_text=&quot;EBAU, Acta reuni\u00f3n Octubre 2024 &quot; _builder_version=&quot;4.27.3&quot; _module_preset=&quot;default&quot; custom_button=&quot;on&quot; button_text_size=&quot;18px&quot; button_text_color=&quot;#000000&quot; button_bg_color=&quot;#e01fd3&quot; global_colors_info=&quot;{}&quot;][\/et_pb_button][et_pb_accordion _builder_version=&quot;4.27.4&quot; _module_preset=&quot;default&quot; global_colors_info=&quot;{}&quot;][et_pb_accordion_item title=&quot;Preguntas EBAU y Guion de respuesta&quot; open=&quot;on&quot; _builder_version=&quot;4.27.4&quot; _module_preset=&quot;default&quot; global_colors_info=&quot;{}&quot;]<\/p>\n<p><a href=\"http:\/\/patrimonio.alospicos.com\/wp-content\/uploads\/2025\/01\/Historia-de-la-Filosofia-Acta-10-24.pdf\" target=\"_blank\" rel=\"noopener\">Enlace al repositorio de preguntas<\/a><\/p>\n<p>[\/et_pb_accordion_item][et_pb_accordion_item title=\u00bbPresentaci\u00f3n Power Point Preguntas reflexi\u00f3n\u00bb _builder_version=\u00bb4.27.4&#8243; _module_preset=\u00bbdefault\u00bb global_colors_info=\u00bb{}\u00bb open=\u00bboff\u00bb]<\/p>\n<p><a href=\"http:\/\/patrimonio.alospicos.com\/wp-content\/uploads\/2025\/01\/PAU-PREGUNTA-1-REFLEXION.ppt\" target=\"_blank\" rel=\"noopener\">Enlace a la presentaci\u00f3n<\/a><\/p>\n<p>[\/et_pb_accordion_item][\/et_pb_accordion][\/et_pb_column][\/et_pb_section]<\/p>\n","protected":false},"excerpt":{"rendered":"<p>[et_pb_section fb_built=\u00bb1&#8243; inner_shadow=\u00bbon\u00bb fullwidth=\u00bbon\u00bb custom_padding_last_edited=\u00bbon|desktop\u00bb admin_label=\u00bbsection\u00bb _builder_version=\u00bb4.22.1&#8243; background_color=\u00bb#0b243b\u00bb custom_padding_tablet=\u00bb50px|0|50px|0&#8243; custom_padding_phone=\u00bb\u00bb transparent_background=\u00bboff\u00bb padding_mobile=\u00bboff\u00bb make_fullwidth=\u00bboff\u00bb use_custom_width=\u00bboff\u00bb width_unit=\u00bbon\u00bb custom_width_px=\u00bb1080px\u00bb custom_width_percent=\u00bb80%\u00bb global_colors_info=\u00bb{}\u00bb][et_pb_fullwidth_header title=\u00bbHistoria de la Filosof\u00eda\u00bb subhead=\u00bb2\u00ba de Bachillerato\u00bb content_max_width=\u00bbnone\u00bb admin_label=\u00bbFullwidth Header\u00bb _builder_version=\u00bb4.27.0&#8243; background_color=\u00bbrgba(255, 255, 255, 0)\u00bb button_one_letter_spacing_hover=\u00bb0&#8243; button_two_letter_spacing_hover=\u00bb0&#8243; global_colors_info=\u00bb{}\u00bb button_one_text_size__hover_enabled=\u00bboff\u00bb button_two_text_size__hover_enabled=\u00bboff\u00bb button_one_text_color__hover_enabled=\u00bboff\u00bb button_two_text_color__hover_enabled=\u00bboff\u00bb button_one_border_width__hover_enabled=\u00bboff\u00bb button_two_border_width__hover_enabled=\u00bboff\u00bb button_one_border_color__hover_enabled=\u00bboff\u00bb button_two_border_color__hover_enabled=\u00bboff\u00bb button_one_border_radius__hover_enabled=\u00bboff\u00bb button_two_border_radius__hover_enabled=\u00bboff\u00bb button_one_letter_spacing__hover_enabled=\u00bbon\u00bb button_one_letter_spacing__hover=\u00bb0&#8243; button_two_letter_spacing__hover_enabled=\u00bbon\u00bb button_two_letter_spacing__hover=\u00bb0&#8243; button_one_bg_color__hover_enabled=\u00bboff\u00bb button_two_bg_color__hover_enabled=\u00bboff\u00bb][\/et_pb_fullwidth_header][\/et_pb_section][et_pb_section fb_built=\u00bb1&#8243; specialty=\u00bbon\u00bb custom_padding_last_edited=\u00bbon|desktop\u00bb [&hellip;]<\/p>\n","protected":false},"author":2,"featured_media":0,"parent":0,"menu_order":0,"comment_status":"closed","ping_status":"closed","template":"","meta":{"_et_pb_use_builder":"on","_et_pb_old_content":"","_et_gb_content_width":"","footnotes":""},"class_list":["post-6621","page","type-page","status-publish","hentry"],"_links":{"self":[{"href":"https:\/\/patrimonio.alospicos.com\/index.php\/wp-json\/wp\/v2\/pages\/6621","targetHints":{"allow":["GET"]}}],"collection":[{"href":"https:\/\/patrimonio.alospicos.com\/index.php\/wp-json\/wp\/v2\/pages"}],"about":[{"href":"https:\/\/patrimonio.alospicos.com\/index.php\/wp-json\/wp\/v2\/types\/page"}],"author":[{"embeddable":true,"href":"https:\/\/patrimonio.alospicos.com\/index.php\/wp-json\/wp\/v2\/users\/2"}],"replies":[{"embeddable":true,"href":"https:\/\/patrimonio.alospicos.com\/index.php\/wp-json\/wp\/v2\/comments?post=6621"}],"version-history":[{"count":0,"href":"https:\/\/patrimonio.alospicos.com\/index.php\/wp-json\/wp\/v2\/pages\/6621\/revisions"}],"wp:attachment":[{"href":"https:\/\/patrimonio.alospicos.com\/index.php\/wp-json\/wp\/v2\/media?parent=6621"}],"curies":[{"name":"wp","href":"https:\/\/api.w.org\/{rel}","templated":true}]}}