{"id":6632,"date":"2024-09-13T06:38:46","date_gmt":"2024-09-13T06:38:46","guid":{"rendered":"https:\/\/puenteromano.net\/?page_id=6632"},"modified":"2024-09-13T06:38:46","modified_gmt":"2024-09-13T06:38:46","slug":"filosofia-1o-curso-23-24","status":"publish","type":"page","link":"https:\/\/patrimonio.alospicos.com\/index.php\/filosofia-1o-curso-23-24\/","title":{"rendered":"Filosof\u00eda 1\u00ba Curso 23-24"},"content":{"rendered":"<p>[et_pb_section fb_built=\u00bb1&#8243; inner_shadow=\u00bbon\u00bb fullwidth=\u00bbon\u00bb custom_padding_last_edited=\u00bbon|desktop\u00bb admin_label=\u00bbsection\u00bb _builder_version=\u00bb4.27.0&#8243; background_color=\u00bb#94a6bf\u00bb custom_padding_tablet=\u00bb50px|0|50px|0&#8243; custom_padding_phone=\u00bb\u00bb hover_enabled=\u00bb0&#8243; padding_mobile=\u00bboff\u00bb global_colors_info=\u00bb{}\u00bb sticky_enabled=\u00bb0&#8243;][et_pb_fullwidth_header title=\u00bbFilosof\u00eda 2023-2024&#8243; subhead=\u00bb1\u00ba de Bachillerato\u00bb admin_label=\u00bbFullwidth Header\u00bb _builder_version=\u00bb4.22.1&#8243; background_color=\u00bbrgba(255, 255, 255, 0)\u00bb link_option_url_new_window=\u00bbon\u00bb global_colors_info=\u00bb{}\u00bb button_one_text_size__hover_enabled=\u00bboff\u00bb button_one_text_size__hover=\u00bbnull\u00bb button_two_text_size__hover_enabled=\u00bboff\u00bb button_two_text_size__hover=\u00bbnull\u00bb button_one_text_color__hover_enabled=\u00bboff\u00bb button_one_text_color__hover=\u00bbnull\u00bb button_two_text_color__hover_enabled=\u00bboff\u00bb button_two_text_color__hover=\u00bbnull\u00bb button_one_border_width__hover_enabled=\u00bboff\u00bb button_one_border_width__hover=\u00bbnull\u00bb button_two_border_width__hover_enabled=\u00bboff\u00bb button_two_border_width__hover=\u00bbnull\u00bb button_one_border_color__hover_enabled=\u00bboff\u00bb button_one_border_color__hover=\u00bbnull\u00bb button_two_border_color__hover_enabled=\u00bboff\u00bb button_two_border_color__hover=\u00bbnull\u00bb button_one_border_radius__hover_enabled=\u00bboff\u00bb button_one_border_radius__hover=\u00bbnull\u00bb button_two_border_radius__hover_enabled=\u00bboff\u00bb button_two_border_radius__hover=\u00bbnull\u00bb button_one_letter_spacing__hover_enabled=\u00bboff\u00bb button_one_letter_spacing__hover=\u00bbnull\u00bb button_two_letter_spacing__hover_enabled=\u00bboff\u00bb button_two_letter_spacing__hover=\u00bbnull\u00bb button_one_bg_color__hover_enabled=\u00bboff\u00bb button_one_bg_color__hover=\u00bbnull\u00bb button_two_bg_color__hover_enabled=\u00bboff\u00bb button_two_bg_color__hover=\u00bbnull\u00bb][\/et_pb_fullwidth_header][\/et_pb_section][et_pb_section fb_built=\u00bb1&#8243; specialty=\u00bbon\u00bb custom_padding_last_edited=\u00bbon|desktop\u00bb admin_label=\u00bbsection\u00bb _builder_version=\u00bb4.16&#8243; custom_padding_tablet=\u00bb50px|0|50px|0&#8243; custom_padding_phone=\u00bb\u00bb padding_mobile=\u00bboff\u00bb locked=\u00bboff\u00bb global_colors_info=\u00bb{}\u00bb][et_pb_column type=\u00bb3_4&#8243; specialty_columns=\u00bb3&#8243; _builder_version=\u00bb4.16&#8243; custom_padding=\u00bb|||\u00bb global_colors_info=\u00bb{}\u00bb parallax__hover=\u00bboff\u00bb parallax_method__hover=\u00bbon\u00bb custom_padding__hover=\u00bb|||\u00bb][et_pb_row_inner padding_mobile=\u00bboff\u00bb column_padding_mobile=\u00bboff\u00bb _builder_version=\u00bb4.16&#8243; global_colors_info=\u00bb{}\u00bb][et_pb_column_inner saved_specialty_column_type=\u00bb3_4&#8243; _builder_version=\u00bb4.16&#8243; custom_padding=\u00bb|||\u00bb global_colors_info=\u00bb{}\u00bb column_padding_mobile__hover=\u00bboff\u00bb parallax__hover=\u00bboff\u00bb parallax_method__hover=\u00bbon\u00bb custom_padding__hover=\u00bb|||\u00bb][et_pb_text admin_label=\u00bbText\u00bb _builder_version=\u00bb4.16&#8243; saved_tabs=\u00bball\u00bb global_colors_info=\u00bb{}\u00bb]<\/p>\n<h2>Filosof\u00eda, 1\u00ba de Bachillerato<\/h2>\n<p>[\/et_pb_text][et_pb_toggle title=\u00bbFilosof\u00eda de 1\u00ba pendiente: martes 30 de abril\u00bb closed_toggle_text_color=\u00bb#FFFFFF\u00bb closed_toggle_background_color=\u00bb#E02B20&#8243; _builder_version=\u00bb4.24.3&#8243; _module_preset=\u00bbdefault\u00bb global_colors_info=\u00bb{}\u00bb]<\/p>\n<p>El <strong>martes 30 de abril, a 1\u00aa hora de la ma\u00f1ana<\/strong>, tendr\u00e1 lugar la <strong>prueba de recuperaci\u00f3n globa<\/strong>l de pendientes de Filosof\u00eda de 1\u00ba de Bachillerato.<\/p>\n<p>El alumno o alumna podr\u00e1 presentarse a la parte o partes de la materia que tenga pendientes.<\/p>\n<p>Las partes superadas de la materia no ser\u00e1n objeto de examen.<\/p>\n<p>Si se desea mayor informaci\u00f3n, el correo del profesor responsable de la materia \u201cFilosof\u00eda\u201d, pendiente de 1\u00ba, es <a href=\"mailto:gonzalobd@educastur.org\"><span>gonzalobd@educastur.org<\/span><\/a><\/p>\n<p>&nbsp;<\/p>\n<p>[\/et_pb_toggle][et_pb_accordion _builder_version=\u00bb4.27.0&#8243; global_colors_info=\u00bb{}\u00bb][et_pb_accordion_item title=\u00bbPRIMERA EVALUACI\u00d3N\u00bb open=\u00bbon\u00bb _builder_version=\u00bb4.23.4&#8243; background_size=\u00bbinitial\u00bb background_position=\u00bbtop_left\u00bb background_repeat=\u00bbrepeat\u00bb global_colors_info=\u00bb{}\u00bb]<\/p>\n<h3>Bloque A. La filosof\u00eda y el ser humano<\/h3>\n<p>_______<\/p>\n<h4>A.1 La reflexi\u00f3n filos\u00f3fica en torno a la propia filosof\u00eda<\/h4>\n<ul>\n<li>El saber filos\u00f3fico.\u00a0<a href=\"http:\/\/patrimonio.alospicos.com\/wp-content\/uploads\/2016\/09\/Introduccionenlamateria.pdf\" target=\"_blank\" rel=\"noopener noreferrer\">Introducci\u00f3n en la materia<\/a><\/li>\n<li>Las divisiones tradicionales de la filosof\u00eda.\u00a0<a href=\"http:\/\/patrimonio.alospicos.com\/wp-content\/uploads\/2016\/09\/Preguntasyproblemasdelafilosofia.pdf\" target=\"_blank\" rel=\"noopener noreferrer\">Preguntas y problemas<\/a>\n<ul>\n<li><a href=\"http:\/\/patrimonio.alospicos.com\/wp-content\/uploads\/2023\/10\/8-Modelos-de-Universos-A.pdf\" target=\"_blank\" rel=\"noopener\">Modelos de Universo<\/a><\/li>\n<\/ul>\n<\/li>\n<li>Breve recensi\u00f3n hist\u00f3rica de la filosof\u00eda.\n<ul>\n<li><a href=\"http:\/\/patrimonio.alospicos.com\/wp-content\/uploads\/2023\/09\/Filosofos-y-Filosofas-en-el-tiempo.png\" target=\"_blank\" rel=\"noopener noreferrer\">Fil\u00f3sofos y fil\u00f3sofas en el tiempo<\/a>\u00a0y en <a href=\"http:\/\/patrimonio.alospicos.com\/wp-content\/uploads\/2023\/09\/Filosofos-y-Filosofas-en-el-tiempo.pdf\" target=\"_blank\" rel=\"noopener\">PDF<\/a><\/li>\n<li>El origen: la transici\u00f3n del pensamiento m\u00edtico al pensamiento l\u00f3gico.<\/li>\n<li><a href=\"http:\/\/patrimonio.alospicos.com\/wp-content\/uploads\/2016\/09\/MitodelMinotauro.pdf\" target=\"_blank\" rel=\"noopener\">El mito del Minotauro<\/a><\/li>\n<li><a href=\"http:\/\/patrimonio.alospicos.com\/wp-content\/uploads\/2022\/09\/El-nacimiento-de-la-Filosofia.pdf\" target=\"_blank\" rel=\"noopener\">El nacimiento de la Filosof\u00eda<\/a><\/li>\n<li>Primeros pensadores: <a href=\"http:\/\/patrimonio.alospicos.com\/wp-content\/uploads\/2016\/10\/Lafilosofiapresocratica.pdf\">Los presocr\u00e1ticos<\/a><\/li>\n<li><a href=\"https:\/\/youtu.be\/qv-TXz0qc7g\" target=\"_blank\" rel=\"noopener noreferrer\">Filosof\u00eda de S\u00f3crates<\/a><span>, de Lluna Pineda (Audio-video de apoyo en Youtube)<\/span><\/li>\n<li><a href=\"http:\/\/patrimonio.alospicos.com\/wp-content\/uploads\/2016\/09\/PlatonLasIdeasyLasCosas.pdf\" target=\"_blank\" rel=\"noopener\">Plat\u00f3n: las ideas y las cosas<\/a><\/li>\n<li><a href=\"http:\/\/patrimonio.alospicos.com\/wp-content\/uploads\/2016\/11\/Plat%C3%B3n-reminsicencia-y-orfismo.pdf\" target=\"_blank\" rel=\"noopener\">Plat\u00f3n: reminiscencia y orfismo<\/a><\/li>\n<li>Plat\u00f3n, alegor\u00eda de La Caverna: <a href=\"http:\/\/patrimonio.alospicos.com\/wp-content\/uploads\/2018\/10\/Platon-El-mito-de-la-caverna.pdf\" target=\"_blank\" rel=\"noopener noreferrer\">Texto e introducci\u00f3n<\/a> (texto con ilustraci\u00f3n, para leer online). <a href=\"http:\/\/patrimonio.alospicos.com\/wp-content\/uploads\/2018\/10\/Plato%CC%81n-alegori%CC%81a-de-La-Caverna.pdf\" target=\"_blank\" rel=\"noopener noreferrer\">PDF para descargar<\/a> (texto en dos hojas, para imprimir). <a href=\"https:\/\/www.bachilleratocinefilo.com\/2015\/09\/el-mito-de-la-caverna-de-platon-la.html\" target=\"_blank\" rel=\"noopener\">La sombra, la pantalla, la luz<\/a>; de Francisco Huertas (publicaci\u00f3n web, esencial, completa). <a href=\"http:\/\/patrimonio.alospicos.com\/wp-content\/uploads\/2021\/10\/Ella-Baron-La-Caverna-de-Platon.jpeg\">La caverna de Plat\u00f3n<\/a> (Ilustraci\u00f3n de Ella Baron)<\/li>\n<li>Los \u00ab<a href=\"http:\/\/patrimonio.alospicos.com\/wp-content\/uploads\/2016\/09\/Elnombredelarosa.pdf\">conceptos universales<\/a>\u00bb y las realidades singulares en el pensamiento medieval<\/li>\n<li>La Filosof\u00eda moderna: <a href=\"http:\/\/patrimonio.alospicos.com\/wp-content\/uploads\/2016\/09\/RazonyExperiencia.pdf\">Racionalismo, Empirismo e Ilustraci\u00f3n<\/a><\/li>\n<li>Las raices del pensamiento contempor\u00e1neo: <a href=\"http:\/\/patrimonio.alospicos.com\/wp-content\/uploads\/2016\/09\/Filosofosdelasospecha.pdf\">Nietzsche, Marx y Freud<\/a> y la <a href=\"http:\/\/patrimonio.alospicos.com\/wp-content\/uploads\/2023\/11\/Filosofia-de-la-sospecha-intro.pdf\">Filosof\u00eda de la Sospecha<\/a><\/li>\n<\/ul>\n<\/li>\n<li>La Filosofia en el siglo XXI y la relaci\u00f3n con otros campos del saber y la actividad humana\u00a0: <a href=\"http:\/\/patrimonio.alospicos.com\/wp-content\/uploads\/2023\/12\/El-malestar-en-la-cultura.pdf\" target=\"_blank\" rel=\"noopener\">el malestar en la cultura<\/a>.<\/li>\n<li>M\u00e9todos y herramientas b\u00e1sicos del fil\u00f3sofo: el uso y an\u00e1lisis cr\u00edtico de fuentes; la comprensi\u00f3n e interpretaci\u00f3n de documentos filos\u00f3ficos; la identificaci\u00f3n de problemas filos\u00f3ficos en otros \u00e1mbitos de la cultura; el pensamiento y el di\u00e1logo argumentativos; la investigaci\u00f3n y la disertaci\u00f3n filos\u00f3fica. Documento: <a href=\"http:\/\/patrimonio.alospicos.com\/index.php\/2021\/12\/21\/informacion-y-contexto\/\" target=\"_blank\" rel=\"noopener\">Informaci\u00f3n y contexto<\/a>.<\/li>\n<li>La discriminaci\u00f3n social, de g\u00e9nero, etnia y edad en la tradici\u00f3n filos\u00f3fica.\n<ul>\n<li>Las <a href=\"https:\/\/www.ngenespanol.com\/historia\/olas-del-feminismo-cuantas-son-y-cuales-son-las-diferencias-entre-ellas\/\" target=\"_blank\" rel=\"noopener\">olas feministas<\/a> (leer y estudiar. Se puede traer, en esquema, al examen)<\/li>\n<li><a href=\"http:\/\/patrimonio.alospicos.com\/wp-content\/uploads\/2017\/01\/EtniaEtnicoEtnicidad.pdf\" target=\"_blank\" rel=\"noopener\">Etnia, \u00e9tnico, etnicidad<\/a><\/li>\n<\/ul>\n<\/li>\n<\/ul>\n<h4>A.2 El ser humano como sujeto y objeto de la experiencia filos\u00f3fica<\/h4>\n<ul>\n<li>La filosof\u00eda y la existencia humana. Documento: \u00ab<a href=\"http:\/\/patrimonio.alospicos.com\/wp-content\/uploads\/2024\/01\/Existencialistas.pdf\" target=\"_blank\" rel=\"noopener\">Existencialistas<\/a>\u00bb\n<ul>\n<li>Art\u00edculo en prensa:\u00a0<a href=\"https:\/\/www.newtral.es\/hannah-arendt-sobre-la-humanidad-del-mal\/20191014\/\" target=\"_blank\" rel=\"noopener\"><em>Hannah Arendt, sobre la banalidad del mal<\/em>, de Luis H. Rodr\u00edguez (en newtral.es, octubre de 2019)<\/a>. Lectura.<\/li>\n<\/ul>\n<\/li>\n<li>El debate sobre la g\u00e9nesis y definici\u00f3n de la naturaleza humana: <a href=\"http:\/\/patrimonio.alospicos.com\/wp-content\/uploads\/2017\/01\/HominizacionConceptosIntroductorios.pdf\" target=\"_blank\" rel=\"noopener\">especificidad natural (Hominizaci\u00f3n: conceptos)<\/a> y <a href=\"http:\/\/patrimonio.alospicos.com\/wp-content\/uploads\/2017\/01\/GeneticaPoblacionyCulturaGuion.pdf\">condicionantes hist\u00f3rico-culturales (La g\u00e9nesis de \u00ablo europeo)<\/a>. Concepciones filos\u00f3ficas del ser humano.<\/li>\n<li>La estructura psicosom\u00e1tica de la personalidad: <a href=\"http:\/\/patrimonio.alospicos.com\/wp-content\/uploads\/2024\/01\/Personalidad-y-emociones.pdf\" target=\"_blank\" rel=\"noopener\">sensibilidad, emotividad, deseos y volici\u00f3n<\/a>, las facultades cognitivas (Se completa con otras 5 p\u00e1ginas del documento).<\/li>\n<li>Conciencia y lenguaje:\n<ol>\n<li><a href=\"\/wp-content\/uploads\/2017\/01\/LenguajeyLaringe.pdf\" target=\"_blank\" rel=\"noopener noreferrer\">El lenguaje humano y la laringe<\/a><\/li>\n<li><a href=\"http:\/\/patrimonio.alospicos.com\/wp-content\/uploads\/2024\/01\/La-evolucion-del-lenguaje.pdf\">Evoluci\u00f3n y lenguaje<\/a> (Lectura, 10 p\u00e1ginas. Se admite esquema en el examen. Pueden caer textos del documento en el examen)\n<ol>\n<li><a href=\"https:\/\/www.dailymotion.com\/video\/x2lima6\" target=\"_blank\" rel=\"noopener noreferrer\">El lenguaje de los monos <em>vervet<\/em> ante el peligro<\/a>\u00a0(v\u00eddeo, visualizaci\u00f3n)<\/li>\n<li><a href=\"https:\/\/www.youtube.com\/watch?v=R14gZe8TeJw\" target=\"_blank\" rel=\"noopener\">Gorilas y lengua de signos<\/a> (video visualizaci\u00f3n)<\/li>\n<\/ol>\n<\/li>\n<\/ol>\n<\/li>\n<li>El problema de la identidad personal. Tipos y modos de identidad. La especulaci\u00f3n en torno al <a href=\"http:\/\/patrimonio.alospicos.com\/wp-content\/uploads\/2024\/01\/Transhumanismo.pdf\" target=\"_blank\" rel=\"noopener\">transhumanismo<\/a>.<\/li>\n<\/ul>\n<p>[\/et_pb_accordion_item][et_pb_accordion_item title=\u00bbSEGUNDA EVALUACI\u00d3N\u00bb _builder_version=\u00bb4.25.0&#8243; _module_preset=\u00bbdefault\u00bb global_colors_info=\u00bb{}\u00bb open=\u00bboff\u00bb]<\/p>\n<h3>Bloque B. El conocimiento y la realidad<\/h3>\n<p>_____________<\/p>\n<h4>B.1 El problema filos\u00f3fico del conocimiento y la verdad<\/h4>\n<ul>\n<li>El conocimiento: definici\u00f3n, posibilidad y l\u00edmites. Teor\u00edas de la verdad. La desinformaci\u00f3n y el fen\u00f3meno de la \u00abposverdad\u00bb.\n<ul>\n<li><a href=\"http:\/\/patrimonio.alospicos.com\/wp-content\/uploads\/2024\/02\/Conocimiento-verdad-y-posverdad-1.pdf\" target=\"_blank\" rel=\"noopener\">Esquema de apoyo<\/a><\/li>\n<li>Pr\u00e1cticas:\n<ul>\n<li><span><\/span><span>La verdad y el poder. Debate a partir del documento <\/span><span>\u00ab<a href=\"http:\/\/patrimonio.alospicos.com\/wp-content\/uploads\/2016\/11\/La-verdad-es-la-verdad.pdf\">La verdad es la verdad<\/a>\u00bb<\/span><span> (Texto de S. Ferlosio)<\/span><\/li>\n<li><span><a href=\"http:\/\/patrimonio.alospicos.com\/index.php\/2019\/11\/25\/verdad-y-media\/\"><span>Verdad y Media: el fotoperiodismo<\/span><\/a><\/span><span>. An\u00e1lisis y debate a partir de im\u00e1genes.<\/span><\/li>\n<\/ul>\n<\/li>\n<li>Las teor\u00edas del conocimiento: formas de racionalismo, empirismo y otras teor\u00edas (Impartido en el primer trimestre).<\/li>\n<li>El razonamiento y la argumentaci\u00f3n. La argumentaci\u00f3n informal. Nociones de l\u00f3gica formal. La detecci\u00f3n de falacias y sesgos cognitivos.<\/li>\n<li><a href=\"http:\/\/patrimonio.alospicos.com\/wp-content\/uploads\/2024\/05\/1.-Logica-Enunc.-Tablas-y-reglas.pdf\">L\u00f3gica de enunciados, tablas y reglas<\/a><\/li>\n<li><a href=\"http:\/\/patrimonio.alospicos.com\/wp-content\/uploads\/2024\/05\/2.-Logica-de-Clases.-Diagramas.pdf\">L\u00f3gica de clases: diagramas<\/a> (ojo: las proposiciones est\u00e1n sin rellenar. Consultad los apuntes)<\/li>\n<li>El saber cient\u00edfico: definici\u00f3n, demarcaci\u00f3n y metodolog\u00edas cient\u00edficas. La filosof\u00eda de la ciencia: problemas y l\u00edmites del conocimiento cient\u00edfico.<\/li>\n<li>Otros modos de saber: el problema del saber metaf\u00edsico; las creencias religiosas; la raz\u00f3n po\u00e9tica; el saber com\u00fan.<\/li>\n<li>La dimensi\u00f3n social y pol\u00edtica del conocimiento. Conocimiento, poder e inter\u00e9s. La tecnociencia contempor\u00e1nea. El papel de la mujer en la ciencia y en los otros saberes.<\/li>\n<\/ul>\n<h4>B.2 La cuesti\u00f3n de la naturaleza \u00faltima de la verdad<\/h4>\n<ul>\n<li>El problema de lo real. Apariencia y realidad. La cuesti\u00f3n de las realidades virtuales.<\/li>\n<li>Unidad y pluralidad. Categor\u00edas y modos de ser. Entidades f\u00edsicas y objetos ideales: el problema de los universales.<\/li>\n<li>El problema mente-cuerpo. La filosof\u00eda de la mente y el debate en torno a la inteligencia artificial.<\/li>\n<li>El problema filos\u00f3fico del tiempo y el cambio. El problema del determinismo. Necesidad, azar y libertad.<\/li>\n<li>El problema filos\u00f3fico de la existencia de Dios. Te\u00edsmo, ate\u00edsmo y agnosticismo.<\/li>\n<\/ul>\n<\/li>\n<\/ul>\n<p>[\/et_pb_accordion_item][et_pb_accordion_item title=\u00bb2\u00aa Ev. EXAMEN, detalle.\u00bb _builder_version=\u00bb4.24.2&#8243; _module_preset=\u00bbdefault\u00bb global_colors_info=\u00bb{}\u00bb open=\u00bboff\u00bb]<\/p>\n<h4>PARTE TEORICA I, (cuatro preguntas breves, con respuestas de 4 \u00f3 5 l\u00edneas. 1 punto por pregunta. Total, 4 puntos)<\/h4>\n<h4>El ser humano como sujeto y objeto de la experiencia filos\u00f3fica<\/h4>\n<ul>\n<li>La filosof\u00eda y la existencia humana. Documento: \u00ab<a href=\"http:\/\/patrimonio.alospicos.com\/wp-content\/uploads\/2024\/01\/Existencialistas.pdf\" target=\"_blank\" rel=\"noopener\">Existencialistas<\/a>\u00bb (se puede traer al examen)<\/li>\n<li>El debate sobre la g\u00e9nesis y definici\u00f3n de la naturaleza humana: <a href=\"http:\/\/patrimonio.alospicos.com\/wp-content\/uploads\/2017\/01\/HominizacionConceptosIntroductorios.pdf\" target=\"_blank\" rel=\"noopener\">especificidad natural (Hominizaci\u00f3n: conceptos)<\/a>y <a href=\"http:\/\/patrimonio.alospicos.com\/wp-content\/uploads\/2017\/01\/GeneticaPoblacionyCulturaGuion.pdf\">condicionantes hist\u00f3rico-culturales (La g\u00e9nesis de \u00ablo europeo)<\/a>. (Se puede traer al examen)<\/li>\n<li>La estructura psicosom\u00e1tica de la personalidad: <a href=\"http:\/\/patrimonio.alospicos.com\/wp-content\/uploads\/2024\/01\/Personalidad-y-emociones.pdf\" target=\"_blank\" rel=\"noopener\">sensibilidad, emotividad, deseos y volici\u00f3n<\/a>, las facultades cognitivas. (Se puede traer al examen esta hoja, no las otras 5, que tambi\u00e9n entran)<\/li>\n<li>Conciencia y lenguaje:\n<ol>\n<li><a href=\"\/wp-content\/uploads\/2017\/01\/LenguajeyLaringe.pdf\" target=\"_blank\" rel=\"noopener noreferrer\">El lenguaje humano y la laringe<\/a> (Se puede traer al examen)\n<ol>\n<li><a href=\"https:\/\/www.dailymotion.com\/video\/x2lima6\" target=\"_blank\" rel=\"noopener noreferrer\">El lenguaje de los monos <em>vervet<\/em> ante el peligro<\/a>\u00a0(v\u00eddeo, visualizaci\u00f3n)<\/li>\n<li><a href=\"https:\/\/www.youtube.com\/watch?v=R14gZe8TeJw\" target=\"_blank\" rel=\"noopener\">Gorilas y lengua de signos<\/a> (video visualizaci\u00f3n)<\/li>\n<\/ol>\n<\/li>\n<\/ol>\n<\/li>\n<\/ul>\n<h4>PARTE PR\u00c1CTICA I: TRABAJO CON TEXTOS (Dos textos con dos preguntas breves en cada uno. 1 punto por cada texto. Total, 2 puntos)<\/h4>\n<ul>\n<li>Art\u00edculo en prensa:\u00a0<a href=\"https:\/\/www.newtral.es\/hannah-arendt-sobre-la-humanidad-del-mal\/20191014\/\" target=\"_blank\" rel=\"noopener\"><em>Hannah Arendt, sobre la banalidad del mal<\/em>, de Luis H. Rodr\u00edguez (en newtral.es, octubre de 2019)<\/a>.<\/li>\n<li>El problema de la identidad personal. Tipos y modos de identidad. La especulaci\u00f3n en torno al <a href=\"http:\/\/patrimonio.alospicos.com\/wp-content\/uploads\/2024\/01\/Transhumanismo.pdf\" target=\"_blank\" rel=\"noopener\">transhumanismo<\/a>.<\/li>\n<li><a href=\"http:\/\/patrimonio.alospicos.com\/wp-content\/uploads\/2024\/01\/La-evolucion-del-lenguaje.pdf\">Evoluci\u00f3n y lenguaje<\/a> (Lectura, 10 p\u00e1ginas. Se admite esquema en el examen, pero entra como \u00abtexto\u00bb)<\/li>\n<\/ul>\n<h4>El problema filos\u00f3fico del conocimiento y la verdad<\/h4>\n<ul>\n<li><span><\/span><span>La verdad y el poder. Debate a partir del documento <\/span><span>\u00ab<a href=\"http:\/\/patrimonio.alospicos.com\/wp-content\/uploads\/2016\/11\/La-verdad-es-la-verdad.pdf\">La verdad es la verdad<\/a>\u00bb<\/span><span> (Texto de S. Ferlosio)<\/span><span><\/span><\/li>\n<li><span><a href=\"http:\/\/patrimonio.alospicos.com\/index.php\/2019\/11\/25\/verdad-y-media\/\">Verdad y Media: el fotoperiodismo<\/a><\/span><span>. (Textos adjuntos)<\/span><\/li>\n<\/ul>\n<h4>PARTE PR\u00c1CTICA II: L\u00d3GICA (4 problemas. 1 punto por cada problema. Total, 4 puntos)<\/h4>\n<ul>\n<li>Ejercicio 1:\n<ul>\n<li>Formalizaci\u00f3n de enunciados, dos casos (o,5 puntos cada uno; 1 punto)<\/li>\n<li>Interdefiniciones, dos casos (o,5 puntos cada una; 1 punto)<\/li>\n<\/ul>\n<\/li>\n<li>Ejercicio 2:\n<ul>\n<li>Deducci\u00f3n, problema A (1 punto)<\/li>\n<li>Deducci\u00f3n, problema B (1 punto)<\/li>\n<\/ul>\n<\/li>\n<li><strong>IMPORTANTE: Documento sobre l\u00f3gica<\/strong> (leer a partir de la p\u00e1gina 4 y especialmente a partir de la 11): <a href=\"http:\/\/patrimonio.alospicos.com\/wp-content\/uploads\/2017\/04\/L%C3%B3gica-paso-a-paso.pdf\" target=\"_blank\" rel=\"noopener\"><strong>L\u00d3GICA PASO A PASO<\/strong><\/a><\/li>\n<\/ul>\n<p>[\/et_pb_accordion_item][et_pb_accordion_item title=\u00bbTERCERA EVALUACI\u00d3N\u00bb _builder_version=\u00bb4.25.1&#8243; _module_preset=\u00bbdefault\u00bb global_colors_info=\u00bb{}\u00bb open=\u00bboff\u00bb]<\/p>\n<h3>Bloque C. Acci\u00f3n y creaci\u00f3n<\/h3>\n<p>________<\/p>\n<h4>C.1 La acci\u00f3n humana: filosof\u00eda \u00e9tica y pol\u00edtica<\/h4>\n<p><strong>1. Documento de partida: <a href=\"http:\/\/patrimonio.alospicos.com\/wp-content\/uploads\/2024\/04\/ProtagorasSocrates-y-los-valores.pdf\" target=\"_blank\" rel=\"noopener\">Prot\u00e1goras y S\u00f3crates: la ra\u00edz del debate \u00e9tico<\/a><\/strong><\/p>\n<p><strong>2.\u00a0<\/strong><strong>Concreciones<\/strong>:<\/p>\n<ul>\n<li>El problema \u00e9tico: c\u00f3mo hemos de actuar. Ser y deber ser. La deliberaci\u00f3n moral. Las condiciones del juicio y el di\u00e1logo \u00e9tico.<\/li>\n<li>El fundamento de la organizaci\u00f3n social y del poder pol\u00edtico. Teor\u00edas del origen sobrenatural vs. teor\u00edas contractualistas. La reflexi\u00f3n filos\u00f3fica en torno a la democracia.<\/li>\n<li>La posibilidad de una \u00e9tica racional. <a href=\"http:\/\/patrimonio.alospicos.com\/wp-content\/uploads\/2024\/04\/Cognitivismo-y-emotivismo-moral.pdf\" target=\"_blank\" rel=\"noopener\">Cognitivismo y emotivismo<\/a>. El debate en torno al relativismo moral. El reto de una \u00e9tica universal de m\u00ednimos.<\/li>\n<li>Las principales respuestas al problema \u00e9tico: \u00e9ticas consecuencialistas, \u00e9ticas del deber y \u00e9ticas de la virtud. La moral amoral de Nietzsche. \u00c9ticas del cuidado. \u00c9tica medioambiental. \u00c9ticas aplicadas.<\/li>\n<li><a href=\"http:\/\/patrimonio.alospicos.com\/wp-content\/uploads\/2024\/04\/DDHH-Historia.pdf\" target=\"_blank\" rel=\"noopener\">Los derechos humanos<\/a>: su g\u00e9nesis, legitimidad y situaci\u00f3n en el mundo. Las distintas generaciones de derechos humanos. <a href=\"http:\/\/patrimonio.alospicos.com\/wp-content\/uploads\/2024\/04\/DDHH-Mujeres-redactoras.pdf\">Mujeres redactoras<\/a> de la Declaraci\u00f3n Universal.<\/li>\n<li>TAREA: Debate en clase. Conocimientos previos: t\u00e9rminos \u00ab<strong>cognitivismo<\/strong>\u00ab, \u00ab<strong>emotivismo<\/strong>\u00bb (en el contexto de los valores) y el <strong>origen hist\u00f3rico de la declaraci\u00f3n universal de los Derechos Humanos<\/strong>.<\/li>\n<li>Grandes cuestiones \u00e9ticas de nuestro tiempo:\n<ul>\n<li>la desigualdad y la pobreza. Tres indicadores: la <strong>Renta per C\u00e1pita, <\/strong>el\u00a0<strong>\u00cdndice de Desarrollo Humano<\/strong> y el <strong>\u00cdndice de Desarrollo ajustado por desigualdad<\/strong> (IDHD). Los derechos de la infancia; la discriminaci\u00f3n y el respeto a las minor\u00edas.<\/li>\n<li>la igualdad efectiva de derechos entre hombres y mujeres: las olas feministas (trabajado en la 1\u00aa evaluaci\u00f3n)<\/li>\n<li>los problemas ecosociales y medioambientales; los derechos de los animales. Los <a href=\"https:\/\/www.un.org\/sustainabledevelopment\/es\/objetivos-de-desarrollo-sostenible\/\" target=\"_blank\" rel=\"noopener\">Objetivos de desarrollo sostenible<\/a> (<strong>ODS<\/strong>. Fuente: Naciones Unidas)<\/li>\n<li>El di\u00e1logo en torno a los principios pol\u00edticos fundamentales: igualdad y libertad; individuo y Estado; trabajo, propiedad y distribuci\u00f3n de la riqueza. El debate pol\u00edtico contempor\u00e1neo: liberalismo, utilitarismo y comunitarismo.\n<ul>\n<li>Materiales e apoyo: lectura y an\u00e1lisis del cuadernillo entregado en clase (El poder pol\u00edtico: origen legitimidad y componentes, textos de Hobbes y Rousseau, Las castas hind\u00faes, Rawls y el Surfista, Teor\u00eda de la Justicia de Rawls)<\/li>\n<\/ul>\n<\/li>\n<\/ul>\n<\/li>\n<li>El hombre como ser social. Definici\u00f3n de lo pol\u00edtico. Legalidad y legitimidad. La cuesti\u00f3n filos\u00f3fica de la justicia. La guerra, el terrorismo y otras formas de violencia.\n<ul>\n<li>Situaci\u00f3n de aprendizaje: el caso Dreyfus\n<ul>\n<li><a href=\"https:\/\/es.wikipedia.org\/wiki\/Caso_Dreyfus\" target=\"_blank\" rel=\"noopener\">Wikipedia<\/a> (Leer solo los apartados \u00abResumen, Terminos derivados y Contextos\u00bb)<\/li>\n<li><a href=\"https:\/\/historia.nationalgeographic.com.es\/a\/caso-dreyfus-complot-antisemita-que-dividio-francia_15049\" target=\"_blank\" rel=\"noopener\"><em>El caso dreyfus: el complot antisemita que dividi\u00f3 francia<\/em><\/a>, de Ainhoa Campos Posada, en Historia-National Geographic.<\/li>\n<li><a href=\"https:\/\/www.ondacero.es\/programas\/la-rosa-de-los-vientos\/audios-podcast\/materia-reservada\/caso-dreyfus_201912225dff25090cf2585b495219f5.html\" target=\"_blank\" rel=\"noopener\">Podcast en Onda Cero<\/a><\/li>\n<li>Pel\u00edcula: <em>El oficial y el esp\u00eda<\/em> (<em>J&#8217;accuse<\/em>, en franc\u00e9s), de Roman Polanski (2019)<\/li>\n<\/ul>\n<\/li>\n<\/ul>\n<\/li>\n<li>Ideales, utop\u00edas y distop\u00edas. Los movimientos sociales y pol\u00edticos. El feminismo y la perspectiva de g\u00e9nero en la filosof\u00eda.\n<ul>\n<li>Situaci\u00f3n de aprendizaje: Tres mujeres en la Filosof\u00eda, la Pol\u00edtica y la Historia del siglo XX.\n<ul>\n<li>Simonne de Beauvoir:\n<ul>\n<li><a href=\"https:\/\/historia.nationalgeographic.com.es\/a\/simone-beauvoir-filosofa-feminista_16094\" target=\"_blank\" rel=\"noopener\">Rese\u00f1a biogr\u00e1fica<\/a> en National Geographic<\/li>\n<\/ul>\n<\/li>\n<li>Hannah Arendt:\n<ul>\n<li>Art\u00edculo: <a href=\"http:\/\/patrimonio.alospicos.com\/wp-content\/uploads\/2024\/05\/Hannah-Arendt-destripando-el-mal.pdf\" target=\"_blank\" rel=\"noopener\"><em>Hannah Arendt, destripando el mal<\/em><\/a>, de Amalia Mosquera, 2018, en Filosof\u00eda &amp; Co. (5 p\u00e1ginas)<\/li>\n<li>Art\u00edculo: <a href=\"http:\/\/patrimonio.alospicos.com\/wp-content\/uploads\/2024\/05\/Arendt-Trabajo-tortura-y-ciudadania.pdf\" target=\"_blank\" rel=\"noopener\"><em>Hannah Arendt: trabajo, tortura y ciudadan\u00eda<\/em><\/a>, de Edgar Straehle, 2021, en El Salto Diario (3 p\u00e1ginas)<\/li>\n<li>Documental: <a href=\"https:\/\/youtu.be\/MVZpoIz8ei4?si=TOURB2MlLQvBd3X_\" target=\"_blank\" rel=\"noopener\"><em>Eichmann en Jerusal\u00e9n &#8211; Hannah Arendt y la Banalidad del Mal<\/em>, rese\u00f1a en el canal de Historia y Filosof\u00eda \u00abLa Traves\u00eda\u00bb (18 minutos)<\/a><\/li>\n<li>Documental:\u00a0<em>Vita activa, el esp\u00edritu de Hannah Arendt<\/em>, documental de Ada Ushpiz (2015, 2 horas)<\/li>\n<li>Libro: <em>Eichman en Jerusalen. Un estudio sobre la banalidad del mal<\/em>, de Hannah Arendt (1963). <a href=\"https:\/\/es.wikipedia.org\/wiki\/Eichmann_en_Jerusal%C3%A9n\" target=\"_blank\" rel=\"noopener\">Rese\u00f1a en Wikipedia<\/a><\/li>\n<\/ul>\n<\/li>\n<li>Simone Weil:\n<ul>\n<li>Art\u00edculo: <a href=\"https:\/\/historia.nationalgeographic.com.es\/a\/simone-weil-filosofa-pacifista-que-lucho-guerra-civil-espanola_19057\" target=\"_blank\" rel=\"noopener\">Simone Weil, la fil\u00f3sofa pacifista que luch\u00f3 en la guerra civil espa\u00f1ola<\/a>, de Aitana Palomar en National Geographic (2023)<\/li>\n<li>Art\u00edculo: <a href=\"https:\/\/filco.es\/simone-weil-filosofia-de-la-compasion\/\" target=\"_blank\" rel=\"noopener\"><em>Simone Weil: filosof\u00eda de la compasi\u00f3n<\/em><\/a>, de Gabriel Arnaiz en \u00abFilosof\u00eda &amp; Co.\u00bb (2019).<\/li>\n<li>Video: <a href=\"https:\/\/youtu.be\/5dycjwIufus?si=wsbp6otB-E8Pt2tZ\" target=\"_blank\" rel=\"noopener\">Simone Weil (1909-1943): pensando y viviendo el sufrimiento<\/a>, en \u00abFil\u00f3sofas en la Historia\u00bb (12 minutos).<\/li>\n<li><a href=\"https:\/\/es.wikipedia.org\/wiki\/Simone_Weil\" target=\"_blank\" rel=\"noopener\">Rese\u00f1a biogr\u00e1fica<\/a> en Wikipedia<\/li>\n<\/ul>\n<\/li>\n<\/ul>\n<\/li>\n<\/ul>\n<\/li>\n<\/ul>\n<ul><\/ul>\n<h4>C.2 La reflexi\u00f3n filos\u00f3fica en torno a la creaci\u00f3n<\/h4>\n<p>SABERES B\u00c1SICOS:<\/p>\n<p>&#8211; Definici\u00f3n, \u00e1mbitos y problemas de la est\u00e9tica: arte, belleza y gusto. La relaci\u00f3n de lo est\u00e9tico con otros \u00e1mbitos de la cultura. \u00c9tica y est\u00e9tica. El papel pol\u00edtico del arte.<br \/>&#8211; Teor\u00edas cl\u00e1sicas y modernas acerca de la belleza y el arte. Teor\u00edas y problemas est\u00e9ticos contempor\u00e1neos. La reflexi\u00f3n en torno a la imagen y la cultura audiovisual.<\/p>\n<p><strong>1. Tarea de partida: identificaci\u00f3n, descripci\u00f3n y registro de un bien patrimonial.<\/strong><\/p>\n<p>&#8211; elaboraci\u00f3n y edici\u00f3n digital de una \u00ab<a href=\"http:\/\/patrimonio.alospicos.com\/index.php\/2017\/01\/16\/hoja-de-registro-ejercicio\/\" target=\"_blank\" rel=\"noopener\"><strong>Hoja de registro<\/strong><\/a>\u00ab<\/p>\n<p><strong>2.\u00a0Concreciones:<\/strong><\/p>\n<p><strong>Fuente: Las razones del arte<\/strong>, de M. Onfray, Paid\u00f3s, Barcelona, 2023.<\/p>\n<p>&#8211; Origen y concepto del arte: de la prehistoria (culturas l\u00edticas: bifaces; arte paleol\u00edtico: pinturas rupestres, venus paleol\u00edticas) al arte contempor\u00e1neo: Andy Warhol y el Arte Pop (Sopa de tomate Campbell&#8217;s). Intento de una definici\u00f3n.<\/p>\n<p>&#8211; Plat\u00f3n: la idea y la belleza. \u00abEl barco ebrio\u00bb, poema de Rimbaud. La escultura griega: el espacio y el tiempo. Los romanos: la verdad detenida, vivida. La sonrisa arcaica.<\/p>\n<p>&#8211; Edad Media: de Constantino (s. IV, batalla del Puente Milvio, sobre Majencio, visi\u00f3n del crism\u00f3n) al Renacimiento (retrato de Simonetta Vespucci, de Boticcelli. Cristianismo: educar al que mira, no mirar: cristianizar. Nace la cultura judeocristiana sobre la Tor\u00e1: el \u00abMes\u00edas\u00bb ya ha nacido (en el s.I): es\u00bb Cristo\u00bb. Mil a\u00f1os de representaci\u00f3n dela ficci\u00f3n. Figura y biograf\u00eda de Cristo. Arte al servicio de esa representaci\u00f3n, sin m\u00fasica ni tearro, artes que incitan las pasiones. Concepto lineal del tiempo frente a la c\u00edclica grecolatina. Asistido por par\u00e1bolas, figuraci\u00f3n y alegor\u00edas.<\/p>\n<p>&#8211; Renacimiento: Piero di Cosimo: retrato de mujer (Simonetta Vespucci, de nuevo). El arte representa el mundo. Modernidad: retrato de Luis XIV (H. Rigaud), la simbolog\u00eda. Los materiales: p\u00farpura, el azul de ultramar, el oro, el armi\u00f1o, el zapato rojo, la flor de lis (revisten el poder). El canto del cisne de la trascendencia, la alegor\u00eda y el poder.<\/p>\n<p>&#8211; Inmanencia: los bodegones (Peras, nuez y vaso de vino), la materia en si. El paisaje pasa del segundo plano al primero. No m\u00e1s dioses, mitos ni reyes: tiempo profano. Pintura flamenca, la Reforma prohibe im\u00e1genes en las iglesias, aparecen en primer plano la naturaleza y el paisaje. \u00abLa raya\u00bb, de Chardin: aparece el oficio, \u00e1un no el pintor. Se firma a partir de la 2\u00aa mitad ddel XVIII<\/p>\n<p>&#8211; El trampantojo y la fotograf\u00eda. La historia de Zeuxis y Parrasio. El tiempo de la semejanza o sustituci\u00f3n de lo real. Ni\u00e9pce: Vista desde la ventana en Le Gras (1827), gr\u00e1nulos-impresionismo, planos-cubismo. Discusi\u00f3n: Fotograf\u00eda\/Arte. \u00bfY la luz en el Impresionismo?. Turner: Venecia y La Salute. O la Catedral de Rouen y Monet.<\/p>\n<p>&#8211; <a href=\"http:\/\/patrimonio.alospicos.com\/wp-content\/uploads\/2016\/09\/ElNacimientodelaTragedia.pdf\" target=\"_blank\" rel=\"noopener\">Lo dionis\u00edaco rompe lo apol\u00edneo<\/a>. Exposici\u00f3n en Munich, en 1937, de \u00abarte degenerado\u00bb (cubismo, dada\u00edsmo, futurismo, surrealismo, expresionismo e impresionismo; percibido como \u00abjudeobolchevique\u00bb por los nazis y \u00abpeque\u00f1o-burgu\u00e9s\u00bb en el \u00e1mbito comunista): se trataba del \u00abarte moderno\u00bb frente al \u00abarte heroico\u00bb (avalado por los nazis). La exposici\u00f3n propagad\u00edstica, con subt\u00edtulos redactados por Hitler, alud\u00edan a la \u201cobscenidad, locura, blasfemia y negritud de este arte\u201d, incluyendo estatuillas y obras de \u00abarte africano\u00bb percibido como \u00abprimitivo\u00bb. Arte Africano: un continente como adjetivo: m\u00e1scaras, estatuillas y una funcionalidad \u00abab-origen\u00bb.<\/p>\n<p>&#8211; La reacci\u00f3n: el Manifiesto futurista, Le Figaro, 20 feb 1909. Realismo Socialista en la URSS y realismo nacional-socialista en la Alemania Nazi. Cartel de El Acorazado Potempkin. Cartel de la pel\u00edcula Olympia, de Leni Riefenstahl (1938). En contraste con el arte degenerado: Georg Grosz: El superviviente.<\/p>\n<p>&#8211; La abstracci\u00f3n. Kandinsky (El oleo II, Puntos).\u00a0Arte conceptual: Duchamp, Fuente, 1964. Piero Manzoni (1961): Mierda de artista. Lo ic\u00e1onico: Picasso. El surrealismo: Dal\u00ed. Etc, etc.<\/p>\n<p>&#8211; Movimientos de arte contempor\u00e1neo: Art Brut, Arte Cin\u00e9tico, Arte conceptual, Arte Povera, Expresionismo Abstracto, Hiperrealismo, Informalismo<br \/>Land Art, Minimalismo, Nouveau R\u00e9alisme, Nueva Figuraci\u00f3n, Nuevo Realismo, Op-Art, Pop-Art, Postmodernidad, Realismo social, Street Art<\/p>\n<p>[\/et_pb_accordion_item][\/et_pb_accordion][\/et_pb_column_inner][\/et_pb_row_inner][et_pb_row_inner _builder_version=\u00bb4.21.0&#8243; _module_preset=\u00bbdefault\u00bb global_colors_info=\u00bb{}\u00bb][et_pb_column_inner saved_specialty_column_type=\u00bb3_4&#8243; _builder_version=\u00bb4.21.0&#8243; _module_preset=\u00bbdefault\u00bb global_colors_info=\u00bb{}\u00bb][\/et_pb_column_inner][\/et_pb_row_inner][\/et_pb_column][et_pb_column type=\u00bb1_4&#8243; _builder_version=\u00bb4.16&#8243; custom_padding=\u00bb|||\u00bb global_colors_info=\u00bb{}\u00bb parallax__hover=\u00bboff\u00bb parallax_method__hover=\u00bbon\u00bb custom_padding__hover=\u00bb|||\u00bb][et_pb_button button_url=\u00bb#\u00bb button_text=\u00bbPlan de Recuperaci\u00f3n\u00bb _builder_version=\u00bb4.22.1&#8243; _module_preset=\u00bbdefault\u00bb custom_button=\u00bbon\u00bb button_text_color=\u00bb#FFFFFF\u00bb button_bg_color=\u00bb#E02B20&#8243; global_colors_info=\u00bb{}\u00bb][\/et_pb_button][et_pb_accordion _builder_version=\u00bb4.23.1&#8243; _module_preset=\u00bbdefault\u00bb global_colors_info=\u00bb{}\u00bb][et_pb_accordion_item title=\u00bbCriterios 1\u00aa Ev.\u00bb open=\u00bbon\u00bb _builder_version=\u00bb4.23.1&#8243; _module_preset=\u00bbdefault\u00bb global_colors_info=\u00bb{}\u00bb]<\/p>\n<p><strong>Criterios y ponderaci\u00f3n: 1\u00aa Evaluaci\u00f3n<\/strong><\/p>\n<ul>\n<li>Competencia espec\u00edfica 2.1: Conocimiento pr\u00e1ctico de los procedimientos elementales de la investigaci\u00f3n filos\u00f3fica atrav\u00e9s de medios escritos:\u00a0<strong>Esquematizaci\u00f3n: 5% (de 15%)<\/strong><\/li>\n<li>Competencia espec\u00edfica 3.2. Detectar falacias y sesgos explicando su naturaleza y mecanismos:\u00a0<strong>Filosof\u00eda de la Sospecha (prueba): 2,5%.<\/strong><\/li>\n<li>Competencia espec\u00edfica 3.3. Respeto a la pluralidad y rechazo de toda actitud discriminatoria o arbitraria: <strong>Etnias y culturas.<\/strong>\u00a0<strong>Olas feministas (prueba): 2,5%.<\/strong><\/li>\n<li>Competencia espec\u00edfica 4.1. Intercambio de ideas a trav\u00e9s de la participaci\u00f3n en actividades grupales y el ejercicio del di\u00e1logo: <strong>Trabajo en clase: 5%<\/strong><\/li>\n<li>Competencia espec\u00edfica 6.1. Pensamiento filos\u00f3fico: identificaci\u00f3n y an\u00e1lisis de las principales ideas y teor\u00edas filos\u00f3ficas, poni\u00e9ndolas en relaci\u00f3n con experiencias, acciones o acontecimientos comunes y de actualidad. <strong>Plat\u00f3n, alegor\u00eda de La Caverna (prueba): 2,5%. Pel\u00edcula \u00abEl Agua\u00bb: 5%.<\/strong><\/li>\n<li>Competencia espec\u00edfica 6.2. Ydeas y teor\u00edas filos\u00f3ficas de algunos de los m\u00e1s importantes pensadores y pensadoras de la historia:\u00a0<strong>Presocr\u00e1ticos, Plat\u00f3n, Filosofia medieval, Teor\u00edas del Conocimiento en la Modernidad (prueba): 5% (de 7,5%)<\/strong><\/li>\n<li>Competencia espec\u00edfica 7.1. Afrontar cuestiones y problemas complejos de car\u00e1cter fundamental y de actualidad de modo interdisciplinar. <strong>La Filosof\u00eda en los siglos XX y XXI (prueba): 10%\u00a0<\/strong><\/li>\n<\/ul>\n<p>[\/et_pb_accordion_item][et_pb_accordion_item title=\u00bbCriterios 2\u00aa Ev.\u00bb _builder_version=\u00bb4.22.1&#8243; _module_preset=\u00bbdefault\u00bb global_colors_info=\u00bb{}\u00bb open=\u00bboff\u00bb]<\/p>\n<p><strong>Porcentajes 2\u00aa Evaluaci\u00f3n<\/strong><\/p>\n<ul>\n<li>10% Trabajo en clase<\/li>\n<li>10% Entrega del Trabajo de Investigaci\u00f3n<\/li>\n<\/ul>\n<p>[\/et_pb_accordion_item][et_pb_accordion_item title=\u00bbCriterios 3\u00aa Ev.\u00bb _builder_version=\u00bb4.22.1&#8243; _module_preset=\u00bbdefault\u00bb global_colors_info=\u00bb{}\u00bb open=\u00bboff\u00bb]<\/p>\n<ul>\n<li>Trabajo en clase: 10%<\/li>\n<\/ul>\n<p>&nbsp;<\/p>\n<p>[\/et_pb_accordion_item][\/et_pb_accordion][et_pb_blurb title=\u00bbRecursos\u00bb _builder_version=\u00bb4.24.3&#8243; background_size=\u00bbinitial\u00bb background_position=\u00bbtop_left\u00bb background_repeat=\u00bbrepeat\u00bb global_colors_info=\u00bb{}\u00bb]<\/p>\n<p><a href=\"http:\/\/patrimonio.alospicos.com\/wp-content\/uploads\/2024\/04\/2.-Logica-de-Clases.-Diagramas.pdf\">L\u00f3gica de Clases<\/a><\/p>\n<p><a href=\"http:\/\/patrimonio.alospicos.com\/wp-content\/uploads\/2019\/10\/Foto-y-video-para-las-Olimpiadas-datos.pdf\" target=\"_blank\" rel=\"noopener noreferrer\">Foto y video, Olimpiadas<\/a><\/p>\n<p><a href=\"http:\/\/patrimonio.alospicos.com\/index.php\/2019\/10\/02\/x-olimpiada-filosofica\/\" target=\"_blank\" rel=\"noopener noreferrer\">Olimpiada Filos\u00f3fica<\/a><\/p>\n<p><a href=\"http:\/\/patrimonio.alospicos.com\/wp-content\/uploads\/2023\/09\/Filosofos-y-Filosofas-en-el-tiempo.png\" target=\"_blank\" rel=\"noopener noreferrer\">Fil\u00f3sofos\/as en el tiempo<\/a><\/p>\n<p><a href=\"https:\/\/fradive.webs.ull.es\/historiacomparada\/03ateos\/practica3.html\" target=\"_blank\" rel=\"noopener noreferrer\">S\u00edsifo, Critias<\/a>\u00a0(obligatorio)<\/p>\n<p><a href=\"http:\/\/patrimonio.alospicos.com\/wp-content\/uploads\/2016\/09\/MitodelMinotauro.pdf\" target=\"_blank\" rel=\"noopener noreferrer\">El Minotauro y El Laberinto<\/a> (obligatorio)<\/p>\n<p><a href=\"http:\/\/patrimonio.alospicos.com\/wp-content\/uploads\/2016\/09\/ApolineoyDionisiaco.pdf\" target=\"_blank\" rel=\"noopener noreferrer\">Apol\u00edneo y dionis\u00edaco<\/a>\u00a0(opcional Artes)<\/p>\n<p><a href=\"http:\/\/patrimonio.alospicos.com\/wp-content\/uploads\/2016\/09\/ElNacimientodelaTragedia.pdf\" target=\"_blank\" rel=\"noopener noreferrer\">El Nacimiento de la Tragedia<\/a>\u00a0(opcional Artes)<\/p>\n<p><a href=\"http:\/\/patrimonio.alospicos.com\/wp-content\/uploads\/2016\/09\/FilosofiadelaSospechaprofundizacion.pdf\" target=\"_blank\" rel=\"noopener noreferrer\">Filosof\u00eda de la Sospecha<\/a> (opcional Todos los Bach.)<\/p>\n<p><a href=\"http:\/\/patrimonio.alospicos.com\/wp-content\/uploads\/2016\/09\/FisicayFilosofia.pdf\" target=\"_blank\" rel=\"noopener noreferrer\">F\u00edsica y Filosof\u00eda<\/a> (opcional Cient\u00edfico,Tecnol\u00f3gico)<\/p>\n<p>[\/et_pb_blurb][et_pb_button button_url=&quot;http:\/\/patrimonio.alospicos.com\/index.php\/trabajo-de-curso\/&quot; button_text=&quot;Trabajos, normas&quot; button_alignment=&quot;left&quot; _builder_version=&quot;4.16&quot; custom_button=&quot;on&quot; button_text_size=&quot;14&quot; global_colors_info=&quot;{}&quot; button_text_size__hover_enabled=&quot;off&quot; button_text_size__hover=&quot;null&quot; button_one_text_size__hover_enabled=&quot;off&quot; button_one_text_size__hover=&quot;null&quot; button_two_text_size__hover_enabled=&quot;off&quot; button_two_text_size__hover=&quot;null&quot; button_text_color__hover_enabled=&quot;off&quot; button_text_color__hover=&quot;null&quot; button_one_text_color__hover_enabled=&quot;off&quot; button_one_text_color__hover=&quot;null&quot; button_two_text_color__hover_enabled=&quot;off&quot; button_two_text_color__hover=&quot;null&quot; button_border_width__hover_enabled=&quot;off&quot; button_border_width__hover=&quot;null&quot; button_one_border_width__hover_enabled=&quot;off&quot; button_one_border_width__hover=&quot;null&quot; button_two_border_width__hover_enabled=&quot;off&quot; button_two_border_width__hover=&quot;null&quot; button_border_color__hover_enabled=&quot;off&quot; button_border_color__hover=&quot;null&quot; button_one_border_color__hover_enabled=&quot;off&quot; button_one_border_color__hover=&quot;null&quot; button_two_border_color__hover_enabled=&quot;off&quot; button_two_border_color__hover=&quot;null&quot; button_border_radius__hover_enabled=&quot;off&quot; button_border_radius__hover=&quot;null&quot; button_one_border_radius__hover_enabled=&quot;off&quot; button_one_border_radius__hover=&quot;null&quot; button_two_border_radius__hover_enabled=&quot;off&quot; button_two_border_radius__hover=&quot;null&quot; button_letter_spacing__hover_enabled=&quot;off&quot; button_letter_spacing__hover=&quot;null&quot; button_one_letter_spacing__hover_enabled=&quot;off&quot; button_one_letter_spacing__hover=&quot;null&quot; button_two_letter_spacing__hover_enabled=&quot;off&quot; button_two_letter_spacing__hover=&quot;null&quot; button_bg_color__hover_enabled=&quot;off&quot; button_bg_color__hover=&quot;null&quot; button_one_bg_color__hover_enabled=&quot;off&quot; button_one_bg_color__hover=&quot;null&quot; button_two_bg_color__hover_enabled=&quot;off&quot; button_two_bg_color__hover=&quot;null&quot;]<\/p>\n<p>\n&nbsp;<\/p>\n<p>[\/et_pb_button][et_pb_button button_url=&quot;http:\/\/patrimonio.alospicos.com\/wp-content\/uploads\/2017\/06\/Filosofia-rec-global-minimos-1617.pdf&quot; url_new_window=&quot;on&quot; button_text=&quot;Contenidos m\u00ednimos&quot; button_alignment=&quot;left&quot; _builder_version=&quot;4.16&quot; custom_button=&quot;on&quot; button_text_size=&quot;14&quot; global_colors_info=&quot;{}&quot; button_text_size__hover_enabled=&quot;off&quot; button_text_size__hover=&quot;null&quot; button_one_text_size__hover_enabled=&quot;off&quot; button_one_text_size__hover=&quot;null&quot; button_two_text_size__hover_enabled=&quot;off&quot; button_two_text_size__hover=&quot;null&quot; button_text_color__hover_enabled=&quot;off&quot; button_text_color__hover=&quot;null&quot; button_one_text_color__hover_enabled=&quot;off&quot; button_one_text_color__hover=&quot;null&quot; button_two_text_color__hover_enabled=&quot;off&quot; button_two_text_color__hover=&quot;null&quot; button_border_width__hover_enabled=&quot;off&quot; button_border_width__hover=&quot;null&quot; button_one_border_width__hover_enabled=&quot;off&quot; button_one_border_width__hover=&quot;null&quot; button_two_border_width__hover_enabled=&quot;off&quot; button_two_border_width__hover=&quot;null&quot; button_border_color__hover_enabled=&quot;off&quot; button_border_color__hover=&quot;null&quot; button_one_border_color__hover_enabled=&quot;off&quot; button_one_border_color__hover=&quot;null&quot; button_two_border_color__hover_enabled=&quot;off&quot; button_two_border_color__hover=&quot;null&quot; button_border_radius__hover_enabled=&quot;off&quot; button_border_radius__hover=&quot;null&quot; button_one_border_radius__hover_enabled=&quot;off&quot; button_one_border_radius__hover=&quot;null&quot; button_two_border_radius__hover_enabled=&quot;off&quot; button_two_border_radius__hover=&quot;null&quot; button_letter_spacing__hover_enabled=&quot;off&quot; button_letter_spacing__hover=&quot;null&quot; button_one_letter_spacing__hover_enabled=&quot;off&quot; button_one_letter_spacing__hover=&quot;null&quot; button_two_letter_spacing__hover_enabled=&quot;off&quot; button_two_letter_spacing__hover=&quot;null&quot; button_bg_color__hover_enabled=&quot;off&quot; button_bg_color__hover=&quot;null&quot; button_one_bg_color__hover_enabled=&quot;off&quot; button_one_bg_color__hover=&quot;null&quot; button_two_bg_color__hover_enabled=&quot;off&quot; button_two_bg_color__hover=&quot;null&quot;]<\/p>\n<p>\n&nbsp;<\/p>\n<p>[\/et_pb_button][et_pb_counters _builder_version=&quot;4.16&quot; custom_padding=&quot;|||&quot; custom_padding_tablet=&quot;|||&quot; custom_padding_phone=&quot;|||&quot; custom_padding_last_edited=&quot;off|desktop&quot; global_colors_info=&quot;{}&quot;][et_pb_counter percent=&quot;25&quot; _builder_version=&quot;4.16&quot; background_enable_video_mp4=&quot;on&quot; background_enable_video_webm=&quot;on&quot; global_colors_info=&quot;{}&quot; bar_background_color_default=&quot;#7EBEC5&quot; use_percentages=&quot;on&quot;] 1\u00aa Evaluaci\u00f3n [\/et_pb_counter][et_pb_counter percent=&quot;25&quot; _builder_version=&quot;4.16&quot; background_enable_video_mp4=&quot;on&quot; background_enable_video_webm=&quot;on&quot; global_colors_info=&quot;{}&quot; bar_background_color_default=&quot;#7EBEC5&quot; use_percentages=&quot;on&quot;] 2\u00aa Evaluaci\u00f3n [\/et_pb_counter][et_pb_counter percent=&quot;25&quot; _builder_version=&quot;4.16&quot; background_enable_video_mp4=&quot;on&quot; background_enable_video_webm=&quot;on&quot; global_colors_info=&quot;{}&quot; bar_background_color_default=&quot;#7EBEC5&quot; use_percentages=&quot;on&quot;] 3\u00aa Evaluaci\u00f3n [\/et_pb_counter][et_pb_counter percent=&quot;25&quot; _builder_version=&quot;4.16&quot; background_enable_video_mp4=&quot;on&quot; background_enable_video_webm=&quot;on&quot; global_colors_info=&quot;{}&quot; bar_background_color_default=&quot;#7EBEC5&quot; use_percentages=&quot;on&quot;] Trabajo de Inv. en plazo y forma [\/et_pb_counter][\/et_pb_counters][et_pb_audio audio=&quot;http:\/\/patrimonio.alospicos.com\/wp-content\/uploads\/2017\/10\/DesesperacionDeSocratesanosostros-FacultadFilosofiaUniversidadBarcelona-3-12-2007.mp3&quot; title=&quot;Desesperaci\u00f3n de S\u00f3crates&quot; artist_name=&quot;Agust\u00edn G\u00aa Calvo&quot; album_name=&quot;(Comienza en minuto 14)&quot; image_url=&quot;http:\/\/patrimonio.alospicos.com\/wp-content\/uploads\/2017\/10\/Agust%C3%ADn-G-Calvo.jpg&quot; _builder_version=&quot;4.16&quot; global_colors_info=&quot;{}&quot;]<\/p>\n<p>\n&nbsp;<\/p>\n<p>[\/et_pb_audio][\/et_pb_column][\/et_pb_section]<\/p>\n","protected":false},"excerpt":{"rendered":"<p>[et_pb_section fb_built=\u00bb1&#8243; inner_shadow=\u00bbon\u00bb fullwidth=\u00bbon\u00bb custom_padding_last_edited=\u00bbon|desktop\u00bb admin_label=\u00bbsection\u00bb _builder_version=\u00bb4.27.0&#8243; background_color=\u00bb#94a6bf\u00bb custom_padding_tablet=\u00bb50px|0|50px|0&#8243; custom_padding_phone=\u00bb\u00bb hover_enabled=\u00bb0&#8243; padding_mobile=\u00bboff\u00bb global_colors_info=\u00bb{}\u00bb sticky_enabled=\u00bb0&#8243;][et_pb_fullwidth_header title=\u00bbFilosof\u00eda 2023-2024&#8243; subhead=\u00bb1\u00ba de Bachillerato\u00bb admin_label=\u00bbFullwidth Header\u00bb _builder_version=\u00bb4.22.1&#8243; background_color=\u00bbrgba(255, 255, 255, 0)\u00bb link_option_url_new_window=\u00bbon\u00bb global_colors_info=\u00bb{}\u00bb button_one_text_size__hover_enabled=\u00bboff\u00bb button_one_text_size__hover=\u00bbnull\u00bb button_two_text_size__hover_enabled=\u00bboff\u00bb button_two_text_size__hover=\u00bbnull\u00bb button_one_text_color__hover_enabled=\u00bboff\u00bb button_one_text_color__hover=\u00bbnull\u00bb button_two_text_color__hover_enabled=\u00bboff\u00bb button_two_text_color__hover=\u00bbnull\u00bb button_one_border_width__hover_enabled=\u00bboff\u00bb button_one_border_width__hover=\u00bbnull\u00bb button_two_border_width__hover_enabled=\u00bboff\u00bb button_two_border_width__hover=\u00bbnull\u00bb button_one_border_color__hover_enabled=\u00bboff\u00bb button_one_border_color__hover=\u00bbnull\u00bb button_two_border_color__hover_enabled=\u00bboff\u00bb button_two_border_color__hover=\u00bbnull\u00bb button_one_border_radius__hover_enabled=\u00bboff\u00bb button_one_border_radius__hover=\u00bbnull\u00bb button_two_border_radius__hover_enabled=\u00bboff\u00bb button_two_border_radius__hover=\u00bbnull\u00bb button_one_letter_spacing__hover_enabled=\u00bboff\u00bb button_one_letter_spacing__hover=\u00bbnull\u00bb button_two_letter_spacing__hover_enabled=\u00bboff\u00bb button_two_letter_spacing__hover=\u00bbnull\u00bb button_one_bg_color__hover_enabled=\u00bboff\u00bb button_one_bg_color__hover=\u00bbnull\u00bb button_two_bg_color__hover_enabled=\u00bboff\u00bb [&hellip;]<\/p>\n","protected":false},"author":1,"featured_media":0,"parent":0,"menu_order":0,"comment_status":"closed","ping_status":"closed","template":"","meta":{"_et_pb_use_builder":"on","_et_pb_old_content":"","_et_gb_content_width":"","footnotes":""},"class_list":["post-6632","page","type-page","status-publish","hentry"],"_links":{"self":[{"href":"https:\/\/patrimonio.alospicos.com\/index.php\/wp-json\/wp\/v2\/pages\/6632","targetHints":{"allow":["GET"]}}],"collection":[{"href":"https:\/\/patrimonio.alospicos.com\/index.php\/wp-json\/wp\/v2\/pages"}],"about":[{"href":"https:\/\/patrimonio.alospicos.com\/index.php\/wp-json\/wp\/v2\/types\/page"}],"author":[{"embeddable":true,"href":"https:\/\/patrimonio.alospicos.com\/index.php\/wp-json\/wp\/v2\/users\/1"}],"replies":[{"embeddable":true,"href":"https:\/\/patrimonio.alospicos.com\/index.php\/wp-json\/wp\/v2\/comments?post=6632"}],"version-history":[{"count":0,"href":"https:\/\/patrimonio.alospicos.com\/index.php\/wp-json\/wp\/v2\/pages\/6632\/revisions"}],"wp:attachment":[{"href":"https:\/\/patrimonio.alospicos.com\/index.php\/wp-json\/wp\/v2\/media?parent=6632"}],"curies":[{"name":"wp","href":"https:\/\/api.w.org\/{rel}","templated":true}]}}